{"id":2917,"date":"2021-09-28T19:39:24","date_gmt":"2021-09-29T00:39:24","guid":{"rendered":"https:\/\/forvalour.ca\/?page_id=2917"},"modified":"2023-02-14T13:15:58","modified_gmt":"2023-02-14T19:15:58","slug":"phototheque","status":"publish","type":"page","link":"https:\/\/forvalour.ca\/fr\/mcleod\/phototheque\/","title":{"rendered":"Phototh\u00e8que"},"content":{"rendered":"\n<h4 class=\"wp-block-heading\">G\u00e9n\u00e9rales<\/h4>\n\n\n\n<div class=\"wp-block-envira-envira-gallery\"><div id=\"envira-gallery-wrap-3321\" class=\"envira-default-gallery envira-gallery-wrap envira-lazy-loading-enabled envira-layout-automatic\" itemscope itemtype=\"https:\/\/schema.org\/ImageGallery\"><div class=\"envira-loader\"><div><\/div><div><\/div><div><\/div><div><\/div><\/div><div id=\"envira-gallery-3321\" class=\"envira-gallery-public envira-gallery-0-columns envira-clear envira-gallery-justified-public\" data-envira-id=\"3321\" data-gallery-config='{\"type\":\"default\",\"layout\":\"automatic\",\"columns\":\"0\",\"gallery_theme\":\"base\",\"justified_margins\":5,\"justified_last_row\":\"nojustify\",\"lazy_loading\":1,\"lazy_loading_delay\":500,\"gutter\":5,\"margin\":5,\"image_size\":\"default\",\"square_size\":300,\"crop_width\":640,\"crop_height\":480,\"crop\":0,\"crop_position\":\"c\",\"additional_copy_0\":0,\"additional_copy_title\":0,\"additional_copy_caption\":0,\"additional_copy_title_caption\":0,\"additional_copy_0_mobile\":0,\"additional_copy_title_mobile\":0,\"additional_copy_caption_mobile\":0,\"additional_copy_title_caption_mobile\":0,\"gallery_column_title_caption\":\"0\",\"gallery_column_title_caption_mobile\":\"0\",\"additional_copy_automatic_0\":0,\"additional_copy_automatic_title\":0,\"additional_copy_automatic_caption\":0,\"additional_copy_automatic_title_caption\":0,\"additional_copy_automatic_0_mobile\":0,\"additional_copy_automatic_title_mobile\":0,\"additional_copy_automatic_caption_mobile\":0,\"additional_copy_automatic_title_caption_mobile\":0,\"gallery_automatic_title_caption\":\"0\",\"gallery_automatic_title_caption_mobile\":\"0\",\"justified_row_height\":150,\"description_position\":\"0\",\"description\":\"\",\"random\":\"0\",\"sort_order\":\"0\",\"sorting_direction\":\"ASC\",\"image_sizes_random\":[],\"isotope\":0,\"lightbox_enabled\":0,\"gallery_link_enabled\":1,\"lightbox_theme\":\"base_dark\",\"lightbox_image_size\":\"default\",\"title_display\":\"float\",\"lightbox_title_caption\":\"title\",\"arrows\":1,\"arrows_position\":\"inside\",\"toolbar\":0,\"toolbar_title\":0,\"toolbar_position\":\"top\",\"loop\":1,\"lightbox_open_close_effect\":\"fade\",\"effect\":\"fade\",\"supersize\":0,\"thumbnails_toggle\":0,\"thumbnails_hide\":0,\"image_counter\":0,\"thumbnails\":0,\"thumbnails_width\":\"auto\",\"thumbnails_height\":\"auto\",\"thumbnails_position\":\"bottom\",\"thumbnails_custom_size\":0,\"mobile\":0,\"mobile_width\":320,\"mobile_height\":240,\"mobile_lightbox\":0,\"mobile_gallery_link_enabled\":1,\"mobile_arrows\":1,\"mobile_toolbar\":1,\"mobile_thumbnails\":0,\"mobile_touchwipe_close\":1,\"mobile_thumbnails_width\":75,\"mobile_thumbnails_height\":50,\"mobile_justified_row_height\":80,\"keyboard\":true,\"standalone_template\":\"\",\"classes\":[\"envira-default-gallery\"],\"rtl\":0,\"slug\":\"alan-mcleod-phototheque-generales\",\"fullscreen\":0,\"open_fullscreen\":0,\"zoom\":0,\"zoom_hover\":0,\"zoom_position\":\"upper-left\",\"zoom_type\":\"basic\",\"zoom_effect\":\"fade-in\",\"zoom_lens_shape\":\"round\",\"zoom_lens_cursor\":1,\"zoom_window_size\":\"medium\",\"zoom_tint_color\":\"\",\"zoom_tint_color_opacity\":\"25\",\"zoom_mousewheel\":0,\"zoom_size\":200,\"mobile_zoom\":0,\"title\":\"\",\"justified_gallery_theme\":\"normal\",\"justified_gallery_theme_detail\":\"\",\"display_description\":0,\"dimensions\":0,\"css_animations\":1,\"css_opacity\":100,\"mousewheel\":1,\"aspect\":1,\"html5\":0,\"mobile_touchwipe\":1,\"gallery_id\":\"3321\"}' data-gallery-images='[{\"status\":\"active\",\"src\":\"https:\\\/\\\/forvalour.ca\\\/wp-content\\\/uploads\\\/2021\\\/09\\\/mcleod-040.jpg\",\"title\":\"Alan McLeod (deuxi&egrave;me depuis la gauche) avec des coll&egrave;gues pilotes - 2e escadrille RAF\",\"link\":\"https:\\\/\\\/forvalour.ca\\\/wp-content\\\/uploads\\\/2021\\\/09\\\/mcleod-040.jpg\",\"alt\":\"Alan McLeod avec des coll&egrave;gues pilotes\",\"caption\":\"Alan McLeod (deuxi&egrave;me depuis la gauche) avec des coll&egrave;gues pilotes - 2e escadrille RAF\",\"thumb\":\"https:\\\/\\\/forvalour.ca\\\/wp-content\\\/uploads\\\/2021\\\/09\\\/mcleod-040-75x50_c.jpg\",\"meta\":{\"aperture\":null,\"credit\":null,\"camera\":null,\"caption\":\"\",\"created_timestamp\":null,\"copyright\":null,\"focal_length\":null,\"iso\":null,\"shutter_speed\":null,\"title\":\"\",\"orientation\":null,\"keywords\":null},\"thumbnail\":\"https:\\\/\\\/forvalour.ca\\\/wp-content\\\/uploads\\\/2021\\\/09\\\/mcleod-040-150x100.jpg\",\"medium\":\"https:\\\/\\\/forvalour.ca\\\/wp-content\\\/uploads\\\/2021\\\/09\\\/mcleod-040-300x185.jpg\",\"medium_large\":\"https:\\\/\\\/forvalour.ca\\\/wp-content\\\/uploads\\\/2021\\\/09\\\/mcleod-040.jpg\",\"large\":\"https:\\\/\\\/forvalour.ca\\\/wp-content\\\/uploads\\\/2021\\\/09\\\/mcleod-040.jpg\",\"1536x1536\":\"https:\\\/\\\/forvalour.ca\\\/wp-content\\\/uploads\\\/2021\\\/09\\\/mcleod-040.jpg\",\"2048x2048\":\"https:\\\/\\\/forvalour.ca\\\/wp-content\\\/uploads\\\/2021\\\/09\\\/mcleod-040.jpg\",\"gform-image-choice-sm\":\"https:\\\/\\\/forvalour.ca\\\/wp-content\\\/uploads\\\/2021\\\/09\\\/mcleod-040.jpg\",\"gform-image-choice-md\":\"https:\\\/\\\/forvalour.ca\\\/wp-content\\\/uploads\\\/2021\\\/09\\\/mcleod-040.jpg\",\"gform-image-choice-lg\":\"https:\\\/\\\/forvalour.ca\\\/wp-content\\\/uploads\\\/2021\\\/09\\\/mcleod-040.jpg\",\"full\":\"https:\\\/\\\/forvalour.ca\\\/wp-content\\\/uploads\\\/2021\\\/09\\\/mcleod-040.jpg\",\"index\":0,\"id\":2463,\"video\":false,\"opts\":{\"caption\":\"Alan McLeod (deuxi&egrave;me depuis la gauche) avec des coll&egrave;gues pilotes - 2e escadrille RAF\",\"thumb\":\"https:\\\/\\\/forvalour.ca\\\/wp-content\\\/uploads\\\/2021\\\/09\\\/mcleod-040-75x50_c.jpg\",\"title\":\"Alan McLeod (deuxi&egrave;me depuis la gauche) avec des coll&egrave;gues pilotes - 2e escadrille RAF\"},\"gallery_id\":\"3321\"},{\"status\":\"active\",\"src\":\"https:\\\/\\\/forvalour.ca\\\/wp-content\\\/uploads\\\/2021\\\/09\\\/mcleod-041.jpg\",\"title\":\"Alan McLeod dans un lit d&#039;h&ocirc;pital - Anciens Combattants Canada\",\"link\":\"https:\\\/\\\/forvalour.ca\\\/wp-content\\\/uploads\\\/2021\\\/09\\\/mcleod-041.jpg\",\"alt\":\"Alan McLeod dans un lit d&#039;h&ocirc;pital\",\"caption\":\"Alan McLeod dans un lit d&#39;h&ocirc;pital - Anciens Combattants Canada\",\"thumb\":\"https:\\\/\\\/forvalour.ca\\\/wp-content\\\/uploads\\\/2021\\\/09\\\/mcleod-041-75x50_c.jpg\",\"meta\":{\"aperture\":null,\"credit\":null,\"camera\":null,\"caption\":\"\",\"created_timestamp\":null,\"copyright\":null,\"focal_length\":null,\"iso\":null,\"shutter_speed\":null,\"title\":\"\",\"orientation\":null,\"keywords\":null},\"thumbnail\":\"https:\\\/\\\/forvalour.ca\\\/wp-content\\\/uploads\\\/2021\\\/09\\\/mcleod-041-150x100.jpg\",\"medium\":\"https:\\\/\\\/forvalour.ca\\\/wp-content\\\/uploads\\\/2021\\\/09\\\/mcleod-041-300x191.jpg\",\"medium_large\":\"https:\\\/\\\/forvalour.ca\\\/wp-content\\\/uploads\\\/2021\\\/09\\\/mcleod-041.jpg\",\"large\":\"https:\\\/\\\/forvalour.ca\\\/wp-content\\\/uploads\\\/2021\\\/09\\\/mcleod-041.jpg\",\"1536x1536\":\"https:\\\/\\\/forvalour.ca\\\/wp-content\\\/uploads\\\/2021\\\/09\\\/mcleod-041.jpg\",\"2048x2048\":\"https:\\\/\\\/forvalour.ca\\\/wp-content\\\/uploads\\\/2021\\\/09\\\/mcleod-041.jpg\",\"gform-image-choice-sm\":\"https:\\\/\\\/forvalour.ca\\\/wp-content\\\/uploads\\\/2021\\\/09\\\/mcleod-041.jpg\",\"gform-image-choice-md\":\"https:\\\/\\\/forvalour.ca\\\/wp-content\\\/uploads\\\/2021\\\/09\\\/mcleod-041.jpg\",\"gform-image-choice-lg\":\"https:\\\/\\\/forvalour.ca\\\/wp-content\\\/uploads\\\/2021\\\/09\\\/mcleod-041.jpg\",\"full\":\"https:\\\/\\\/forvalour.ca\\\/wp-content\\\/uploads\\\/2021\\\/09\\\/mcleod-041.jpg\",\"index\":1,\"id\":2466,\"video\":false,\"opts\":{\"caption\":\"Alan McLeod dans un lit d&#39;h&ocirc;pital - Anciens Combattants Canada\",\"thumb\":\"https:\\\/\\\/forvalour.ca\\\/wp-content\\\/uploads\\\/2021\\\/09\\\/mcleod-041-75x50_c.jpg\",\"title\":\"Alan McLeod dans un lit d&#039;h&ocirc;pital - Anciens Combattants Canada\"},\"gallery_id\":\"3321\"},{\"status\":\"active\",\"src\":\"https:\\\/\\\/forvalour.ca\\\/wp-content\\\/uploads\\\/2021\\\/09\\\/mcleod-045.jpg\",\"title\":\"Alan McLeod en tenue militaire officielle - L&eacute;gion de Stonewall\",\"link\":\"https:\\\/\\\/forvalour.ca\\\/wp-content\\\/uploads\\\/2021\\\/09\\\/mcleod-045.jpg\",\"alt\":\"Alan McLeod en tenue militaire officielle\",\"caption\":\"Alan McLeod en tenue militaire officielle - L&eacute;gion de Stonewall\",\"thumb\":\"https:\\\/\\\/forvalour.ca\\\/wp-content\\\/uploads\\\/2021\\\/09\\\/mcleod-045-75x50_c.jpg\",\"meta\":{\"aperture\":null,\"credit\":null,\"camera\":null,\"caption\":\"\",\"created_timestamp\":null,\"copyright\":null,\"focal_length\":null,\"iso\":null,\"shutter_speed\":null,\"title\":\"\",\"orientation\":null,\"keywords\":null},\"thumbnail\":\"https:\\\/\\\/forvalour.ca\\\/wp-content\\\/uploads\\\/2021\\\/09\\\/mcleod-045-150x100.jpg\",\"medium\":\"https:\\\/\\\/forvalour.ca\\\/wp-content\\\/uploads\\\/2021\\\/09\\\/mcleod-045-190x300.jpg\",\"medium_large\":\"https:\\\/\\\/forvalour.ca\\\/wp-content\\\/uploads\\\/2021\\\/09\\\/mcleod-045.jpg\",\"large\":\"https:\\\/\\\/forvalour.ca\\\/wp-content\\\/uploads\\\/2021\\\/09\\\/mcleod-045.jpg\",\"1536x1536\":\"https:\\\/\\\/forvalour.ca\\\/wp-content\\\/uploads\\\/2021\\\/09\\\/mcleod-045.jpg\",\"2048x2048\":\"https:\\\/\\\/forvalour.ca\\\/wp-content\\\/uploads\\\/2021\\\/09\\\/mcleod-045.jpg\",\"gform-image-choice-sm\":\"https:\\\/\\\/forvalour.ca\\\/wp-content\\\/uploads\\\/2021\\\/09\\\/mcleod-045.jpg\",\"gform-image-choice-md\":\"https:\\\/\\\/forvalour.ca\\\/wp-content\\\/uploads\\\/2021\\\/09\\\/mcleod-045.jpg\",\"gform-image-choice-lg\":\"https:\\\/\\\/forvalour.ca\\\/wp-content\\\/uploads\\\/2021\\\/09\\\/mcleod-045.jpg\",\"full\":\"https:\\\/\\\/forvalour.ca\\\/wp-content\\\/uploads\\\/2021\\\/09\\\/mcleod-045.jpg\",\"index\":2,\"id\":2468,\"video\":false,\"opts\":{\"caption\":\"Alan McLeod en tenue militaire officielle - L&eacute;gion de Stonewall\",\"thumb\":\"https:\\\/\\\/forvalour.ca\\\/wp-content\\\/uploads\\\/2021\\\/09\\\/mcleod-045-75x50_c.jpg\",\"title\":\"Alan McLeod en tenue militaire officielle - L&eacute;gion de Stonewall\"},\"gallery_id\":\"3321\"},{\"status\":\"active\",\"src\":\"https:\\\/\\\/forvalour.ca\\\/wp-content\\\/uploads\\\/2021\\\/09\\\/mcleod-046.jpg\",\"title\":\"Observateur de la Premi&egrave;re Guerre mondiale - Service historique et patrimoine de la force a&eacute;rienne\",\"link\":\"https:\\\/\\\/forvalour.ca\\\/wp-content\\\/uploads\\\/2021\\\/09\\\/mcleod-046.jpg\",\"alt\":\"Observateur de la Premi&egrave;re Guerre mondiale\",\"caption\":\"Observateur de la Premi&egrave;re Guerre mondiale - Service historique et patrimoine de la force a&eacute;rienne\",\"thumb\":\"https:\\\/\\\/forvalour.ca\\\/wp-content\\\/uploads\\\/2021\\\/09\\\/mcleod-046-75x50_c.jpg\",\"meta\":{\"aperture\":null,\"credit\":null,\"camera\":null,\"caption\":\"\",\"created_timestamp\":null,\"copyright\":null,\"focal_length\":null,\"iso\":null,\"shutter_speed\":null,\"title\":\"\",\"orientation\":\"1\",\"keywords\":null},\"thumbnail\":\"https:\\\/\\\/forvalour.ca\\\/wp-content\\\/uploads\\\/2021\\\/09\\\/mcleod-046-150x100.jpg\",\"medium\":\"https:\\\/\\\/forvalour.ca\\\/wp-content\\\/uploads\\\/2021\\\/09\\\/mcleod-046-300x172.jpg\",\"medium_large\":\"https:\\\/\\\/forvalour.ca\\\/wp-content\\\/uploads\\\/2021\\\/09\\\/mcleod-046-768x440.jpg\",\"large\":\"https:\\\/\\\/forvalour.ca\\\/wp-content\\\/uploads\\\/2021\\\/09\\\/mcleod-046-1024x586.jpg\",\"1536x1536\":\"https:\\\/\\\/forvalour.ca\\\/wp-content\\\/uploads\\\/2021\\\/09\\\/mcleod-046.jpg\",\"2048x2048\":\"https:\\\/\\\/forvalour.ca\\\/wp-content\\\/uploads\\\/2021\\\/09\\\/mcleod-046.jpg\",\"gform-image-choice-sm\":\"https:\\\/\\\/forvalour.ca\\\/wp-content\\\/uploads\\\/2021\\\/09\\\/mcleod-046.jpg\",\"gform-image-choice-md\":\"https:\\\/\\\/forvalour.ca\\\/wp-content\\\/uploads\\\/2021\\\/09\\\/mcleod-046.jpg\",\"gform-image-choice-lg\":\"https:\\\/\\\/forvalour.ca\\\/wp-content\\\/uploads\\\/2021\\\/09\\\/mcleod-046.jpg\",\"full\":\"https:\\\/\\\/forvalour.ca\\\/wp-content\\\/uploads\\\/2021\\\/09\\\/mcleod-046.jpg\",\"index\":3,\"id\":2471,\"video\":false,\"opts\":{\"caption\":\"Observateur de la Premi&egrave;re Guerre mondiale - Service historique et patrimoine de la force a&eacute;rienne\",\"thumb\":\"https:\\\/\\\/forvalour.ca\\\/wp-content\\\/uploads\\\/2021\\\/09\\\/mcleod-046-75x50_c.jpg\",\"title\":\"Observateur de la Premi&egrave;re Guerre mondiale - Service historique et patrimoine de la force a&eacute;rienne\"},\"gallery_id\":\"3321\"},{\"status\":\"active\",\"src\":\"https:\\\/\\\/forvalour.ca\\\/wp-content\\\/uploads\\\/2021\\\/09\\\/mcleod-047.jpg\",\"title\":\"M&eacute;dailles d&#039;Alan McLeod - Le Mus&eacute;e canadien de la guerre\",\"link\":\"https:\\\/\\\/forvalour.ca\\\/wp-content\\\/uploads\\\/2021\\\/09\\\/mcleod-047.jpg\",\"alt\":\"M&eacute;dailles d&#039;Alan McLeod\",\"caption\":\"M&eacute;dailles d&#39;Alan McLeod - Le Mus&eacute;e canadien de la guerre\",\"thumb\":\"https:\\\/\\\/forvalour.ca\\\/wp-content\\\/uploads\\\/2021\\\/09\\\/mcleod-047-75x50_c.jpg\",\"meta\":{\"aperture\":null,\"credit\":null,\"camera\":null,\"caption\":\"\",\"created_timestamp\":null,\"copyright\":null,\"focal_length\":null,\"iso\":null,\"shutter_speed\":null,\"title\":\"\",\"orientation\":null,\"keywords\":null},\"thumbnail\":\"https:\\\/\\\/forvalour.ca\\\/wp-content\\\/uploads\\\/2021\\\/09\\\/mcleod-047-150x100.jpg\",\"medium\":\"https:\\\/\\\/forvalour.ca\\\/wp-content\\\/uploads\\\/2021\\\/09\\\/mcleod-047-300x200.jpg\",\"medium_large\":\"https:\\\/\\\/forvalour.ca\\\/wp-content\\\/uploads\\\/2021\\\/09\\\/mcleod-047.jpg\",\"large\":\"https:\\\/\\\/forvalour.ca\\\/wp-content\\\/uploads\\\/2021\\\/09\\\/mcleod-047.jpg\",\"1536x1536\":\"https:\\\/\\\/forvalour.ca\\\/wp-content\\\/uploads\\\/2021\\\/09\\\/mcleod-047.jpg\",\"2048x2048\":\"https:\\\/\\\/forvalour.ca\\\/wp-content\\\/uploads\\\/2021\\\/09\\\/mcleod-047.jpg\",\"gform-image-choice-sm\":\"https:\\\/\\\/forvalour.ca\\\/wp-content\\\/uploads\\\/2021\\\/09\\\/mcleod-047.jpg\",\"gform-image-choice-md\":\"https:\\\/\\\/forvalour.ca\\\/wp-content\\\/uploads\\\/2021\\\/09\\\/mcleod-047.jpg\",\"gform-image-choice-lg\":\"https:\\\/\\\/forvalour.ca\\\/wp-content\\\/uploads\\\/2021\\\/09\\\/mcleod-047.jpg\",\"full\":\"https:\\\/\\\/forvalour.ca\\\/wp-content\\\/uploads\\\/2021\\\/09\\\/mcleod-047.jpg\",\"index\":4,\"id\":2473,\"video\":false,\"opts\":{\"caption\":\"M&eacute;dailles d&#39;Alan McLeod - Le Mus&eacute;e canadien de la guerre\",\"thumb\":\"https:\\\/\\\/forvalour.ca\\\/wp-content\\\/uploads\\\/2021\\\/09\\\/mcleod-047-75x50_c.jpg\",\"title\":\"M&eacute;dailles d&#039;Alan McLeod - Le Mus&eacute;e canadien de la guerre\"},\"gallery_id\":\"3321\"},{\"status\":\"active\",\"src\":\"https:\\\/\\\/forvalour.ca\\\/wp-content\\\/uploads\\\/2021\\\/09\\\/mcleod-048.jpg\",\"title\":\"Alan McLeod avec le R&eacute;giment Fort Garry Horse - Service historique et patrimoine de la force a&eacute;rienne\",\"link\":\"https:\\\/\\\/forvalour.ca\\\/wp-content\\\/uploads\\\/2021\\\/09\\\/mcleod-048.jpg\",\"alt\":\"Alan McLeod avec le r&eacute;giment Fort Garry Horse\",\"caption\":\"Alan McLeod avec le R&eacute;giment Fort Garry Horse - Service historique et patrimoine de la force a&eacute;rienne\",\"thumb\":\"https:\\\/\\\/forvalour.ca\\\/wp-content\\\/uploads\\\/2021\\\/09\\\/mcleod-048-75x50_c.jpg\",\"meta\":{\"aperture\":null,\"credit\":null,\"camera\":null,\"caption\":\"\",\"created_timestamp\":null,\"copyright\":null,\"focal_length\":null,\"iso\":null,\"shutter_speed\":null,\"title\":\"\",\"orientation\":\"1\",\"keywords\":null},\"thumbnail\":\"https:\\\/\\\/forvalour.ca\\\/wp-content\\\/uploads\\\/2021\\\/09\\\/mcleod-048-150x100.jpg\",\"medium\":\"https:\\\/\\\/forvalour.ca\\\/wp-content\\\/uploads\\\/2021\\\/09\\\/mcleod-048-300x272.jpg\",\"medium_large\":\"https:\\\/\\\/forvalour.ca\\\/wp-content\\\/uploads\\\/2021\\\/09\\\/mcleod-048.jpg\",\"large\":\"https:\\\/\\\/forvalour.ca\\\/wp-content\\\/uploads\\\/2021\\\/09\\\/mcleod-048.jpg\",\"1536x1536\":\"https:\\\/\\\/forvalour.ca\\\/wp-content\\\/uploads\\\/2021\\\/09\\\/mcleod-048.jpg\",\"2048x2048\":\"https:\\\/\\\/forvalour.ca\\\/wp-content\\\/uploads\\\/2021\\\/09\\\/mcleod-048.jpg\",\"gform-image-choice-sm\":\"https:\\\/\\\/forvalour.ca\\\/wp-content\\\/uploads\\\/2021\\\/09\\\/mcleod-048.jpg\",\"gform-image-choice-md\":\"https:\\\/\\\/forvalour.ca\\\/wp-content\\\/uploads\\\/2021\\\/09\\\/mcleod-048.jpg\",\"gform-image-choice-lg\":\"https:\\\/\\\/forvalour.ca\\\/wp-content\\\/uploads\\\/2021\\\/09\\\/mcleod-048.jpg\",\"full\":\"https:\\\/\\\/forvalour.ca\\\/wp-content\\\/uploads\\\/2021\\\/09\\\/mcleod-048.jpg\",\"index\":5,\"id\":2475,\"video\":false,\"opts\":{\"caption\":\"Alan McLeod avec le R&eacute;giment Fort Garry Horse - Service historique et patrimoine de la force a&eacute;rienne\",\"thumb\":\"https:\\\/\\\/forvalour.ca\\\/wp-content\\\/uploads\\\/2021\\\/09\\\/mcleod-048-75x50_c.jpg\",\"title\":\"Alan McLeod avec le R&eacute;giment Fort Garry Horse - Service historique et patrimoine de la force a&eacute;rienne\"},\"gallery_id\":\"3321\"},{\"status\":\"active\",\"src\":\"https:\\\/\\\/forvalour.ca\\\/wp-content\\\/uploads\\\/2021\\\/09\\\/mcleod-049.jpg\",\"title\":\"Rapport de presse concernant Alan McLeod - Anviens Combattants Canada\",\"link\":\"https:\\\/\\\/forvalour.ca\\\/wp-content\\\/uploads\\\/2021\\\/09\\\/mcleod-049.jpg\",\"alt\":\"Article de journal concernant Alan McLeod\",\"caption\":\"Rapport de presse concernant Alan McLeod - Anviens Combattants Canada\",\"thumb\":\"https:\\\/\\\/forvalour.ca\\\/wp-content\\\/uploads\\\/2021\\\/09\\\/mcleod-049-75x50_c.jpg\",\"meta\":{\"aperture\":null,\"credit\":null,\"camera\":null,\"caption\":\"\",\"created_timestamp\":null,\"copyright\":null,\"focal_length\":null,\"iso\":null,\"shutter_speed\":null,\"title\":\"\",\"orientation\":null,\"keywords\":null},\"thumbnail\":\"https:\\\/\\\/forvalour.ca\\\/wp-content\\\/uploads\\\/2021\\\/09\\\/mcleod-049-150x100.jpg\",\"medium\":\"https:\\\/\\\/forvalour.ca\\\/wp-content\\\/uploads\\\/2021\\\/09\\\/mcleod-049-232x300.jpg\",\"medium_large\":\"https:\\\/\\\/forvalour.ca\\\/wp-content\\\/uploads\\\/2021\\\/09\\\/mcleod-049.jpg\",\"large\":\"https:\\\/\\\/forvalour.ca\\\/wp-content\\\/uploads\\\/2021\\\/09\\\/mcleod-049.jpg\",\"1536x1536\":\"https:\\\/\\\/forvalour.ca\\\/wp-content\\\/uploads\\\/2021\\\/09\\\/mcleod-049.jpg\",\"2048x2048\":\"https:\\\/\\\/forvalour.ca\\\/wp-content\\\/uploads\\\/2021\\\/09\\\/mcleod-049.jpg\",\"gform-image-choice-sm\":\"https:\\\/\\\/forvalour.ca\\\/wp-content\\\/uploads\\\/2021\\\/09\\\/mcleod-049.jpg\",\"gform-image-choice-md\":\"https:\\\/\\\/forvalour.ca\\\/wp-content\\\/uploads\\\/2021\\\/09\\\/mcleod-049.jpg\",\"gform-image-choice-lg\":\"https:\\\/\\\/forvalour.ca\\\/wp-content\\\/uploads\\\/2021\\\/09\\\/mcleod-049.jpg\",\"full\":\"https:\\\/\\\/forvalour.ca\\\/wp-content\\\/uploads\\\/2021\\\/09\\\/mcleod-049.jpg\",\"index\":6,\"id\":2478,\"video\":false,\"opts\":{\"caption\":\"Rapport de presse concernant Alan McLeod - Anviens Combattants Canada\",\"thumb\":\"https:\\\/\\\/forvalour.ca\\\/wp-content\\\/uploads\\\/2021\\\/09\\\/mcleod-049-75x50_c.jpg\",\"title\":\"Rapport de presse concernant Alan McLeod - Anviens Combattants Canada\"},\"gallery_id\":\"3321\"},{\"status\":\"active\",\"src\":\"https:\\\/\\\/forvalour.ca\\\/wp-content\\\/uploads\\\/2021\\\/09\\\/mcleod-050.jpg\",\"title\":\"Gros titre pour les fun&eacute;railles d&#039;Alan McLeod - Anviens Combattants Canada\",\"link\":\"https:\\\/\\\/forvalour.ca\\\/wp-content\\\/uploads\\\/2021\\\/09\\\/mcleod-050.jpg\",\"alt\":\"Titre de journal au sujet des fun&eacute;railles d&#039;Alan McLeod\",\"caption\":\"Gros titre pour les fun&eacute;railles d&#39;Alan McLeod - Anviens Combattants Canada\",\"thumb\":\"https:\\\/\\\/forvalour.ca\\\/wp-content\\\/uploads\\\/2021\\\/09\\\/mcleod-050-75x50_c.jpg\",\"meta\":{\"aperture\":null,\"credit\":null,\"camera\":null,\"caption\":\"\",\"created_timestamp\":null,\"copyright\":null,\"focal_length\":null,\"iso\":null,\"shutter_speed\":null,\"title\":\"\",\"orientation\":null,\"keywords\":null},\"thumbnail\":\"https:\\\/\\\/forvalour.ca\\\/wp-content\\\/uploads\\\/2021\\\/09\\\/mcleod-050-150x100.jpg\",\"medium\":\"https:\\\/\\\/forvalour.ca\\\/wp-content\\\/uploads\\\/2021\\\/09\\\/mcleod-050-207x300.jpg\",\"medium_large\":\"https:\\\/\\\/forvalour.ca\\\/wp-content\\\/uploads\\\/2021\\\/09\\\/mcleod-050-768x1113.jpg\",\"large\":\"https:\\\/\\\/forvalour.ca\\\/wp-content\\\/uploads\\\/2021\\\/09\\\/mcleod-050-707x1024.jpg\",\"1536x1536\":\"https:\\\/\\\/forvalour.ca\\\/wp-content\\\/uploads\\\/2021\\\/09\\\/mcleod-050.jpg\",\"2048x2048\":\"https:\\\/\\\/forvalour.ca\\\/wp-content\\\/uploads\\\/2021\\\/09\\\/mcleod-050.jpg\",\"gform-image-choice-sm\":\"https:\\\/\\\/forvalour.ca\\\/wp-content\\\/uploads\\\/2021\\\/09\\\/mcleod-050.jpg\",\"gform-image-choice-md\":\"https:\\\/\\\/forvalour.ca\\\/wp-content\\\/uploads\\\/2021\\\/09\\\/mcleod-050.jpg\",\"gform-image-choice-lg\":\"https:\\\/\\\/forvalour.ca\\\/wp-content\\\/uploads\\\/2021\\\/09\\\/mcleod-050.jpg\",\"full\":\"https:\\\/\\\/forvalour.ca\\\/wp-content\\\/uploads\\\/2021\\\/09\\\/mcleod-050.jpg\",\"index\":7,\"id\":2480,\"video\":false,\"opts\":{\"caption\":\"Gros titre pour les fun&eacute;railles d&#39;Alan McLeod - Anviens Combattants Canada\",\"thumb\":\"https:\\\/\\\/forvalour.ca\\\/wp-content\\\/uploads\\\/2021\\\/09\\\/mcleod-050-75x50_c.jpg\",\"title\":\"Gros titre pour les fun&eacute;railles d&#039;Alan McLeod - Anviens Combattants Canada\"},\"gallery_id\":\"3321\"},{\"status\":\"active\",\"src\":\"https:\\\/\\\/forvalour.ca\\\/wp-content\\\/uploads\\\/2021\\\/09\\\/mcleod-051.jpg\",\"title\":\"Pilotes d&#039;Armstrong Whitworth F.K.8 - Service historique et patrimoine de la force a&eacute;rienne\",\"link\":\"https:\\\/\\\/forvalour.ca\\\/wp-content\\\/uploads\\\/2021\\\/09\\\/mcleod-051.jpg\",\"alt\":\"Pilotes d&#039;Armstrong Whitworth F.K.8\",\"caption\":\"Pilotes d&#39;Armstrong Whitworth F.K.8 - Service historique et patrimoine de la force a&eacute;rienne\",\"thumb\":\"https:\\\/\\\/forvalour.ca\\\/wp-content\\\/uploads\\\/2021\\\/09\\\/mcleod-051-75x50_c.jpg\",\"meta\":{\"aperture\":null,\"credit\":null,\"camera\":null,\"caption\":\"\",\"created_timestamp\":null,\"copyright\":null,\"focal_length\":null,\"iso\":null,\"shutter_speed\":null,\"title\":\"\",\"orientation\":null,\"keywords\":null},\"thumbnail\":\"https:\\\/\\\/forvalour.ca\\\/wp-content\\\/uploads\\\/2021\\\/09\\\/mcleod-051-150x100.jpg\",\"medium\":\"https:\\\/\\\/forvalour.ca\\\/wp-content\\\/uploads\\\/2021\\\/09\\\/mcleod-051-300x128.jpg\",\"medium_large\":\"https:\\\/\\\/forvalour.ca\\\/wp-content\\\/uploads\\\/2021\\\/09\\\/mcleod-051.jpg\",\"large\":\"https:\\\/\\\/forvalour.ca\\\/wp-content\\\/uploads\\\/2021\\\/09\\\/mcleod-051.jpg\",\"1536x1536\":\"https:\\\/\\\/forvalour.ca\\\/wp-content\\\/uploads\\\/2021\\\/09\\\/mcleod-051.jpg\",\"2048x2048\":\"https:\\\/\\\/forvalour.ca\\\/wp-content\\\/uploads\\\/2021\\\/09\\\/mcleod-051.jpg\",\"gform-image-choice-sm\":\"https:\\\/\\\/forvalour.ca\\\/wp-content\\\/uploads\\\/2021\\\/09\\\/mcleod-051.jpg\",\"gform-image-choice-md\":\"https:\\\/\\\/forvalour.ca\\\/wp-content\\\/uploads\\\/2021\\\/09\\\/mcleod-051.jpg\",\"gform-image-choice-lg\":\"https:\\\/\\\/forvalour.ca\\\/wp-content\\\/uploads\\\/2021\\\/09\\\/mcleod-051.jpg\",\"full\":\"https:\\\/\\\/forvalour.ca\\\/wp-content\\\/uploads\\\/2021\\\/09\\\/mcleod-051.jpg\",\"index\":8,\"id\":2483,\"video\":false,\"opts\":{\"caption\":\"Pilotes d&#39;Armstrong Whitworth F.K.8 - Service historique et patrimoine de la force a&eacute;rienne\",\"thumb\":\"https:\\\/\\\/forvalour.ca\\\/wp-content\\\/uploads\\\/2021\\\/09\\\/mcleod-051-75x50_c.jpg\",\"title\":\"Pilotes d&#039;Armstrong Whitworth F.K.8 - Service historique et patrimoine de la force a&eacute;rienne\"},\"gallery_id\":\"3321\"},{\"status\":\"active\",\"src\":\"https:\\\/\\\/forvalour.ca\\\/wp-content\\\/uploads\\\/2021\\\/09\\\/mcleod-052.jpg\",\"title\":\"Pilote d&#039;Armstrong Whitworth F.K.8 et &eacute;quipage au sol - Service historique et patrimoine de la force a&eacute;rienne\",\"link\":\"https:\\\/\\\/forvalour.ca\\\/wp-content\\\/uploads\\\/2021\\\/09\\\/mcleod-052.jpg\",\"alt\":\"Pilote d&#039;Armstrong Whitworth F.K.8 et &eacute;quipage au sol\",\"caption\":\"Pilote d&#39;Armstrong Whitworth F.K.8 et &eacute;quipage au sol - Service historique et patrimoine de la force a&eacute;rienne\",\"thumb\":\"https:\\\/\\\/forvalour.ca\\\/wp-content\\\/uploads\\\/2021\\\/09\\\/mcleod-052-75x50_c.jpg\",\"meta\":{\"aperture\":null,\"credit\":null,\"camera\":null,\"caption\":\"\",\"created_timestamp\":null,\"copyright\":null,\"focal_length\":null,\"iso\":null,\"shutter_speed\":null,\"title\":\"\",\"orientation\":null,\"keywords\":null},\"thumbnail\":\"https:\\\/\\\/forvalour.ca\\\/wp-content\\\/uploads\\\/2021\\\/09\\\/mcleod-052-150x100.jpg\",\"medium\":\"https:\\\/\\\/forvalour.ca\\\/wp-content\\\/uploads\\\/2021\\\/09\\\/mcleod-052-300x127.jpg\",\"medium_large\":\"https:\\\/\\\/forvalour.ca\\\/wp-content\\\/uploads\\\/2021\\\/09\\\/mcleod-052.jpg\",\"large\":\"https:\\\/\\\/forvalour.ca\\\/wp-content\\\/uploads\\\/2021\\\/09\\\/mcleod-052.jpg\",\"1536x1536\":\"https:\\\/\\\/forvalour.ca\\\/wp-content\\\/uploads\\\/2021\\\/09\\\/mcleod-052.jpg\",\"2048x2048\":\"https:\\\/\\\/forvalour.ca\\\/wp-content\\\/uploads\\\/2021\\\/09\\\/mcleod-052.jpg\",\"gform-image-choice-sm\":\"https:\\\/\\\/forvalour.ca\\\/wp-content\\\/uploads\\\/2021\\\/09\\\/mcleod-052.jpg\",\"gform-image-choice-md\":\"https:\\\/\\\/forvalour.ca\\\/wp-content\\\/uploads\\\/2021\\\/09\\\/mcleod-052.jpg\",\"gform-image-choice-lg\":\"https:\\\/\\\/forvalour.ca\\\/wp-content\\\/uploads\\\/2021\\\/09\\\/mcleod-052.jpg\",\"full\":\"https:\\\/\\\/forvalour.ca\\\/wp-content\\\/uploads\\\/2021\\\/09\\\/mcleod-052.jpg\",\"index\":9,\"id\":2485,\"video\":false,\"opts\":{\"caption\":\"Pilote d&#39;Armstrong Whitworth F.K.8 et &eacute;quipage au sol - Service historique et patrimoine de la force a&eacute;rienne\",\"thumb\":\"https:\\\/\\\/forvalour.ca\\\/wp-content\\\/uploads\\\/2021\\\/09\\\/mcleod-052-75x50_c.jpg\",\"title\":\"Pilote d&#039;Armstrong Whitworth F.K.8 et &eacute;quipage au sol - Service historique et patrimoine de la force a&eacute;rienne\"},\"gallery_id\":\"3321\"},{\"status\":\"active\",\"src\":\"https:\\\/\\\/forvalour.ca\\\/wp-content\\\/uploads\\\/2021\\\/09\\\/mcleod-070.jpg\",\"title\":\"Maison familiale d&#039;Alan McLeod - J Jameson\",\"link\":\"https:\\\/\\\/forvalour.ca\\\/wp-content\\\/uploads\\\/2021\\\/09\\\/mcleod-070.jpg\",\"alt\":\"Maison familiale d&#039;Alan McLeod\",\"caption\":\"Maison familiale d&#39;Alan McLeod - J Jameson\",\"thumb\":\"https:\\\/\\\/forvalour.ca\\\/wp-content\\\/uploads\\\/2021\\\/09\\\/mcleod-070-75x50_c.jpg\",\"meta\":{\"aperture\":null,\"credit\":null,\"camera\":null,\"caption\":\"\",\"created_timestamp\":null,\"copyright\":null,\"focal_length\":null,\"iso\":null,\"shutter_speed\":null,\"title\":\"\",\"orientation\":null,\"keywords\":null},\"thumbnail\":\"https:\\\/\\\/forvalour.ca\\\/wp-content\\\/uploads\\\/2021\\\/09\\\/mcleod-070-150x100.jpg\",\"medium\":\"https:\\\/\\\/forvalour.ca\\\/wp-content\\\/uploads\\\/2021\\\/09\\\/mcleod-070-300x211.jpg\",\"medium_large\":\"https:\\\/\\\/forvalour.ca\\\/wp-content\\\/uploads\\\/2021\\\/09\\\/mcleod-070.jpg\",\"large\":\"https:\\\/\\\/forvalour.ca\\\/wp-content\\\/uploads\\\/2021\\\/09\\\/mcleod-070.jpg\",\"1536x1536\":\"https:\\\/\\\/forvalour.ca\\\/wp-content\\\/uploads\\\/2021\\\/09\\\/mcleod-070.jpg\",\"2048x2048\":\"https:\\\/\\\/forvalour.ca\\\/wp-content\\\/uploads\\\/2021\\\/09\\\/mcleod-070.jpg\",\"gform-image-choice-sm\":\"https:\\\/\\\/forvalour.ca\\\/wp-content\\\/uploads\\\/2021\\\/09\\\/mcleod-070.jpg\",\"gform-image-choice-md\":\"https:\\\/\\\/forvalour.ca\\\/wp-content\\\/uploads\\\/2021\\\/09\\\/mcleod-070.jpg\",\"gform-image-choice-lg\":\"https:\\\/\\\/forvalour.ca\\\/wp-content\\\/uploads\\\/2021\\\/09\\\/mcleod-070.jpg\",\"full\":\"https:\\\/\\\/forvalour.ca\\\/wp-content\\\/uploads\\\/2021\\\/09\\\/mcleod-070.jpg\",\"index\":10,\"id\":2488,\"video\":false,\"opts\":{\"caption\":\"Maison familiale d&#39;Alan McLeod - J Jameson\",\"thumb\":\"https:\\\/\\\/forvalour.ca\\\/wp-content\\\/uploads\\\/2021\\\/09\\\/mcleod-070-75x50_c.jpg\",\"title\":\"Maison familiale d&#039;Alan McLeod - J Jameson\"},\"gallery_id\":\"3321\"},{\"status\":\"active\",\"src\":\"https:\\\/\\\/forvalour.ca\\\/wp-content\\\/uploads\\\/2021\\\/09\\\/mcleod-072.jpg\",\"title\":\"Murale comm&eacute;morative d&#039;Alan McLeod - J Jameson\",\"link\":\"https:\\\/\\\/forvalour.ca\\\/wp-content\\\/uploads\\\/2021\\\/09\\\/mcleod-072.jpg\",\"alt\":\"Murale comm&eacute;morative d&#039;Alan McLeod\",\"caption\":\"Murale comm&eacute;morative d&#39;Alan McLeod - J Jameson\",\"thumb\":\"https:\\\/\\\/forvalour.ca\\\/wp-content\\\/uploads\\\/2021\\\/09\\\/mcleod-072-75x50_c.jpg\",\"meta\":{\"aperture\":null,\"credit\":null,\"camera\":null,\"caption\":\"\",\"created_timestamp\":null,\"copyright\":null,\"focal_length\":null,\"iso\":null,\"shutter_speed\":null,\"title\":\"\",\"orientation\":null,\"keywords\":null},\"thumbnail\":\"https:\\\/\\\/forvalour.ca\\\/wp-content\\\/uploads\\\/2021\\\/09\\\/mcleod-072-150x100.jpg\",\"medium\":\"https:\\\/\\\/forvalour.ca\\\/wp-content\\\/uploads\\\/2021\\\/09\\\/mcleod-072-300x192.jpg\",\"medium_large\":\"https:\\\/\\\/forvalour.ca\\\/wp-content\\\/uploads\\\/2021\\\/09\\\/mcleod-072.jpg\",\"large\":\"https:\\\/\\\/forvalour.ca\\\/wp-content\\\/uploads\\\/2021\\\/09\\\/mcleod-072.jpg\",\"1536x1536\":\"https:\\\/\\\/forvalour.ca\\\/wp-content\\\/uploads\\\/2021\\\/09\\\/mcleod-072.jpg\",\"2048x2048\":\"https:\\\/\\\/forvalour.ca\\\/wp-content\\\/uploads\\\/2021\\\/09\\\/mcleod-072.jpg\",\"gform-image-choice-sm\":\"https:\\\/\\\/forvalour.ca\\\/wp-content\\\/uploads\\\/2021\\\/09\\\/mcleod-072.jpg\",\"gform-image-choice-md\":\"https:\\\/\\\/forvalour.ca\\\/wp-content\\\/uploads\\\/2021\\\/09\\\/mcleod-072.jpg\",\"gform-image-choice-lg\":\"https:\\\/\\\/forvalour.ca\\\/wp-content\\\/uploads\\\/2021\\\/09\\\/mcleod-072.jpg\",\"full\":\"https:\\\/\\\/forvalour.ca\\\/wp-content\\\/uploads\\\/2021\\\/09\\\/mcleod-072.jpg\",\"index\":11,\"id\":2490,\"video\":false,\"opts\":{\"caption\":\"Murale comm&eacute;morative d&#39;Alan McLeod - J Jameson\",\"thumb\":\"https:\\\/\\\/forvalour.ca\\\/wp-content\\\/uploads\\\/2021\\\/09\\\/mcleod-072-75x50_c.jpg\",\"title\":\"Murale comm&eacute;morative d&#039;Alan McLeod - J Jameson\"},\"gallery_id\":\"3321\"},{\"status\":\"active\",\"src\":\"https:\\\/\\\/forvalour.ca\\\/wp-content\\\/uploads\\\/2021\\\/09\\\/mcleod-074.jpg\",\"title\":\"Alan McLeod (troisi&egrave;me depuis la gauche) avec des coll&egrave;gues pilotes - D&eacute;partement des collections sp&eacute;ciales - Biblioth&egrave;que McDermott, Universit&eacute; du Texas &agrave; Dallas\",\"link\":\"https:\\\/\\\/forvalour.ca\\\/wp-content\\\/uploads\\\/2021\\\/09\\\/mcleod-074.jpg\",\"alt\":\"Alan McLeod avec des coll&egrave;gues pilotes\",\"caption\":\"Alan McLeod (troisi&egrave;me depuis la gauche) avec des coll&egrave;gues pilotes - D&eacute;partement des collections sp&eacute;ciales - Biblioth&egrave;que McDermott, Universit&eacute; du Texas &agrave; Dallas\",\"thumb\":\"https:\\\/\\\/forvalour.ca\\\/wp-content\\\/uploads\\\/2021\\\/09\\\/mcleod-074-75x50_c.jpg\",\"meta\":{\"aperture\":null,\"credit\":null,\"camera\":null,\"caption\":\"\",\"created_timestamp\":null,\"copyright\":null,\"focal_length\":null,\"iso\":null,\"shutter_speed\":null,\"title\":\"\",\"orientation\":null,\"keywords\":null},\"thumbnail\":\"https:\\\/\\\/forvalour.ca\\\/wp-content\\\/uploads\\\/2021\\\/09\\\/mcleod-074-150x100.jpg\",\"medium\":\"https:\\\/\\\/forvalour.ca\\\/wp-content\\\/uploads\\\/2021\\\/09\\\/mcleod-074-300x198.jpg\",\"medium_large\":\"https:\\\/\\\/forvalour.ca\\\/wp-content\\\/uploads\\\/2021\\\/09\\\/mcleod-074.jpg\",\"large\":\"https:\\\/\\\/forvalour.ca\\\/wp-content\\\/uploads\\\/2021\\\/09\\\/mcleod-074.jpg\",\"1536x1536\":\"https:\\\/\\\/forvalour.ca\\\/wp-content\\\/uploads\\\/2021\\\/09\\\/mcleod-074.jpg\",\"2048x2048\":\"https:\\\/\\\/forvalour.ca\\\/wp-content\\\/uploads\\\/2021\\\/09\\\/mcleod-074.jpg\",\"gform-image-choice-sm\":\"https:\\\/\\\/forvalour.ca\\\/wp-content\\\/uploads\\\/2021\\\/09\\\/mcleod-074.jpg\",\"gform-image-choice-md\":\"https:\\\/\\\/forvalour.ca\\\/wp-content\\\/uploads\\\/2021\\\/09\\\/mcleod-074.jpg\",\"gform-image-choice-lg\":\"https:\\\/\\\/forvalour.ca\\\/wp-content\\\/uploads\\\/2021\\\/09\\\/mcleod-074.jpg\",\"full\":\"https:\\\/\\\/forvalour.ca\\\/wp-content\\\/uploads\\\/2021\\\/09\\\/mcleod-074.jpg\",\"index\":12,\"id\":2493,\"video\":false,\"opts\":{\"caption\":\"Alan McLeod (troisi&egrave;me depuis la gauche) avec des coll&egrave;gues pilotes - D&eacute;partement des collections sp&eacute;ciales - Biblioth&egrave;que McDermott, Universit&eacute; du Texas &agrave; Dallas\",\"thumb\":\"https:\\\/\\\/forvalour.ca\\\/wp-content\\\/uploads\\\/2021\\\/09\\\/mcleod-074-75x50_c.jpg\",\"title\":\"Alan McLeod (troisi&egrave;me depuis la gauche) avec des coll&egrave;gues pilotes - D&eacute;partement des collections sp&eacute;ciales - Biblioth&egrave;que McDermott, Universit&eacute; du Texas &agrave; Dallas\"},\"gallery_id\":\"3321\"},{\"status\":\"active\",\"src\":\"https:\\\/\\\/forvalour.ca\\\/wp-content\\\/uploads\\\/2021\\\/09\\\/mcleod-076.jpg\",\"title\":\"Alan McLeod (quatri&egrave;me depuis la gauche) montant dans un train en compagnie de coll&egrave;gues officiers - D&eacute;partement des collections sp&eacute;ciales - Biblioth&egrave;que McDermott, Universit&eacute; du Texas &agrave; Dallas\",\"link\":\"https:\\\/\\\/forvalour.ca\\\/wp-content\\\/uploads\\\/2021\\\/09\\\/mcleod-076.jpg\",\"alt\":\"Alan McLeod montant dans un train en compagnie de coll&egrave;gues officiers\",\"caption\":\"Alan McLeod (quatri&egrave;me depuis la gauche) montant dans un train en compagnie de coll&egrave;gues officiers - D&eacute;partement des collections sp&eacute;ciales - Biblioth&egrave;que McDermott, Universit&eacute; du Texas &agrave; Dallas\",\"thumb\":\"https:\\\/\\\/forvalour.ca\\\/wp-content\\\/uploads\\\/2021\\\/09\\\/mcleod-076-75x50_c.jpg\",\"meta\":{\"aperture\":null,\"credit\":null,\"camera\":null,\"caption\":\"\",\"created_timestamp\":null,\"copyright\":null,\"focal_length\":null,\"iso\":null,\"shutter_speed\":null,\"title\":\"\",\"orientation\":null,\"keywords\":null},\"thumbnail\":\"https:\\\/\\\/forvalour.ca\\\/wp-content\\\/uploads\\\/2021\\\/09\\\/mcleod-076-150x100.jpg\",\"medium\":\"https:\\\/\\\/forvalour.ca\\\/wp-content\\\/uploads\\\/2021\\\/09\\\/mcleod-076-300x201.jpg\",\"medium_large\":\"https:\\\/\\\/forvalour.ca\\\/wp-content\\\/uploads\\\/2021\\\/09\\\/mcleod-076.jpg\",\"large\":\"https:\\\/\\\/forvalour.ca\\\/wp-content\\\/uploads\\\/2021\\\/09\\\/mcleod-076.jpg\",\"1536x1536\":\"https:\\\/\\\/forvalour.ca\\\/wp-content\\\/uploads\\\/2021\\\/09\\\/mcleod-076.jpg\",\"2048x2048\":\"https:\\\/\\\/forvalour.ca\\\/wp-content\\\/uploads\\\/2021\\\/09\\\/mcleod-076.jpg\",\"gform-image-choice-sm\":\"https:\\\/\\\/forvalour.ca\\\/wp-content\\\/uploads\\\/2021\\\/09\\\/mcleod-076.jpg\",\"gform-image-choice-md\":\"https:\\\/\\\/forvalour.ca\\\/wp-content\\\/uploads\\\/2021\\\/09\\\/mcleod-076.jpg\",\"gform-image-choice-lg\":\"https:\\\/\\\/forvalour.ca\\\/wp-content\\\/uploads\\\/2021\\\/09\\\/mcleod-076.jpg\",\"full\":\"https:\\\/\\\/forvalour.ca\\\/wp-content\\\/uploads\\\/2021\\\/09\\\/mcleod-076.jpg\",\"index\":13,\"id\":2495,\"video\":false,\"opts\":{\"caption\":\"Alan McLeod (quatri&egrave;me depuis la gauche) montant dans un train en compagnie de coll&egrave;gues officiers - D&eacute;partement des collections sp&eacute;ciales - Biblioth&egrave;que McDermott, Universit&eacute; du Texas &agrave; Dallas\",\"thumb\":\"https:\\\/\\\/forvalour.ca\\\/wp-content\\\/uploads\\\/2021\\\/09\\\/mcleod-076-75x50_c.jpg\",\"title\":\"Alan McLeod (quatri&egrave;me depuis la gauche) montant dans un train en compagnie de coll&egrave;gues officiers - D&eacute;partement des collections sp&eacute;ciales - Biblioth&egrave;que McDermott, Universit&eacute; du Texas &agrave; Dallas\"},\"gallery_id\":\"3321\"},{\"status\":\"active\",\"src\":\"https:\\\/\\\/forvalour.ca\\\/wp-content\\\/uploads\\\/2021\\\/09\\\/mcleod-078.jpg\",\"title\":\"Fun&eacute;railles de McLeod - Anciens Combattants Canada\",\"link\":\"https:\\\/\\\/forvalour.ca\\\/wp-content\\\/uploads\\\/2021\\\/09\\\/mcleod-078.jpg\",\"alt\":\"Fun&eacute;railles de McLeod\",\"caption\":\"Fun&eacute;railles de McLeod - Anciens Combattants Canada\",\"thumb\":\"https:\\\/\\\/forvalour.ca\\\/wp-content\\\/uploads\\\/2021\\\/09\\\/mcleod-078-75x50_c.jpg\",\"meta\":{\"aperture\":null,\"credit\":null,\"camera\":null,\"caption\":\"\",\"created_timestamp\":null,\"copyright\":null,\"focal_length\":null,\"iso\":null,\"shutter_speed\":null,\"title\":\"\",\"orientation\":null,\"keywords\":null},\"thumbnail\":\"https:\\\/\\\/forvalour.ca\\\/wp-content\\\/uploads\\\/2021\\\/09\\\/mcleod-078-150x100.jpg\",\"medium\":\"https:\\\/\\\/forvalour.ca\\\/wp-content\\\/uploads\\\/2021\\\/09\\\/mcleod-078-300x217.jpg\",\"medium_large\":\"https:\\\/\\\/forvalour.ca\\\/wp-content\\\/uploads\\\/2021\\\/09\\\/mcleod-078.jpg\",\"large\":\"https:\\\/\\\/forvalour.ca\\\/wp-content\\\/uploads\\\/2021\\\/09\\\/mcleod-078.jpg\",\"1536x1536\":\"https:\\\/\\\/forvalour.ca\\\/wp-content\\\/uploads\\\/2021\\\/09\\\/mcleod-078.jpg\",\"2048x2048\":\"https:\\\/\\\/forvalour.ca\\\/wp-content\\\/uploads\\\/2021\\\/09\\\/mcleod-078.jpg\",\"gform-image-choice-sm\":\"https:\\\/\\\/forvalour.ca\\\/wp-content\\\/uploads\\\/2021\\\/09\\\/mcleod-078.jpg\",\"gform-image-choice-md\":\"https:\\\/\\\/forvalour.ca\\\/wp-content\\\/uploads\\\/2021\\\/09\\\/mcleod-078.jpg\",\"gform-image-choice-lg\":\"https:\\\/\\\/forvalour.ca\\\/wp-content\\\/uploads\\\/2021\\\/09\\\/mcleod-078.jpg\",\"full\":\"https:\\\/\\\/forvalour.ca\\\/wp-content\\\/uploads\\\/2021\\\/09\\\/mcleod-078.jpg\",\"index\":14,\"id\":2497,\"video\":false,\"opts\":{\"caption\":\"Fun&eacute;railles de McLeod - Anciens Combattants Canada\",\"thumb\":\"https:\\\/\\\/forvalour.ca\\\/wp-content\\\/uploads\\\/2021\\\/09\\\/mcleod-078-75x50_c.jpg\",\"title\":\"Fun&eacute;railles de McLeod - Anciens Combattants Canada\"},\"gallery_id\":\"3321\"},{\"status\":\"active\",\"src\":\"https:\\\/\\\/forvalour.ca\\\/wp-content\\\/uploads\\\/2021\\\/09\\\/mcleod-084.jpg\",\"title\":\"Lt. McLeod &agrave; Londres - Anciens Combattants Canada\",\"link\":\"https:\\\/\\\/forvalour.ca\\\/wp-content\\\/uploads\\\/2021\\\/09\\\/mcleod-084.jpg\",\"alt\":\"Lieutenant McLeod &agrave; Londres\",\"caption\":\"Lt. McLeod &agrave; Londres - Anciens Combattants Canada\",\"thumb\":\"https:\\\/\\\/forvalour.ca\\\/wp-content\\\/uploads\\\/2021\\\/09\\\/mcleod-084-75x50_c.jpg\",\"meta\":{\"aperture\":null,\"credit\":null,\"camera\":null,\"caption\":\"\",\"created_timestamp\":null,\"copyright\":null,\"focal_length\":null,\"iso\":null,\"shutter_speed\":null,\"title\":\"\",\"orientation\":null,\"keywords\":null},\"thumbnail\":\"https:\\\/\\\/forvalour.ca\\\/wp-content\\\/uploads\\\/2021\\\/09\\\/mcleod-084-150x100.jpg\",\"medium\":\"https:\\\/\\\/forvalour.ca\\\/wp-content\\\/uploads\\\/2021\\\/09\\\/mcleod-084-197x300.jpg\",\"medium_large\":\"https:\\\/\\\/forvalour.ca\\\/wp-content\\\/uploads\\\/2021\\\/09\\\/mcleod-084.jpg\",\"large\":\"https:\\\/\\\/forvalour.ca\\\/wp-content\\\/uploads\\\/2021\\\/09\\\/mcleod-084.jpg\",\"1536x1536\":\"https:\\\/\\\/forvalour.ca\\\/wp-content\\\/uploads\\\/2021\\\/09\\\/mcleod-084.jpg\",\"2048x2048\":\"https:\\\/\\\/forvalour.ca\\\/wp-content\\\/uploads\\\/2021\\\/09\\\/mcleod-084.jpg\",\"gform-image-choice-sm\":\"https:\\\/\\\/forvalour.ca\\\/wp-content\\\/uploads\\\/2021\\\/09\\\/mcleod-084.jpg\",\"gform-image-choice-md\":\"https:\\\/\\\/forvalour.ca\\\/wp-content\\\/uploads\\\/2021\\\/09\\\/mcleod-084.jpg\",\"gform-image-choice-lg\":\"https:\\\/\\\/forvalour.ca\\\/wp-content\\\/uploads\\\/2021\\\/09\\\/mcleod-084.jpg\",\"full\":\"https:\\\/\\\/forvalour.ca\\\/wp-content\\\/uploads\\\/2021\\\/09\\\/mcleod-084.jpg\",\"index\":15,\"id\":2499,\"video\":false,\"opts\":{\"caption\":\"Lt. McLeod &agrave; Londres - Anciens Combattants Canada\",\"thumb\":\"https:\\\/\\\/forvalour.ca\\\/wp-content\\\/uploads\\\/2021\\\/09\\\/mcleod-084-75x50_c.jpg\",\"title\":\"Lt. McLeod &agrave; Londres - Anciens Combattants Canada\"},\"gallery_id\":\"3321\"}]' data-lightbox-theme='{&quot;arrows&quot;:true,&quot;margins&quot;:[120,0],&quot;gutter&quot;:&quot;100&quot;,&quot;thumbs_position&quot;:&quot;bottom&quot;,&quot;base_template&quot;:&quot;&lt;div id=\\&quot;envirabox-3321\\&quot; data-envirabox-id=\\&quot;3321\\&quot; class=\\&quot;envirabox-container envirabox-theme-base_dark envirabox-wrap\\&quot; role=\\&quot;dialog\\&quot;&gt;&lt;div class=\\&quot;envirabox-bg\\&quot;&gt;&lt;\\\/div&gt;&lt;div class=\\&quot;envirabox-outer\\&quot;&gt;&lt;div class=\\&quot;envirabox-inner\\&quot;&gt;&lt;div class=\\&quot;envirabox-caption-wrap\\&quot;&gt;&lt;div class=\\&quot;envirabox-title\\&quot;&gt;&lt;\\\/div&gt;&lt;\\\/div&gt;&lt;div class=\\&quot;envirabox-toolbar\\&quot;&gt;&lt;div class=\\&quot;envira-close-button\\&quot;&gt;&lt;a data-envirabox-close class=\\&quot;envirabox-item envirabox-close envirabox-button--close\\&quot; title=\\&quot;Close\\&quot; href=\\&quot;#\\&quot;&gt;&lt;\\\/a&gt;&lt;\\\/div&gt;&lt;\\\/div&gt;&lt;div class=\\&quot;envirabox-navigation\\&quot;&gt;&lt;a data-envirabox-prev title=\\&quot;Prev\\&quot; class=\\&quot;envirabox-arrow envirabox-arrow--left envirabox-nav envirabox-prev\\&quot; href=\\&quot;#\\&quot;&gt;&lt;span&gt;&lt;\\\/span&gt;&lt;\\\/a&gt;&lt;a data-envirabox-next title=\\&quot;Next\\&quot; class=\\&quot;envirabox-arrow envirabox-arrow--right envirabox-nav envirabox-next\\&quot; href=\\&quot;#\\&quot;&gt;&lt;span&gt;&lt;\\\/span&gt;&lt;\\\/a&gt;&lt;\\\/div&gt;&lt;div class=\\&quot;envirabox-stage\\&quot;&gt;&lt;\\\/div&gt;&lt;\\\/div&gt;&lt;\\\/div&gt;&lt;\\\/div&gt;&quot;,&quot;load_all&quot;:false,&quot;error_template&quot;:&quot;&lt;div class=\\&quot;envirabox-error\\&quot;&gt;&lt;p&gt;{{ERROR}}&lt;p&gt;&lt;\\\/div&gt;&quot;,&quot;inner_caption&quot;:false,&quot;caption_position&quot;:false,&quot;arrow_position&quot;:false,&quot;toolbar&quot;:true,&quot;infobar&quot;:false,&quot;show_smallbtn&quot;:false,&quot;idle_time&quot;:false,&quot;click_content&quot;:false,&quot;click_slide&quot;:false,&quot;click_outside&quot;:false,&quot;animation_duration&quot;:false,&quot;transition_duration&quot;:false,&quot;small_btn_template&quot;:&quot;&lt;a data-envirabox-close class=\\&quot;envirabox-item envirabox-close envirabox-button--close\\&quot; title=\\&quot;Close\\&quot; href=\\&quot;#\\&quot;&gt;&lt;\\\/a&gt;&quot;}' data-parsed-attrs='{\"id\":\"3321\",\"cache\":true}'><div id=\"envira-gallery-item-2463\" class=\"envira-gallery-item envira-gallery-item-1 envira-lazy-load\" style=\"padding-left: 3px; padding-bottom: 5px; padding-right: 3px;\"  itemscope itemtype=\"https:\/\/schema.org\/ImageObject\"><div class=\"envira-gallery-item-inner\"><div class=\"envira-gallery-position-overlay envira-gallery-top-left\"><\/div><div class=\"envira-gallery-position-overlay envira-gallery-top-right\"><\/div><div class=\"envira-gallery-position-overlay envira-gallery-bottom-left\"><\/div><div class=\"envira-gallery-position-overlay envira-gallery-bottom-right\"><\/div><a class=\"envira-gallery-3321 envira-gallery-link-disabled\" href=\"https:\/\/forvalour.ca\/wp-content\/uploads\/2021\/09\/mcleod-040.jpg\" title=\"Alan McLeod (deuxi\u00e8me depuis la gauche) avec des coll\u00e8gues pilotes - 2e escadrille RAF\" data-caption=\"Alan McLeod (deuxi&egrave;me depuis la gauche) avec des coll&egrave;gues pilotes - 2e escadrille RAF\" data-envira-item-id=\"2463\" data-envira-retina=\"https:\/\/forvalour.ca\/wp-content\/uploads\/2021\/09\/mcleod-040.jpg\" data-thumb=\"https:\/\/forvalour.ca\/wp-content\/uploads\/2021\/09\/mcleod-040-75x50_c.jpg\" data-title=\"Alan McLeod (deuxi&egrave;me depuis la gauche) avec des coll&egrave;gues pilotes - 2e escadrille RAF\" data-envirabox='3321' itemprop=\"contentUrl\"><img loading=\"lazy\" decoding=\"async\" src=\"https:\/\/forvalour.ca\/wp-content\/uploads\/2021\/09\/mcleod-040.jpg\" alt=\"Alan McLeod avec des coll&egrave;gues pilotes\" class=\"envira-gallery-image envira-gallery-image-1    envira-lazy\" height=\"480\" id=\"envira-gallery-image-2463\" srcset=\"data:image\/gif;base64,R0lGODlhAQABAIAAAP\/\/\/\/\/\/\/yH5BAEKAAEALAAAAAABAAEAAAICTAEAOw==\" tabindex=\"-1\" title=\"Alan McLeod (deuxi\u00e8me depuis la gauche) avec des coll\u00e8gues pilotes - 2e escadrille RAF\" width=\"640\" data-caption=\"Alan McLeod (deuxi&egrave;me depuis la gauche) avec des coll&egrave;gues pilotes - 2e escadrille RAF\" data-envira-gallery-id=\"3321\" data-envira-index=\"0\" data-envira-item-id=\"2463\" data-envira-src=\"https:\/\/forvalour.ca\/wp-content\/uploads\/2021\/09\/mcleod-040.jpg\" data-envira-srcset=\"https:\/\/forvalour.ca\/wp-content\/uploads\/2021\/09\/mcleod-040.jpg 400w, https:\/\/forvalour.ca\/wp-content\/uploads\/2021\/09\/mcleod-040.jpg 2x\" data-title=\"Alan McLeod (deuxi&egrave;me depuis la gauche) avec des coll&egrave;gues pilotes - 2e escadrille RAF\" itemprop=\"thumbnailUrl\"  data-envirabox=\"3321\" data-automatic-caption=\"\" data-envira-height=\"185\" data-envira-width=\"300\" \/><\/a><\/div><\/div><div id=\"envira-gallery-item-2466\" class=\"envira-gallery-item envira-gallery-item-2 envira-lazy-load\" style=\"padding-left: 3px; padding-bottom: 5px; padding-right: 3px;\"  itemscope itemtype=\"https:\/\/schema.org\/ImageObject\"><div class=\"envira-gallery-item-inner\"><div class=\"envira-gallery-position-overlay envira-gallery-top-left\"><\/div><div class=\"envira-gallery-position-overlay envira-gallery-top-right\"><\/div><div class=\"envira-gallery-position-overlay envira-gallery-bottom-left\"><\/div><div class=\"envira-gallery-position-overlay envira-gallery-bottom-right\"><\/div><a class=\"envira-gallery-3321 envira-gallery-link-disabled\" href=\"https:\/\/forvalour.ca\/wp-content\/uploads\/2021\/09\/mcleod-041.jpg\" title=\"Alan McLeod dans un lit d'h\u00f4pital - Anciens Combattants Canada\" data-caption=\"Alan McLeod dans un lit d&#039;h&ocirc;pital - Anciens Combattants Canada\" data-envira-item-id=\"2466\" data-envira-retina=\"https:\/\/forvalour.ca\/wp-content\/uploads\/2021\/09\/mcleod-041.jpg\" data-thumb=\"https:\/\/forvalour.ca\/wp-content\/uploads\/2021\/09\/mcleod-041-75x50_c.jpg\" data-title=\"Alan McLeod dans un lit d&#039;h&ocirc;pital - Anciens Combattants Canada\" data-envirabox='3321' itemprop=\"contentUrl\"><img loading=\"lazy\" decoding=\"async\" src=\"https:\/\/forvalour.ca\/wp-content\/uploads\/2021\/09\/mcleod-041.jpg\" alt=\"Alan McLeod dans un lit d&amp;#039;h&ocirc;pital\" class=\"envira-gallery-image envira-gallery-image-2    envira-lazy\" height=\"480\" id=\"envira-gallery-image-2466\" srcset=\"data:image\/gif;base64,R0lGODlhAQABAIAAAP\/\/\/\/\/\/\/yH5BAEKAAEALAAAAAABAAEAAAICTAEAOw==\" tabindex=\"-1\" title=\"Alan McLeod dans un lit d&#039;h\u00f4pital - Anciens Combattants Canada\" width=\"640\" data-caption=\"Alan McLeod dans un lit d&#039;h&ocirc;pital - Anciens Combattants Canada\" data-envira-gallery-id=\"3321\" data-envira-index=\"1\" data-envira-item-id=\"2466\" data-envira-src=\"https:\/\/forvalour.ca\/wp-content\/uploads\/2021\/09\/mcleod-041.jpg\" data-envira-srcset=\"https:\/\/forvalour.ca\/wp-content\/uploads\/2021\/09\/mcleod-041.jpg 400w, https:\/\/forvalour.ca\/wp-content\/uploads\/2021\/09\/mcleod-041.jpg 2x\" data-title=\"Alan McLeod dans un lit d&#039;h&ocirc;pital - Anciens Combattants Canada\" itemprop=\"thumbnailUrl\"  data-envirabox=\"3321\" data-automatic-caption=\"\" data-envira-height=\"191\" data-envira-width=\"300\" \/><\/a><\/div><\/div><div id=\"envira-gallery-item-2468\" class=\"envira-gallery-item envira-gallery-item-3 envira-lazy-load\" style=\"padding-left: 3px; padding-bottom: 5px; padding-right: 3px;\"  itemscope itemtype=\"https:\/\/schema.org\/ImageObject\"><div class=\"envira-gallery-item-inner\"><div class=\"envira-gallery-position-overlay envira-gallery-top-left\"><\/div><div class=\"envira-gallery-position-overlay envira-gallery-top-right\"><\/div><div class=\"envira-gallery-position-overlay envira-gallery-bottom-left\"><\/div><div class=\"envira-gallery-position-overlay envira-gallery-bottom-right\"><\/div><a class=\"envira-gallery-3321 envira-gallery-link-disabled\" href=\"https:\/\/forvalour.ca\/wp-content\/uploads\/2021\/09\/mcleod-045.jpg\" title=\"Alan McLeod en tenue militaire officielle - L\u00e9gion de Stonewall\" data-caption=\"Alan McLeod en tenue militaire officielle - L&eacute;gion de Stonewall\" data-envira-item-id=\"2468\" data-envira-retina=\"https:\/\/forvalour.ca\/wp-content\/uploads\/2021\/09\/mcleod-045.jpg\" data-thumb=\"https:\/\/forvalour.ca\/wp-content\/uploads\/2021\/09\/mcleod-045-75x50_c.jpg\" data-title=\"Alan McLeod en tenue militaire officielle - L&eacute;gion de Stonewall\" data-envirabox='3321' itemprop=\"contentUrl\"><img loading=\"lazy\" decoding=\"async\" src=\"https:\/\/forvalour.ca\/wp-content\/uploads\/2021\/09\/mcleod-045.jpg\" alt=\"Alan McLeod en tenue militaire officielle\" class=\"envira-gallery-image envira-gallery-image-3    envira-lazy\" height=\"480\" id=\"envira-gallery-image-2468\" srcset=\"data:image\/gif;base64,R0lGODlhAQABAIAAAP\/\/\/\/\/\/\/yH5BAEKAAEALAAAAAABAAEAAAICTAEAOw==\" tabindex=\"-1\" title=\"Alan McLeod en tenue militaire officielle - L\u00e9gion de Stonewall\" width=\"640\" data-caption=\"Alan McLeod en tenue militaire officielle - L&eacute;gion de Stonewall\" data-envira-gallery-id=\"3321\" data-envira-index=\"2\" data-envira-item-id=\"2468\" data-envira-src=\"https:\/\/forvalour.ca\/wp-content\/uploads\/2021\/09\/mcleod-045.jpg\" data-envira-srcset=\"https:\/\/forvalour.ca\/wp-content\/uploads\/2021\/09\/mcleod-045.jpg 400w, https:\/\/forvalour.ca\/wp-content\/uploads\/2021\/09\/mcleod-045.jpg 2x\" data-title=\"Alan McLeod en tenue militaire officielle - L&eacute;gion de Stonewall\" itemprop=\"thumbnailUrl\"  data-envirabox=\"3321\" data-automatic-caption=\"\" data-envira-height=\"300\" data-envira-width=\"190\" \/><\/a><\/div><\/div><div id=\"envira-gallery-item-2471\" class=\"envira-gallery-item envira-gallery-item-4 envira-lazy-load\" style=\"padding-left: 3px; padding-bottom: 5px; padding-right: 3px;\"  itemscope itemtype=\"https:\/\/schema.org\/ImageObject\"><div class=\"envira-gallery-item-inner\"><div class=\"envira-gallery-position-overlay envira-gallery-top-left\"><\/div><div class=\"envira-gallery-position-overlay envira-gallery-top-right\"><\/div><div class=\"envira-gallery-position-overlay envira-gallery-bottom-left\"><\/div><div class=\"envira-gallery-position-overlay envira-gallery-bottom-right\"><\/div><a class=\"envira-gallery-3321 envira-gallery-link-disabled\" href=\"https:\/\/forvalour.ca\/wp-content\/uploads\/2021\/09\/mcleod-046.jpg\" title=\"Observateur de la Premi\u00e8re Guerre mondiale - Service historique et patrimoine de la force a\u00e9rienne\" data-caption=\"Observateur de la Premi&egrave;re Guerre mondiale - Service historique et patrimoine de la force a&eacute;rienne\" data-envira-item-id=\"2471\" data-envira-retina=\"https:\/\/forvalour.ca\/wp-content\/uploads\/2021\/09\/mcleod-046.jpg\" data-thumb=\"https:\/\/forvalour.ca\/wp-content\/uploads\/2021\/09\/mcleod-046-75x50_c.jpg\" data-title=\"Observateur de la Premi&egrave;re Guerre mondiale - Service historique et patrimoine de la force a&eacute;rienne\" data-envirabox='3321' itemprop=\"contentUrl\"><img loading=\"lazy\" decoding=\"async\" src=\"https:\/\/forvalour.ca\/wp-content\/uploads\/2021\/09\/mcleod-046-1024x586.jpg\" alt=\"Observateur de la Premi&egrave;re Guerre mondiale\" class=\"envira-gallery-image envira-gallery-image-4    envira-lazy\" height=\"480\" id=\"envira-gallery-image-2471\" srcset=\"data:image\/gif;base64,R0lGODlhAQABAIAAAP\/\/\/\/\/\/\/yH5BAEKAAEALAAAAAABAAEAAAICTAEAOw==\" tabindex=\"-1\" title=\"Observateur de la Premi\u00e8re Guerre mondiale - Service historique et patrimoine de la force a\u00e9rienne\" width=\"640\" data-caption=\"Observateur de la Premi&egrave;re Guerre mondiale - Service historique et patrimoine de la force a&eacute;rienne\" data-envira-gallery-id=\"3321\" data-envira-index=\"3\" data-envira-item-id=\"2471\" data-envira-src=\"https:\/\/forvalour.ca\/wp-content\/uploads\/2021\/09\/mcleod-046-1024x586.jpg\" data-envira-srcset=\"https:\/\/forvalour.ca\/wp-content\/uploads\/2021\/09\/mcleod-046-1024x586.jpg 400w, https:\/\/forvalour.ca\/wp-content\/uploads\/2021\/09\/mcleod-046-1024x586.jpg 2x\" data-title=\"Observateur de la Premi&egrave;re Guerre mondiale - Service historique et patrimoine de la force a&eacute;rienne\" itemprop=\"thumbnailUrl\"  data-envirabox=\"3321\" data-automatic-caption=\"\" data-envira-height=\"172\" data-envira-width=\"300\" \/><\/a><\/div><\/div><div id=\"envira-gallery-item-2473\" class=\"envira-gallery-item envira-gallery-item-5 envira-lazy-load\" style=\"padding-left: 3px; padding-bottom: 5px; padding-right: 3px;\"  itemscope itemtype=\"https:\/\/schema.org\/ImageObject\"><div class=\"envira-gallery-item-inner\"><div class=\"envira-gallery-position-overlay envira-gallery-top-left\"><\/div><div class=\"envira-gallery-position-overlay envira-gallery-top-right\"><\/div><div class=\"envira-gallery-position-overlay envira-gallery-bottom-left\"><\/div><div class=\"envira-gallery-position-overlay envira-gallery-bottom-right\"><\/div><a class=\"envira-gallery-3321 envira-gallery-link-disabled\" href=\"https:\/\/forvalour.ca\/wp-content\/uploads\/2021\/09\/mcleod-047.jpg\" title=\"M\u00e9dailles d'Alan McLeod - Le Mus\u00e9e canadien de la guerre\" data-caption=\"M&eacute;dailles d&#039;Alan McLeod - Le Mus&eacute;e canadien de la guerre\" data-envira-item-id=\"2473\" data-envira-retina=\"https:\/\/forvalour.ca\/wp-content\/uploads\/2021\/09\/mcleod-047.jpg\" data-thumb=\"https:\/\/forvalour.ca\/wp-content\/uploads\/2021\/09\/mcleod-047-75x50_c.jpg\" data-title=\"M&eacute;dailles d&#039;Alan McLeod - Le Mus&eacute;e canadien de la guerre\" data-envirabox='3321' itemprop=\"contentUrl\"><img loading=\"lazy\" decoding=\"async\" src=\"https:\/\/forvalour.ca\/wp-content\/uploads\/2021\/09\/mcleod-047.jpg\" alt=\"M&eacute;dailles d&amp;#039;Alan McLeod\" class=\"envira-gallery-image envira-gallery-image-5    envira-lazy\" height=\"480\" id=\"envira-gallery-image-2473\" srcset=\"data:image\/gif;base64,R0lGODlhAQABAIAAAP\/\/\/\/\/\/\/yH5BAEKAAEALAAAAAABAAEAAAICTAEAOw==\" tabindex=\"-1\" title=\"M\u00e9dailles d&#039;Alan McLeod - Le Mus\u00e9e canadien de la guerre\" width=\"640\" data-caption=\"M&eacute;dailles d&#039;Alan McLeod - Le Mus&eacute;e canadien de la guerre\" data-envira-gallery-id=\"3321\" data-envira-index=\"4\" data-envira-item-id=\"2473\" data-envira-src=\"https:\/\/forvalour.ca\/wp-content\/uploads\/2021\/09\/mcleod-047.jpg\" data-envira-srcset=\"https:\/\/forvalour.ca\/wp-content\/uploads\/2021\/09\/mcleod-047.jpg 400w, https:\/\/forvalour.ca\/wp-content\/uploads\/2021\/09\/mcleod-047.jpg 2x\" data-title=\"M&eacute;dailles d&#039;Alan McLeod - Le Mus&eacute;e canadien de la guerre\" itemprop=\"thumbnailUrl\"  data-envirabox=\"3321\" data-automatic-caption=\"\" data-envira-height=\"200\" data-envira-width=\"300\" \/><\/a><\/div><\/div><div id=\"envira-gallery-item-2475\" class=\"envira-gallery-item envira-gallery-item-6 envira-lazy-load\" style=\"padding-left: 3px; padding-bottom: 5px; padding-right: 3px;\"  itemscope itemtype=\"https:\/\/schema.org\/ImageObject\"><div class=\"envira-gallery-item-inner\"><div class=\"envira-gallery-position-overlay envira-gallery-top-left\"><\/div><div class=\"envira-gallery-position-overlay envira-gallery-top-right\"><\/div><div class=\"envira-gallery-position-overlay envira-gallery-bottom-left\"><\/div><div class=\"envira-gallery-position-overlay envira-gallery-bottom-right\"><\/div><a class=\"envira-gallery-3321 envira-gallery-link-disabled\" href=\"https:\/\/forvalour.ca\/wp-content\/uploads\/2021\/09\/mcleod-048.jpg\" title=\"Alan McLeod avec le R\u00e9giment Fort Garry Horse - Service historique et patrimoine de la force a\u00e9rienne\" data-caption=\"&lt;p&gt;Alan McLeod avec le R&amp;Atilde;&amp;copy;giment Fort Garry Horse - Service historique et patrimoine de la force a&amp;Atilde;&amp;copy;rienne&lt;\/p&gt;\n\" data-envira-item-id=\"2475\" data-envira-retina=\"https:\/\/forvalour.ca\/wp-content\/uploads\/2021\/09\/mcleod-048.jpg\" data-thumb=\"https:\/\/forvalour.ca\/wp-content\/uploads\/2021\/09\/mcleod-048-75x50_c.jpg\" data-title=\"Alan McLeod avec le R&eacute;giment Fort Garry Horse - Service historique et patrimoine de la force a&eacute;rienne\" data-envirabox='3321' itemprop=\"contentUrl\"><img loading=\"lazy\" decoding=\"async\" src=\"https:\/\/forvalour.ca\/wp-content\/uploads\/2021\/09\/mcleod-048.jpg\" alt=\"Alan McLeod avec le r&eacute;giment Fort Garry Horse\" class=\"envira-gallery-image envira-gallery-image-6    envira-lazy\" height=\"480\" id=\"envira-gallery-image-2475\" srcset=\"data:image\/gif;base64,R0lGODlhAQABAIAAAP\/\/\/\/\/\/\/yH5BAEKAAEALAAAAAABAAEAAAICTAEAOw==\" tabindex=\"-1\" title=\"Alan McLeod avec le R\u00e9giment Fort Garry Horse - Service historique et patrimoine de la force a\u00e9rienne\" width=\"640\" data-caption=\"&lt;p&gt;Alan McLeod avec le R&amp;Atilde;&amp;copy;giment Fort Garry Horse - Service historique et patrimoine de la force a&amp;Atilde;&amp;copy;rienne&lt;\/p&gt;\n\" data-envira-gallery-id=\"3321\" data-envira-index=\"5\" data-envira-item-id=\"2475\" data-envira-src=\"https:\/\/forvalour.ca\/wp-content\/uploads\/2021\/09\/mcleod-048.jpg\" data-envira-srcset=\"https:\/\/forvalour.ca\/wp-content\/uploads\/2021\/09\/mcleod-048.jpg 400w, https:\/\/forvalour.ca\/wp-content\/uploads\/2021\/09\/mcleod-048.jpg 2x\" data-title=\"Alan McLeod avec le R&eacute;giment Fort Garry Horse - Service historique et patrimoine de la force a&eacute;rienne\" itemprop=\"thumbnailUrl\"  data-envirabox=\"3321\" data-automatic-caption=\"\" data-envira-height=\"272\" data-envira-width=\"300\" \/><\/a><\/div><\/div><div id=\"envira-gallery-item-2478\" class=\"envira-gallery-item envira-gallery-item-7 envira-lazy-load\" style=\"padding-left: 3px; padding-bottom: 5px; padding-right: 3px;\"  itemscope itemtype=\"https:\/\/schema.org\/ImageObject\"><div class=\"envira-gallery-item-inner\"><div class=\"envira-gallery-position-overlay envira-gallery-top-left\"><\/div><div class=\"envira-gallery-position-overlay envira-gallery-top-right\"><\/div><div class=\"envira-gallery-position-overlay envira-gallery-bottom-left\"><\/div><div class=\"envira-gallery-position-overlay envira-gallery-bottom-right\"><\/div><a class=\"envira-gallery-3321 envira-gallery-link-disabled\" href=\"https:\/\/forvalour.ca\/wp-content\/uploads\/2021\/09\/mcleod-049.jpg\" title=\"Rapport de presse concernant Alan McLeod - Anviens Combattants Canada\" data-caption=\"Rapport de presse concernant Alan McLeod - Anviens Combattants Canada\" data-envira-item-id=\"2478\" data-envira-retina=\"https:\/\/forvalour.ca\/wp-content\/uploads\/2021\/09\/mcleod-049.jpg\" data-thumb=\"https:\/\/forvalour.ca\/wp-content\/uploads\/2021\/09\/mcleod-049-75x50_c.jpg\" data-title=\"Rapport de presse concernant Alan McLeod - Anviens Combattants Canada\" data-envirabox='3321' itemprop=\"contentUrl\"><img loading=\"lazy\" decoding=\"async\" src=\"https:\/\/forvalour.ca\/wp-content\/uploads\/2021\/09\/mcleod-049.jpg\" alt=\"Article de journal concernant Alan McLeod\" class=\"envira-gallery-image envira-gallery-image-7    envira-lazy\" height=\"480\" id=\"envira-gallery-image-2478\" srcset=\"data:image\/gif;base64,R0lGODlhAQABAIAAAP\/\/\/\/\/\/\/yH5BAEKAAEALAAAAAABAAEAAAICTAEAOw==\" tabindex=\"-1\" title=\"Rapport de presse concernant Alan McLeod - Anviens Combattants Canada\" width=\"640\" data-caption=\"Rapport de presse concernant Alan McLeod - Anviens Combattants Canada\" data-envira-gallery-id=\"3321\" data-envira-index=\"6\" data-envira-item-id=\"2478\" data-envira-src=\"https:\/\/forvalour.ca\/wp-content\/uploads\/2021\/09\/mcleod-049.jpg\" data-envira-srcset=\"https:\/\/forvalour.ca\/wp-content\/uploads\/2021\/09\/mcleod-049.jpg 400w, https:\/\/forvalour.ca\/wp-content\/uploads\/2021\/09\/mcleod-049.jpg 2x\" data-title=\"Rapport de presse concernant Alan McLeod - Anviens Combattants Canada\" itemprop=\"thumbnailUrl\"  data-envirabox=\"3321\" data-automatic-caption=\"\" data-envira-height=\"300\" data-envira-width=\"232\" \/><\/a><\/div><\/div><div id=\"envira-gallery-item-2480\" class=\"envira-gallery-item envira-gallery-item-8 envira-lazy-load\" style=\"padding-left: 3px; padding-bottom: 5px; padding-right: 3px;\"  itemscope itemtype=\"https:\/\/schema.org\/ImageObject\"><div class=\"envira-gallery-item-inner\"><div class=\"envira-gallery-position-overlay envira-gallery-top-left\"><\/div><div class=\"envira-gallery-position-overlay envira-gallery-top-right\"><\/div><div class=\"envira-gallery-position-overlay envira-gallery-bottom-left\"><\/div><div class=\"envira-gallery-position-overlay envira-gallery-bottom-right\"><\/div><a class=\"envira-gallery-3321 envira-gallery-link-disabled\" href=\"https:\/\/forvalour.ca\/wp-content\/uploads\/2021\/09\/mcleod-050.jpg\" title=\"Gros titre pour les fun\u00e9railles d'Alan McLeod - Anviens Combattants Canada\" data-caption=\"Gros titre pour les fun&eacute;railles d&#039;Alan McLeod - Anviens Combattants Canada\" data-envira-item-id=\"2480\" data-envira-retina=\"https:\/\/forvalour.ca\/wp-content\/uploads\/2021\/09\/mcleod-050.jpg\" data-thumb=\"https:\/\/forvalour.ca\/wp-content\/uploads\/2021\/09\/mcleod-050-75x50_c.jpg\" data-title=\"Gros titre pour les fun&eacute;railles d&#039;Alan McLeod - Anviens Combattants Canada\" data-envirabox='3321' itemprop=\"contentUrl\"><img loading=\"lazy\" decoding=\"async\" src=\"https:\/\/forvalour.ca\/wp-content\/uploads\/2021\/09\/mcleod-050-707x1024.jpg\" alt=\"Titre de journal au sujet des fun&eacute;railles d&amp;#039;Alan McLeod\" class=\"envira-gallery-image envira-gallery-image-8    envira-lazy\" height=\"480\" id=\"envira-gallery-image-2480\" srcset=\"data:image\/gif;base64,R0lGODlhAQABAIAAAP\/\/\/\/\/\/\/yH5BAEKAAEALAAAAAABAAEAAAICTAEAOw==\" tabindex=\"-1\" title=\"Gros titre pour les fun\u00e9railles d&#039;Alan McLeod - Anviens Combattants Canada\" width=\"640\" data-caption=\"Gros titre pour les fun&eacute;railles d&#039;Alan McLeod - Anviens Combattants Canada\" data-envira-gallery-id=\"3321\" data-envira-index=\"7\" data-envira-item-id=\"2480\" data-envira-src=\"https:\/\/forvalour.ca\/wp-content\/uploads\/2021\/09\/mcleod-050-707x1024.jpg\" data-envira-srcset=\"https:\/\/forvalour.ca\/wp-content\/uploads\/2021\/09\/mcleod-050-707x1024.jpg 400w, https:\/\/forvalour.ca\/wp-content\/uploads\/2021\/09\/mcleod-050-707x1024.jpg 2x\" data-title=\"Gros titre pour les fun&eacute;railles d&#039;Alan McLeod - Anviens Combattants Canada\" itemprop=\"thumbnailUrl\"  data-envirabox=\"3321\" data-automatic-caption=\"\" data-envira-height=\"300\" data-envira-width=\"207\" \/><\/a><\/div><\/div><div id=\"envira-gallery-item-2483\" class=\"envira-gallery-item envira-gallery-item-9 envira-lazy-load\" style=\"padding-left: 3px; padding-bottom: 5px; padding-right: 3px;\"  itemscope itemtype=\"https:\/\/schema.org\/ImageObject\"><div class=\"envira-gallery-item-inner\"><div class=\"envira-gallery-position-overlay envira-gallery-top-left\"><\/div><div class=\"envira-gallery-position-overlay envira-gallery-top-right\"><\/div><div class=\"envira-gallery-position-overlay envira-gallery-bottom-left\"><\/div><div class=\"envira-gallery-position-overlay envira-gallery-bottom-right\"><\/div><a class=\"envira-gallery-3321 envira-gallery-link-disabled\" href=\"https:\/\/forvalour.ca\/wp-content\/uploads\/2021\/09\/mcleod-051.jpg\" title=\"Pilotes d'Armstrong Whitworth F.K.8 - Service historique et patrimoine de la force a\u00e9rienne\" data-caption=\"Pilotes d&#039;Armstrong Whitworth F.K.8 - Service historique et patrimoine de la force a&eacute;rienne\" data-envira-item-id=\"2483\" data-envira-retina=\"https:\/\/forvalour.ca\/wp-content\/uploads\/2021\/09\/mcleod-051.jpg\" data-thumb=\"https:\/\/forvalour.ca\/wp-content\/uploads\/2021\/09\/mcleod-051-75x50_c.jpg\" data-title=\"Pilotes d&#039;Armstrong Whitworth F.K.8 - Service historique et patrimoine de la force a&eacute;rienne\" data-envirabox='3321' itemprop=\"contentUrl\"><img loading=\"lazy\" decoding=\"async\" src=\"https:\/\/forvalour.ca\/wp-content\/uploads\/2021\/09\/mcleod-051.jpg\" alt=\"Pilotes d&amp;#039;Armstrong Whitworth F.K.8\" class=\"envira-gallery-image envira-gallery-image-9    envira-lazy\" height=\"480\" id=\"envira-gallery-image-2483\" srcset=\"data:image\/gif;base64,R0lGODlhAQABAIAAAP\/\/\/\/\/\/\/yH5BAEKAAEALAAAAAABAAEAAAICTAEAOw==\" tabindex=\"-1\" title=\"Pilotes d&#039;Armstrong Whitworth F.K.8 - Service historique et patrimoine de la force a\u00e9rienne\" width=\"640\" data-caption=\"Pilotes d&#039;Armstrong Whitworth F.K.8 - Service historique et patrimoine de la force a&eacute;rienne\" data-envira-gallery-id=\"3321\" data-envira-index=\"8\" data-envira-item-id=\"2483\" data-envira-src=\"https:\/\/forvalour.ca\/wp-content\/uploads\/2021\/09\/mcleod-051.jpg\" data-envira-srcset=\"https:\/\/forvalour.ca\/wp-content\/uploads\/2021\/09\/mcleod-051.jpg 400w, https:\/\/forvalour.ca\/wp-content\/uploads\/2021\/09\/mcleod-051.jpg 2x\" data-title=\"Pilotes d&#039;Armstrong Whitworth F.K.8 - Service historique et patrimoine de la force a&eacute;rienne\" itemprop=\"thumbnailUrl\"  data-envirabox=\"3321\" data-automatic-caption=\"\" data-envira-height=\"128\" data-envira-width=\"300\" \/><\/a><\/div><\/div><div id=\"envira-gallery-item-2485\" class=\"envira-gallery-item envira-gallery-item-10 envira-lazy-load\" style=\"padding-left: 3px; padding-bottom: 5px; padding-right: 3px;\"  itemscope itemtype=\"https:\/\/schema.org\/ImageObject\"><div class=\"envira-gallery-item-inner\"><div class=\"envira-gallery-position-overlay envira-gallery-top-left\"><\/div><div class=\"envira-gallery-position-overlay envira-gallery-top-right\"><\/div><div class=\"envira-gallery-position-overlay envira-gallery-bottom-left\"><\/div><div class=\"envira-gallery-position-overlay envira-gallery-bottom-right\"><\/div><a class=\"envira-gallery-3321 envira-gallery-link-disabled\" href=\"https:\/\/forvalour.ca\/wp-content\/uploads\/2021\/09\/mcleod-052.jpg\" title=\"Pilote d'Armstrong Whitworth F.K.8 et \u00e9quipage au sol - Service historique et patrimoine de la force a\u00e9rienne\" data-caption=\"&lt;p&gt;Pilote d&#039;Armstrong Whitworth F.K.8 et &amp;Atilde;&amp;copy;quipage au sol - Service historique et patrimoine de la force a&amp;Atilde;&amp;copy;rienne&lt;\/p&gt;\n\" data-envira-item-id=\"2485\" data-envira-retina=\"https:\/\/forvalour.ca\/wp-content\/uploads\/2021\/09\/mcleod-052.jpg\" data-thumb=\"https:\/\/forvalour.ca\/wp-content\/uploads\/2021\/09\/mcleod-052-75x50_c.jpg\" data-title=\"Pilote d&#039;Armstrong Whitworth F.K.8 et &eacute;quipage au sol - Service historique et patrimoine de la force a&eacute;rienne\" data-envirabox='3321' itemprop=\"contentUrl\"><img loading=\"lazy\" decoding=\"async\" src=\"https:\/\/forvalour.ca\/wp-content\/uploads\/2021\/09\/mcleod-052.jpg\" alt=\"Pilote d&amp;#039;Armstrong Whitworth F.K.8 et &eacute;quipage au sol\" class=\"envira-gallery-image envira-gallery-image-10    envira-lazy\" height=\"480\" id=\"envira-gallery-image-2485\" srcset=\"data:image\/gif;base64,R0lGODlhAQABAIAAAP\/\/\/\/\/\/\/yH5BAEKAAEALAAAAAABAAEAAAICTAEAOw==\" tabindex=\"-1\" title=\"Pilote d&#039;Armstrong Whitworth F.K.8 et \u00e9quipage au sol - Service historique et patrimoine de la force a\u00e9rienne\" width=\"640\" data-caption=\"&lt;p&gt;Pilote d&#039;Armstrong Whitworth F.K.8 et &amp;Atilde;&amp;copy;quipage au sol - Service historique et patrimoine de la force a&amp;Atilde;&amp;copy;rienne&lt;\/p&gt;\n\" data-envira-gallery-id=\"3321\" data-envira-index=\"9\" data-envira-item-id=\"2485\" data-envira-src=\"https:\/\/forvalour.ca\/wp-content\/uploads\/2021\/09\/mcleod-052.jpg\" data-envira-srcset=\"https:\/\/forvalour.ca\/wp-content\/uploads\/2021\/09\/mcleod-052.jpg 400w, https:\/\/forvalour.ca\/wp-content\/uploads\/2021\/09\/mcleod-052.jpg 2x\" data-title=\"Pilote d&#039;Armstrong Whitworth F.K.8 et &eacute;quipage au sol - Service historique et patrimoine de la force a&eacute;rienne\" itemprop=\"thumbnailUrl\"  data-envirabox=\"3321\" data-automatic-caption=\"\" data-envira-height=\"127\" data-envira-width=\"300\" \/><\/a><\/div><\/div><div id=\"envira-gallery-item-2488\" class=\"envira-gallery-item envira-gallery-item-11 envira-lazy-load\" style=\"padding-left: 3px; padding-bottom: 5px; padding-right: 3px;\"  itemscope itemtype=\"https:\/\/schema.org\/ImageObject\"><div class=\"envira-gallery-item-inner\"><div class=\"envira-gallery-position-overlay envira-gallery-top-left\"><\/div><div class=\"envira-gallery-position-overlay envira-gallery-top-right\"><\/div><div class=\"envira-gallery-position-overlay envira-gallery-bottom-left\"><\/div><div class=\"envira-gallery-position-overlay envira-gallery-bottom-right\"><\/div><a class=\"envira-gallery-3321 envira-gallery-link-disabled\" href=\"https:\/\/forvalour.ca\/wp-content\/uploads\/2021\/09\/mcleod-070.jpg\" title=\"Maison familiale d'Alan McLeod - J Jameson\" data-caption=\"Maison familiale d&#039;Alan McLeod - J Jameson\" data-envira-item-id=\"2488\" data-envira-retina=\"https:\/\/forvalour.ca\/wp-content\/uploads\/2021\/09\/mcleod-070.jpg\" data-thumb=\"https:\/\/forvalour.ca\/wp-content\/uploads\/2021\/09\/mcleod-070-75x50_c.jpg\" data-title=\"Maison familiale d&#039;Alan McLeod - J Jameson\" data-envirabox='3321' itemprop=\"contentUrl\"><img loading=\"lazy\" decoding=\"async\" src=\"https:\/\/forvalour.ca\/wp-content\/uploads\/2021\/09\/mcleod-070.jpg\" alt=\"Maison familiale d&amp;#039;Alan McLeod\" class=\"envira-gallery-image envira-gallery-image-11    envira-lazy\" height=\"480\" id=\"envira-gallery-image-2488\" srcset=\"data:image\/gif;base64,R0lGODlhAQABAIAAAP\/\/\/\/\/\/\/yH5BAEKAAEALAAAAAABAAEAAAICTAEAOw==\" tabindex=\"-1\" title=\"Maison familiale d&#039;Alan McLeod - J Jameson\" width=\"640\" data-caption=\"Maison familiale d&#039;Alan McLeod - J Jameson\" data-envira-gallery-id=\"3321\" data-envira-index=\"10\" data-envira-item-id=\"2488\" data-envira-src=\"https:\/\/forvalour.ca\/wp-content\/uploads\/2021\/09\/mcleod-070.jpg\" data-envira-srcset=\"https:\/\/forvalour.ca\/wp-content\/uploads\/2021\/09\/mcleod-070.jpg 400w, https:\/\/forvalour.ca\/wp-content\/uploads\/2021\/09\/mcleod-070.jpg 2x\" data-title=\"Maison familiale d&#039;Alan McLeod - J Jameson\" itemprop=\"thumbnailUrl\"  data-envirabox=\"3321\" data-automatic-caption=\"\" data-envira-height=\"211\" data-envira-width=\"300\" \/><\/a><\/div><\/div><div id=\"envira-gallery-item-2490\" class=\"envira-gallery-item envira-gallery-item-12 envira-lazy-load\" style=\"padding-left: 3px; padding-bottom: 5px; padding-right: 3px;\"  itemscope itemtype=\"https:\/\/schema.org\/ImageObject\"><div class=\"envira-gallery-item-inner\"><div class=\"envira-gallery-position-overlay envira-gallery-top-left\"><\/div><div class=\"envira-gallery-position-overlay envira-gallery-top-right\"><\/div><div class=\"envira-gallery-position-overlay envira-gallery-bottom-left\"><\/div><div class=\"envira-gallery-position-overlay envira-gallery-bottom-right\"><\/div><a class=\"envira-gallery-3321 envira-gallery-link-disabled\" href=\"https:\/\/forvalour.ca\/wp-content\/uploads\/2021\/09\/mcleod-072.jpg\" title=\"Murale comm\u00e9morative d'Alan McLeod - J Jameson\" data-caption=\"Murale comm&eacute;morative d&#039;Alan McLeod - J Jameson\" data-envira-item-id=\"2490\" data-envira-retina=\"https:\/\/forvalour.ca\/wp-content\/uploads\/2021\/09\/mcleod-072.jpg\" data-thumb=\"https:\/\/forvalour.ca\/wp-content\/uploads\/2021\/09\/mcleod-072-75x50_c.jpg\" data-title=\"Murale comm&eacute;morative d&#039;Alan McLeod - J Jameson\" data-envirabox='3321' itemprop=\"contentUrl\"><img loading=\"lazy\" decoding=\"async\" src=\"https:\/\/forvalour.ca\/wp-content\/uploads\/2021\/09\/mcleod-072.jpg\" alt=\"Murale comm&eacute;morative d&amp;#039;Alan McLeod\" class=\"envira-gallery-image envira-gallery-image-12    envira-lazy\" height=\"480\" id=\"envira-gallery-image-2490\" srcset=\"data:image\/gif;base64,R0lGODlhAQABAIAAAP\/\/\/\/\/\/\/yH5BAEKAAEALAAAAAABAAEAAAICTAEAOw==\" tabindex=\"-1\" title=\"Murale comm\u00e9morative d&#039;Alan McLeod - J Jameson\" width=\"640\" data-caption=\"Murale comm&eacute;morative d&#039;Alan McLeod - J Jameson\" data-envira-gallery-id=\"3321\" data-envira-index=\"11\" data-envira-item-id=\"2490\" data-envira-src=\"https:\/\/forvalour.ca\/wp-content\/uploads\/2021\/09\/mcleod-072.jpg\" data-envira-srcset=\"https:\/\/forvalour.ca\/wp-content\/uploads\/2021\/09\/mcleod-072.jpg 400w, https:\/\/forvalour.ca\/wp-content\/uploads\/2021\/09\/mcleod-072.jpg 2x\" data-title=\"Murale comm&eacute;morative d&#039;Alan McLeod - J Jameson\" itemprop=\"thumbnailUrl\"  data-envirabox=\"3321\" data-automatic-caption=\"\" data-envira-height=\"192\" data-envira-width=\"300\" \/><\/a><\/div><\/div><div id=\"envira-gallery-item-2493\" class=\"envira-gallery-item envira-gallery-item-13 envira-lazy-load\" style=\"padding-left: 3px; padding-bottom: 5px; padding-right: 3px;\"  itemscope itemtype=\"https:\/\/schema.org\/ImageObject\"><div class=\"envira-gallery-item-inner\"><div class=\"envira-gallery-position-overlay envira-gallery-top-left\"><\/div><div class=\"envira-gallery-position-overlay envira-gallery-top-right\"><\/div><div class=\"envira-gallery-position-overlay envira-gallery-bottom-left\"><\/div><div class=\"envira-gallery-position-overlay envira-gallery-bottom-right\"><\/div><a class=\"envira-gallery-3321 envira-gallery-link-disabled\" href=\"https:\/\/forvalour.ca\/wp-content\/uploads\/2021\/09\/mcleod-074.jpg\" title=\"Alan McLeod (troisi\u00e8me depuis la gauche) avec des coll\u00e8gues pilotes - D\u00e9partement des collections sp\u00e9ciales - Biblioth\u00e8que McDermott, Universit\u00e9 du Texas \u00e0 Dallas\" data-caption=\"&lt;p&gt;Alan McLeod (troisi&amp;Atilde;&amp;uml;me depuis la gauche) avec des coll&amp;Atilde;&amp;uml;gues pilotes - D&amp;Atilde;&amp;copy;partement des collections sp&amp;Atilde;&amp;copy;ciales - Biblioth&amp;Atilde;&amp;uml;que McDermott, Universit&amp;Atilde;&amp;copy; du Texas &amp;Atilde;&amp;nbsp; Dallas&lt;\/p&gt;\n\" data-envira-item-id=\"2493\" data-envira-retina=\"https:\/\/forvalour.ca\/wp-content\/uploads\/2021\/09\/mcleod-074.jpg\" data-thumb=\"https:\/\/forvalour.ca\/wp-content\/uploads\/2021\/09\/mcleod-074-75x50_c.jpg\" data-title=\"Alan McLeod (troisi&egrave;me depuis la gauche) avec des coll&egrave;gues pilotes - D&eacute;partement des collections sp&eacute;ciales - Biblioth&egrave;que McDermott, Universit&eacute; du Texas &agrave; Dallas\" data-envirabox='3321' itemprop=\"contentUrl\"><img loading=\"lazy\" decoding=\"async\" src=\"https:\/\/forvalour.ca\/wp-content\/uploads\/2021\/09\/mcleod-074.jpg\" alt=\"Alan McLeod avec des coll&egrave;gues pilotes\" class=\"envira-gallery-image envira-gallery-image-13    envira-lazy\" height=\"480\" id=\"envira-gallery-image-2493\" srcset=\"data:image\/gif;base64,R0lGODlhAQABAIAAAP\/\/\/\/\/\/\/yH5BAEKAAEALAAAAAABAAEAAAICTAEAOw==\" tabindex=\"-1\" title=\"Alan McLeod (troisi\u00e8me depuis la gauche) avec des coll\u00e8gues pilotes - D\u00e9partement des collections sp\u00e9ciales - Biblioth\u00e8que McDermott, Universit\u00e9 du Texas \u00e0 Dallas\" width=\"640\" data-caption=\"&lt;p&gt;Alan McLeod (troisi&amp;Atilde;&amp;uml;me depuis la gauche) avec des coll&amp;Atilde;&amp;uml;gues pilotes - D&amp;Atilde;&amp;copy;partement des collections sp&amp;Atilde;&amp;copy;ciales - Biblioth&amp;Atilde;&amp;uml;que McDermott, Universit&amp;Atilde;&amp;copy; du Texas &amp;Atilde;&amp;nbsp; Dallas&lt;\/p&gt;\n\" data-envira-gallery-id=\"3321\" data-envira-index=\"12\" data-envira-item-id=\"2493\" data-envira-src=\"https:\/\/forvalour.ca\/wp-content\/uploads\/2021\/09\/mcleod-074.jpg\" data-envira-srcset=\"https:\/\/forvalour.ca\/wp-content\/uploads\/2021\/09\/mcleod-074.jpg 400w, https:\/\/forvalour.ca\/wp-content\/uploads\/2021\/09\/mcleod-074.jpg 2x\" data-title=\"Alan McLeod (troisi&egrave;me depuis la gauche) avec des coll&egrave;gues pilotes - D&eacute;partement des collections sp&eacute;ciales - Biblioth&egrave;que McDermott, Universit&eacute; du Texas &agrave; Dallas\" itemprop=\"thumbnailUrl\"  data-envirabox=\"3321\" data-automatic-caption=\"\" data-envira-height=\"198\" data-envira-width=\"300\" \/><\/a><\/div><\/div><div id=\"envira-gallery-item-2495\" class=\"envira-gallery-item envira-gallery-item-14 envira-lazy-load\" style=\"padding-left: 3px; padding-bottom: 5px; padding-right: 3px;\"  itemscope itemtype=\"https:\/\/schema.org\/ImageObject\"><div class=\"envira-gallery-item-inner\"><div class=\"envira-gallery-position-overlay envira-gallery-top-left\"><\/div><div class=\"envira-gallery-position-overlay envira-gallery-top-right\"><\/div><div class=\"envira-gallery-position-overlay envira-gallery-bottom-left\"><\/div><div class=\"envira-gallery-position-overlay envira-gallery-bottom-right\"><\/div><a class=\"envira-gallery-3321 envira-gallery-link-disabled\" href=\"https:\/\/forvalour.ca\/wp-content\/uploads\/2021\/09\/mcleod-076.jpg\" title=\"Alan McLeod (quatri\u00e8me depuis la gauche) montant dans un train en compagnie de coll\u00e8gues officiers - D\u00e9partement des collections sp\u00e9ciales - Biblioth\u00e8que McDermott, Universit\u00e9 du Texas \u00e0 Dallas\" data-caption=\"&lt;p&gt;Alan McLeod (quatri&amp;Atilde;&amp;uml;me depuis la gauche) montant dans un train en compagnie de coll&amp;Atilde;&amp;uml;gues officiers - D&amp;Atilde;&amp;copy;partement des collections sp&amp;Atilde;&amp;copy;ciales - Biblioth&amp;Atilde;&amp;uml;que McDermott, Universit&amp;Atilde;&amp;copy; du Texas &amp;Atilde;&amp;nbsp; Dallas&lt;\/p&gt;\n\" data-envira-item-id=\"2495\" data-envira-retina=\"https:\/\/forvalour.ca\/wp-content\/uploads\/2021\/09\/mcleod-076.jpg\" data-thumb=\"https:\/\/forvalour.ca\/wp-content\/uploads\/2021\/09\/mcleod-076-75x50_c.jpg\" data-title=\"Alan McLeod (quatri&egrave;me depuis la gauche) montant dans un train en compagnie de coll&egrave;gues officiers - D&eacute;partement des collections sp&eacute;ciales - Biblioth&egrave;que McDermott, Universit&eacute; du Texas &agrave; Dallas\" data-envirabox='3321' itemprop=\"contentUrl\"><img loading=\"lazy\" decoding=\"async\" src=\"https:\/\/forvalour.ca\/wp-content\/uploads\/2021\/09\/mcleod-076.jpg\" alt=\"Alan McLeod montant dans un train en compagnie de coll&egrave;gues officiers\" class=\"envira-gallery-image envira-gallery-image-14    envira-lazy\" height=\"480\" id=\"envira-gallery-image-2495\" srcset=\"data:image\/gif;base64,R0lGODlhAQABAIAAAP\/\/\/\/\/\/\/yH5BAEKAAEALAAAAAABAAEAAAICTAEAOw==\" tabindex=\"-1\" title=\"Alan McLeod (quatri\u00e8me depuis la gauche) montant dans un train en compagnie de coll\u00e8gues officiers - D\u00e9partement des collections sp\u00e9ciales - Biblioth\u00e8que McDermott, Universit\u00e9 du Texas \u00e0 Dallas\" width=\"640\" data-caption=\"&lt;p&gt;Alan McLeod (quatri&amp;Atilde;&amp;uml;me depuis la gauche) montant dans un train en compagnie de coll&amp;Atilde;&amp;uml;gues officiers - D&amp;Atilde;&amp;copy;partement des collections sp&amp;Atilde;&amp;copy;ciales - Biblioth&amp;Atilde;&amp;uml;que McDermott, Universit&amp;Atilde;&amp;copy; du Texas &amp;Atilde;&amp;nbsp; Dallas&lt;\/p&gt;\n\" data-envira-gallery-id=\"3321\" data-envira-index=\"13\" data-envira-item-id=\"2495\" data-envira-src=\"https:\/\/forvalour.ca\/wp-content\/uploads\/2021\/09\/mcleod-076.jpg\" data-envira-srcset=\"https:\/\/forvalour.ca\/wp-content\/uploads\/2021\/09\/mcleod-076.jpg 400w, https:\/\/forvalour.ca\/wp-content\/uploads\/2021\/09\/mcleod-076.jpg 2x\" data-title=\"Alan McLeod (quatri&egrave;me depuis la gauche) montant dans un train en compagnie de coll&egrave;gues officiers - D&eacute;partement des collections sp&eacute;ciales - Biblioth&egrave;que McDermott, Universit&eacute; du Texas &agrave; Dallas\" itemprop=\"thumbnailUrl\"  data-envirabox=\"3321\" data-automatic-caption=\"\" data-envira-height=\"201\" data-envira-width=\"300\" \/><\/a><\/div><\/div><div id=\"envira-gallery-item-2497\" class=\"envira-gallery-item envira-gallery-item-15 envira-lazy-load\" style=\"padding-left: 3px; padding-bottom: 5px; padding-right: 3px;\"  itemscope itemtype=\"https:\/\/schema.org\/ImageObject\"><div class=\"envira-gallery-item-inner\"><div class=\"envira-gallery-position-overlay envira-gallery-top-left\"><\/div><div class=\"envira-gallery-position-overlay envira-gallery-top-right\"><\/div><div class=\"envira-gallery-position-overlay envira-gallery-bottom-left\"><\/div><div class=\"envira-gallery-position-overlay envira-gallery-bottom-right\"><\/div><a class=\"envira-gallery-3321 envira-gallery-link-disabled\" href=\"https:\/\/forvalour.ca\/wp-content\/uploads\/2021\/09\/mcleod-078.jpg\" title=\"Fun\u00e9railles de McLeod - Anciens Combattants Canada\" data-caption=\"Fun&eacute;railles de McLeod - Anciens Combattants Canada\" data-envira-item-id=\"2497\" data-envira-retina=\"https:\/\/forvalour.ca\/wp-content\/uploads\/2021\/09\/mcleod-078.jpg\" data-thumb=\"https:\/\/forvalour.ca\/wp-content\/uploads\/2021\/09\/mcleod-078-75x50_c.jpg\" data-title=\"Fun&eacute;railles de McLeod - Anciens Combattants Canada\" data-envirabox='3321' itemprop=\"contentUrl\"><img loading=\"lazy\" decoding=\"async\" src=\"https:\/\/forvalour.ca\/wp-content\/uploads\/2021\/09\/mcleod-078.jpg\" alt=\"Fun&eacute;railles de McLeod\" class=\"envira-gallery-image envira-gallery-image-15    envira-lazy\" height=\"480\" id=\"envira-gallery-image-2497\" srcset=\"data:image\/gif;base64,R0lGODlhAQABAIAAAP\/\/\/\/\/\/\/yH5BAEKAAEALAAAAAABAAEAAAICTAEAOw==\" tabindex=\"-1\" title=\"Fun\u00e9railles de McLeod - Anciens Combattants Canada\" width=\"640\" data-caption=\"Fun&eacute;railles de McLeod - Anciens Combattants Canada\" data-envira-gallery-id=\"3321\" data-envira-index=\"14\" data-envira-item-id=\"2497\" data-envira-src=\"https:\/\/forvalour.ca\/wp-content\/uploads\/2021\/09\/mcleod-078.jpg\" data-envira-srcset=\"https:\/\/forvalour.ca\/wp-content\/uploads\/2021\/09\/mcleod-078.jpg 400w, https:\/\/forvalour.ca\/wp-content\/uploads\/2021\/09\/mcleod-078.jpg 2x\" data-title=\"Fun&eacute;railles de McLeod - Anciens Combattants Canada\" itemprop=\"thumbnailUrl\"  data-envirabox=\"3321\" data-automatic-caption=\"\" data-envira-height=\"217\" data-envira-width=\"300\" \/><\/a><\/div><\/div><div id=\"envira-gallery-item-2499\" class=\"envira-gallery-item envira-gallery-item-16 envira-lazy-load\" style=\"padding-left: 3px; padding-bottom: 5px; padding-right: 3px;\"  itemscope itemtype=\"https:\/\/schema.org\/ImageObject\"><div class=\"envira-gallery-item-inner\"><div class=\"envira-gallery-position-overlay envira-gallery-top-left\"><\/div><div class=\"envira-gallery-position-overlay envira-gallery-top-right\"><\/div><div class=\"envira-gallery-position-overlay envira-gallery-bottom-left\"><\/div><div class=\"envira-gallery-position-overlay envira-gallery-bottom-right\"><\/div><a class=\"envira-gallery-3321 envira-gallery-link-disabled\" href=\"https:\/\/forvalour.ca\/wp-content\/uploads\/2021\/09\/mcleod-084.jpg\" title=\"Lt. McLeod \u00e0 Londres - Anciens Combattants Canada\" data-caption=\"Lt. McLeod &agrave; Londres - Anciens Combattants Canada\" data-envira-item-id=\"2499\" data-envira-retina=\"https:\/\/forvalour.ca\/wp-content\/uploads\/2021\/09\/mcleod-084.jpg\" data-thumb=\"https:\/\/forvalour.ca\/wp-content\/uploads\/2021\/09\/mcleod-084-75x50_c.jpg\" data-title=\"Lt. McLeod &agrave; Londres - Anciens Combattants Canada\" data-envirabox='3321' itemprop=\"contentUrl\"><img loading=\"lazy\" decoding=\"async\" src=\"https:\/\/forvalour.ca\/wp-content\/uploads\/2021\/09\/mcleod-084.jpg\" alt=\"Lieutenant McLeod &agrave; Londres\" class=\"envira-gallery-image envira-gallery-image-16    envira-lazy\" height=\"480\" id=\"envira-gallery-image-2499\" srcset=\"data:image\/gif;base64,R0lGODlhAQABAIAAAP\/\/\/\/\/\/\/yH5BAEKAAEALAAAAAABAAEAAAICTAEAOw==\" tabindex=\"-1\" title=\"Lt. McLeod \u00e0 Londres - Anciens Combattants Canada\" width=\"640\" data-caption=\"Lt. McLeod &agrave; Londres - Anciens Combattants Canada\" data-envira-gallery-id=\"3321\" data-envira-index=\"15\" data-envira-item-id=\"2499\" data-envira-src=\"https:\/\/forvalour.ca\/wp-content\/uploads\/2021\/09\/mcleod-084.jpg\" data-envira-srcset=\"https:\/\/forvalour.ca\/wp-content\/uploads\/2021\/09\/mcleod-084.jpg 400w, https:\/\/forvalour.ca\/wp-content\/uploads\/2021\/09\/mcleod-084.jpg 2x\" data-title=\"Lt. McLeod &agrave; Londres - Anciens Combattants Canada\" itemprop=\"thumbnailUrl\"  data-envirabox=\"3321\" data-automatic-caption=\"\" data-envira-height=\"300\" data-envira-width=\"197\" \/><\/a><\/div><\/div><\/div><\/div><noscript><img src='https:\/\/forvalour.ca\/wp-content\/uploads\/2021\/09\/mcleod-040.jpg' alt='Alan McLeod avec des coll\u00e8gues pilotes' class='envira_noscript_images ' \/><img src='https:\/\/forvalour.ca\/wp-content\/uploads\/2021\/09\/mcleod-041.jpg' alt='Alan McLeod dans un lit d&#039;h\u00f4pital' class='envira_noscript_images ' \/><img src='https:\/\/forvalour.ca\/wp-content\/uploads\/2021\/09\/mcleod-045.jpg' alt='Alan McLeod en tenue militaire officielle' class='envira_noscript_images ' \/><img src='https:\/\/forvalour.ca\/wp-content\/uploads\/2021\/09\/mcleod-046.jpg' alt='Observateur de la Premi\u00e8re Guerre mondiale' class='envira_noscript_images ' \/><img src='https:\/\/forvalour.ca\/wp-content\/uploads\/2021\/09\/mcleod-047.jpg' alt='M\u00e9dailles d&#039;Alan McLeod' class='envira_noscript_images ' \/><img src='https:\/\/forvalour.ca\/wp-content\/uploads\/2021\/09\/mcleod-048.jpg' alt='Alan McLeod avec le r\u00e9giment Fort Garry Horse' class='envira_noscript_images ' \/><img src='https:\/\/forvalour.ca\/wp-content\/uploads\/2021\/09\/mcleod-049.jpg' alt='Article de journal concernant Alan McLeod' class='envira_noscript_images ' \/><img src='https:\/\/forvalour.ca\/wp-content\/uploads\/2021\/09\/mcleod-050.jpg' alt='Titre de journal au sujet des fun\u00e9railles d&#039;Alan McLeod' class='envira_noscript_images ' \/><img src='https:\/\/forvalour.ca\/wp-content\/uploads\/2021\/09\/mcleod-051.jpg' alt='Pilotes d&#039;Armstrong Whitworth F.K.8' class='envira_noscript_images ' \/><img src='https:\/\/forvalour.ca\/wp-content\/uploads\/2021\/09\/mcleod-052.jpg' alt='Pilote d&#039;Armstrong Whitworth F.K.8 et \u00e9quipage au sol' class='envira_noscript_images ' \/><img src='https:\/\/forvalour.ca\/wp-content\/uploads\/2021\/09\/mcleod-070.jpg' alt='Maison familiale d&#039;Alan McLeod' class='envira_noscript_images ' \/><img src='https:\/\/forvalour.ca\/wp-content\/uploads\/2021\/09\/mcleod-072.jpg' alt='Murale comm\u00e9morative d&#039;Alan McLeod' class='envira_noscript_images ' \/><img src='https:\/\/forvalour.ca\/wp-content\/uploads\/2021\/09\/mcleod-074.jpg' alt='Alan McLeod avec des coll\u00e8gues pilotes' class='envira_noscript_images ' \/><img src='https:\/\/forvalour.ca\/wp-content\/uploads\/2021\/09\/mcleod-076.jpg' alt='Alan McLeod montant dans un train en compagnie de coll\u00e8gues officiers' class='envira_noscript_images ' \/><img src='https:\/\/forvalour.ca\/wp-content\/uploads\/2021\/09\/mcleod-078.jpg' alt='Fun\u00e9railles de McLeod' class='envira_noscript_images ' \/><img src='https:\/\/forvalour.ca\/wp-content\/uploads\/2021\/09\/mcleod-084.jpg' alt='Lieutenant McLeod \u00e0 Londres' class='envira_noscript_images ' \/><\/noscript><\/div>\n\n\n\n<h4 class=\"wp-block-heading\">Outils de guerre<\/h4>\n\n\n\n<div class=\"wp-block-envira-envira-gallery\"><div id=\"envira-gallery-wrap-3322\" class=\"envira-default-gallery envira-gallery-wrap envira-lazy-loading-enabled envira-layout-automatic\" itemscope itemtype=\"https:\/\/schema.org\/ImageGallery\"><div class=\"envira-loader\"><div><\/div><div><\/div><div><\/div><div><\/div><\/div><div id=\"envira-gallery-3322\" class=\"envira-gallery-public envira-gallery-0-columns envira-clear envira-gallery-justified-public\" data-envira-id=\"3322\" data-gallery-config='{\"type\":\"default\",\"layout\":\"automatic\",\"columns\":\"0\",\"gallery_theme\":\"base\",\"justified_margins\":5,\"justified_last_row\":\"nojustify\",\"lazy_loading\":1,\"lazy_loading_delay\":500,\"gutter\":5,\"margin\":5,\"image_size\":\"default\",\"square_size\":300,\"crop_width\":640,\"crop_height\":480,\"crop\":0,\"crop_position\":\"c\",\"additional_copy_0\":0,\"additional_copy_title\":0,\"additional_copy_caption\":0,\"additional_copy_title_caption\":0,\"additional_copy_0_mobile\":0,\"additional_copy_title_mobile\":0,\"additional_copy_caption_mobile\":0,\"additional_copy_title_caption_mobile\":0,\"gallery_column_title_caption\":\"0\",\"gallery_column_title_caption_mobile\":\"0\",\"additional_copy_automatic_0\":0,\"additional_copy_automatic_title\":0,\"additional_copy_automatic_caption\":0,\"additional_copy_automatic_title_caption\":0,\"additional_copy_automatic_0_mobile\":0,\"additional_copy_automatic_title_mobile\":0,\"additional_copy_automatic_caption_mobile\":0,\"additional_copy_automatic_title_caption_mobile\":0,\"gallery_automatic_title_caption\":\"0\",\"gallery_automatic_title_caption_mobile\":\"0\",\"justified_row_height\":150,\"description_position\":\"0\",\"description\":\"\",\"random\":\"0\",\"sort_order\":\"0\",\"sorting_direction\":\"ASC\",\"image_sizes_random\":[],\"isotope\":0,\"lightbox_enabled\":0,\"gallery_link_enabled\":1,\"lightbox_theme\":\"base_dark\",\"lightbox_image_size\":\"default\",\"title_display\":\"float\",\"lightbox_title_caption\":\"title\",\"arrows\":1,\"arrows_position\":\"inside\",\"toolbar\":0,\"toolbar_title\":0,\"toolbar_position\":\"top\",\"loop\":1,\"lightbox_open_close_effect\":\"fade\",\"effect\":\"fade\",\"supersize\":0,\"thumbnails_toggle\":0,\"thumbnails_hide\":0,\"image_counter\":0,\"thumbnails\":0,\"thumbnails_width\":\"auto\",\"thumbnails_height\":\"auto\",\"thumbnails_position\":\"bottom\",\"thumbnails_custom_size\":0,\"mobile\":0,\"mobile_width\":320,\"mobile_height\":240,\"mobile_lightbox\":0,\"mobile_gallery_link_enabled\":1,\"mobile_arrows\":1,\"mobile_toolbar\":1,\"mobile_thumbnails\":0,\"mobile_touchwipe_close\":1,\"mobile_thumbnails_width\":75,\"mobile_thumbnails_height\":50,\"mobile_justified_row_height\":80,\"keyboard\":true,\"standalone_template\":\"\",\"classes\":[\"envira-default-gallery\"],\"rtl\":0,\"slug\":\"alan-mcleod-phototheque-outils-de-guerre\",\"fullscreen\":0,\"open_fullscreen\":0,\"zoom\":0,\"zoom_hover\":0,\"zoom_position\":\"upper-left\",\"zoom_type\":\"basic\",\"zoom_effect\":\"fade-in\",\"zoom_lens_shape\":\"round\",\"zoom_lens_cursor\":1,\"zoom_window_size\":\"medium\",\"zoom_tint_color\":\"\",\"zoom_tint_color_opacity\":\"25\",\"zoom_mousewheel\":0,\"zoom_size\":200,\"mobile_zoom\":0,\"title\":\"\",\"justified_gallery_theme\":\"normal\",\"justified_gallery_theme_detail\":\"\",\"display_description\":0,\"dimensions\":0,\"css_animations\":1,\"css_opacity\":100,\"mousewheel\":1,\"aspect\":1,\"html5\":0,\"mobile_touchwipe\":1,\"gallery_id\":\"3322\"}' data-gallery-images='[{\"status\":\"active\",\"src\":\"https:\\\/\\\/forvalour.ca\\\/wp-content\\\/uploads\\\/2021\\\/09\\\/mcleod-024.jpg\",\"title\":\"Illustration d&#039;un Armstrong Whitworth F.K.8 - Sgt. Patricia McNorgan\",\"link\":\"https:\\\/\\\/forvalour.ca\\\/wp-content\\\/uploads\\\/2021\\\/09\\\/mcleod-024.jpg\",\"alt\":\"Illustration d&#039;un Armstrong Whitworth F.K.8\",\"caption\":\"Illustration d&#39;un Armstrong Whitworth F.K.8 - Sgt. Patricia McNorgan\",\"thumb\":\"https:\\\/\\\/forvalour.ca\\\/wp-content\\\/uploads\\\/2021\\\/09\\\/mcleod-024-75x50_c.jpg\",\"meta\":{\"aperture\":null,\"credit\":null,\"camera\":null,\"caption\":\"\",\"created_timestamp\":null,\"copyright\":null,\"focal_length\":null,\"iso\":null,\"shutter_speed\":null,\"title\":\"\",\"orientation\":null,\"keywords\":null},\"thumbnail\":\"https:\\\/\\\/forvalour.ca\\\/wp-content\\\/uploads\\\/2021\\\/09\\\/mcleod-024-150x100.jpg\",\"medium\":\"https:\\\/\\\/forvalour.ca\\\/wp-content\\\/uploads\\\/2021\\\/09\\\/mcleod-024-300x134.jpg\",\"medium_large\":\"https:\\\/\\\/forvalour.ca\\\/wp-content\\\/uploads\\\/2021\\\/09\\\/mcleod-024.jpg\",\"large\":\"https:\\\/\\\/forvalour.ca\\\/wp-content\\\/uploads\\\/2021\\\/09\\\/mcleod-024.jpg\",\"1536x1536\":\"https:\\\/\\\/forvalour.ca\\\/wp-content\\\/uploads\\\/2021\\\/09\\\/mcleod-024.jpg\",\"2048x2048\":\"https:\\\/\\\/forvalour.ca\\\/wp-content\\\/uploads\\\/2021\\\/09\\\/mcleod-024.jpg\",\"gform-image-choice-sm\":\"https:\\\/\\\/forvalour.ca\\\/wp-content\\\/uploads\\\/2021\\\/09\\\/mcleod-024.jpg\",\"gform-image-choice-md\":\"https:\\\/\\\/forvalour.ca\\\/wp-content\\\/uploads\\\/2021\\\/09\\\/mcleod-024.jpg\",\"gform-image-choice-lg\":\"https:\\\/\\\/forvalour.ca\\\/wp-content\\\/uploads\\\/2021\\\/09\\\/mcleod-024.jpg\",\"full\":\"https:\\\/\\\/forvalour.ca\\\/wp-content\\\/uploads\\\/2021\\\/09\\\/mcleod-024.jpg\",\"index\":0,\"id\":2505,\"video\":false,\"opts\":{\"caption\":\"Illustration d&#39;un Armstrong Whitworth F.K.8 - Sgt. Patricia McNorgan\",\"thumb\":\"https:\\\/\\\/forvalour.ca\\\/wp-content\\\/uploads\\\/2021\\\/09\\\/mcleod-024-75x50_c.jpg\",\"title\":\"Illustration d&#039;un Armstrong Whitworth F.K.8 - Sgt. Patricia McNorgan\"},\"gallery_id\":\"3322\"},{\"status\":\"active\",\"src\":\"https:\\\/\\\/forvalour.ca\\\/wp-content\\\/uploads\\\/2021\\\/09\\\/mcleod-025.jpg\",\"title\":\"Mitrailleuse Lewis en montre - Le Mus&eacute;e canadien de la guerre\",\"link\":\"https:\\\/\\\/forvalour.ca\\\/wp-content\\\/uploads\\\/2021\\\/09\\\/mcleod-025.jpg\",\"alt\":\"Mitrailleuse Lewis en montre\",\"caption\":\"Mitrailleuse Lewis en montre - Le Mus&eacute;e canadien de la guerre\",\"thumb\":\"https:\\\/\\\/forvalour.ca\\\/wp-content\\\/uploads\\\/2021\\\/09\\\/mcleod-025-75x50_c.jpg\",\"meta\":{\"aperture\":null,\"credit\":null,\"camera\":null,\"caption\":\"\",\"created_timestamp\":null,\"copyright\":null,\"focal_length\":null,\"iso\":null,\"shutter_speed\":null,\"title\":\"\",\"orientation\":null,\"keywords\":null},\"thumbnail\":\"https:\\\/\\\/forvalour.ca\\\/wp-content\\\/uploads\\\/2021\\\/09\\\/mcleod-025-150x100.jpg\",\"medium\":\"https:\\\/\\\/forvalour.ca\\\/wp-content\\\/uploads\\\/2021\\\/09\\\/mcleod-025-300x201.jpg\",\"medium_large\":\"https:\\\/\\\/forvalour.ca\\\/wp-content\\\/uploads\\\/2021\\\/09\\\/mcleod-025.jpg\",\"large\":\"https:\\\/\\\/forvalour.ca\\\/wp-content\\\/uploads\\\/2021\\\/09\\\/mcleod-025.jpg\",\"1536x1536\":\"https:\\\/\\\/forvalour.ca\\\/wp-content\\\/uploads\\\/2021\\\/09\\\/mcleod-025.jpg\",\"2048x2048\":\"https:\\\/\\\/forvalour.ca\\\/wp-content\\\/uploads\\\/2021\\\/09\\\/mcleod-025.jpg\",\"gform-image-choice-sm\":\"https:\\\/\\\/forvalour.ca\\\/wp-content\\\/uploads\\\/2021\\\/09\\\/mcleod-025.jpg\",\"gform-image-choice-md\":\"https:\\\/\\\/forvalour.ca\\\/wp-content\\\/uploads\\\/2021\\\/09\\\/mcleod-025.jpg\",\"gform-image-choice-lg\":\"https:\\\/\\\/forvalour.ca\\\/wp-content\\\/uploads\\\/2021\\\/09\\\/mcleod-025.jpg\",\"full\":\"https:\\\/\\\/forvalour.ca\\\/wp-content\\\/uploads\\\/2021\\\/09\\\/mcleod-025.jpg\",\"index\":1,\"id\":2507,\"video\":false,\"opts\":{\"caption\":\"Mitrailleuse Lewis en montre - Le Mus&eacute;e canadien de la guerre\",\"thumb\":\"https:\\\/\\\/forvalour.ca\\\/wp-content\\\/uploads\\\/2021\\\/09\\\/mcleod-025-75x50_c.jpg\",\"title\":\"Mitrailleuse Lewis en montre - Le Mus&eacute;e canadien de la guerre\"},\"gallery_id\":\"3322\"},{\"status\":\"active\",\"src\":\"https:\\\/\\\/forvalour.ca\\\/wp-content\\\/uploads\\\/2021\\\/09\\\/mcleod-026.jpg\",\"title\":\"Armstrong Whitworth F.K.8 dans un hangar - Service historique et patrimoine de la force a&eacute;rienne\",\"link\":\"https:\\\/\\\/forvalour.ca\\\/wp-content\\\/uploads\\\/2021\\\/09\\\/mcleod-026.jpg\",\"alt\":\"Armstrong Whitworth F.K.8 dans un hangar\",\"caption\":\"Armstrong Whitworth F.K.8 dans un hangar - Service historique et patrimoine de la force a&eacute;rienne\",\"thumb\":\"https:\\\/\\\/forvalour.ca\\\/wp-content\\\/uploads\\\/2021\\\/09\\\/mcleod-026-75x50_c.jpg\",\"meta\":{\"aperture\":null,\"credit\":null,\"camera\":null,\"caption\":\"\",\"created_timestamp\":null,\"copyright\":null,\"focal_length\":null,\"iso\":null,\"shutter_speed\":null,\"title\":\"\",\"orientation\":null,\"keywords\":null},\"thumbnail\":\"https:\\\/\\\/forvalour.ca\\\/wp-content\\\/uploads\\\/2021\\\/09\\\/mcleod-026-150x100.jpg\",\"medium\":\"https:\\\/\\\/forvalour.ca\\\/wp-content\\\/uploads\\\/2021\\\/09\\\/mcleod-026-300x139.jpg\",\"medium_large\":\"https:\\\/\\\/forvalour.ca\\\/wp-content\\\/uploads\\\/2021\\\/09\\\/mcleod-026.jpg\",\"large\":\"https:\\\/\\\/forvalour.ca\\\/wp-content\\\/uploads\\\/2021\\\/09\\\/mcleod-026.jpg\",\"1536x1536\":\"https:\\\/\\\/forvalour.ca\\\/wp-content\\\/uploads\\\/2021\\\/09\\\/mcleod-026.jpg\",\"2048x2048\":\"https:\\\/\\\/forvalour.ca\\\/wp-content\\\/uploads\\\/2021\\\/09\\\/mcleod-026.jpg\",\"gform-image-choice-sm\":\"https:\\\/\\\/forvalour.ca\\\/wp-content\\\/uploads\\\/2021\\\/09\\\/mcleod-026.jpg\",\"gform-image-choice-md\":\"https:\\\/\\\/forvalour.ca\\\/wp-content\\\/uploads\\\/2021\\\/09\\\/mcleod-026.jpg\",\"gform-image-choice-lg\":\"https:\\\/\\\/forvalour.ca\\\/wp-content\\\/uploads\\\/2021\\\/09\\\/mcleod-026.jpg\",\"full\":\"https:\\\/\\\/forvalour.ca\\\/wp-content\\\/uploads\\\/2021\\\/09\\\/mcleod-026.jpg\",\"index\":2,\"id\":2510,\"video\":false,\"opts\":{\"caption\":\"Armstrong Whitworth F.K.8 dans un hangar - Service historique et patrimoine de la force a&eacute;rienne\",\"thumb\":\"https:\\\/\\\/forvalour.ca\\\/wp-content\\\/uploads\\\/2021\\\/09\\\/mcleod-026-75x50_c.jpg\",\"title\":\"Armstrong Whitworth F.K.8 dans un hangar - Service historique et patrimoine de la force a&eacute;rienne\"},\"gallery_id\":\"3322\"},{\"status\":\"active\",\"src\":\"https:\\\/\\\/forvalour.ca\\\/wp-content\\\/uploads\\\/2021\\\/09\\\/mcleod-027.jpg\",\"title\":\"Armstrong-Whitworth F.K.8 - Service historique et patrimoine de la force a&eacute;rienne\",\"link\":\"https:\\\/\\\/forvalour.ca\\\/wp-content\\\/uploads\\\/2021\\\/09\\\/mcleod-027.jpg\",\"alt\":\"Armstrong-Whitworth F.K.8\",\"caption\":\"Armstrong-Whitworth F.K.8 - Service historique et patrimoine de la force a&eacute;rienne\",\"thumb\":\"https:\\\/\\\/forvalour.ca\\\/wp-content\\\/uploads\\\/2021\\\/09\\\/mcleod-027-75x50_c.jpg\",\"meta\":{\"aperture\":null,\"credit\":null,\"camera\":null,\"caption\":\"\",\"created_timestamp\":null,\"copyright\":null,\"focal_length\":null,\"iso\":null,\"shutter_speed\":null,\"title\":\"\",\"orientation\":null,\"keywords\":null},\"thumbnail\":\"https:\\\/\\\/forvalour.ca\\\/wp-content\\\/uploads\\\/2021\\\/09\\\/mcleod-027-150x100.jpg\",\"medium\":\"https:\\\/\\\/forvalour.ca\\\/wp-content\\\/uploads\\\/2021\\\/09\\\/mcleod-027-300x195.jpg\",\"medium_large\":\"https:\\\/\\\/forvalour.ca\\\/wp-content\\\/uploads\\\/2021\\\/09\\\/mcleod-027.jpg\",\"large\":\"https:\\\/\\\/forvalour.ca\\\/wp-content\\\/uploads\\\/2021\\\/09\\\/mcleod-027.jpg\",\"1536x1536\":\"https:\\\/\\\/forvalour.ca\\\/wp-content\\\/uploads\\\/2021\\\/09\\\/mcleod-027.jpg\",\"2048x2048\":\"https:\\\/\\\/forvalour.ca\\\/wp-content\\\/uploads\\\/2021\\\/09\\\/mcleod-027.jpg\",\"gform-image-choice-sm\":\"https:\\\/\\\/forvalour.ca\\\/wp-content\\\/uploads\\\/2021\\\/09\\\/mcleod-027.jpg\",\"gform-image-choice-md\":\"https:\\\/\\\/forvalour.ca\\\/wp-content\\\/uploads\\\/2021\\\/09\\\/mcleod-027.jpg\",\"gform-image-choice-lg\":\"https:\\\/\\\/forvalour.ca\\\/wp-content\\\/uploads\\\/2021\\\/09\\\/mcleod-027.jpg\",\"full\":\"https:\\\/\\\/forvalour.ca\\\/wp-content\\\/uploads\\\/2021\\\/09\\\/mcleod-027.jpg\",\"index\":3,\"id\":2512,\"video\":false,\"opts\":{\"caption\":\"Armstrong-Whitworth F.K.8 - Service historique et patrimoine de la force a&eacute;rienne\",\"thumb\":\"https:\\\/\\\/forvalour.ca\\\/wp-content\\\/uploads\\\/2021\\\/09\\\/mcleod-027-75x50_c.jpg\",\"title\":\"Armstrong-Whitworth F.K.8 - Service historique et patrimoine de la force a&eacute;rienne\"},\"gallery_id\":\"3322\"},{\"status\":\"active\",\"src\":\"https:\\\/\\\/forvalour.ca\\\/wp-content\\\/uploads\\\/2021\\\/09\\\/mcleod-044.jpg\",\"title\":\"Tenue de pilote de la Premi&egrave;re Guerre mondiale - Le Mus&eacute;e canadien de la guerre\",\"link\":\"https:\\\/\\\/forvalour.ca\\\/wp-content\\\/uploads\\\/2021\\\/09\\\/mcleod-044.jpg\",\"alt\":\"Tenue de pilote de la Premi&egrave;re Guerre mondiale\",\"caption\":\"Tenue de pilote de la Premi&egrave;re Guerre mondiale - Le Mus&eacute;e canadien de la guerre\",\"thumb\":\"https:\\\/\\\/forvalour.ca\\\/wp-content\\\/uploads\\\/2021\\\/09\\\/mcleod-044-75x50_c.jpg\",\"meta\":{\"aperture\":\"2.7\",\"credit\":null,\"camera\":\"Canon PowerShot S3 IS\",\"caption\":\"\",\"created_timestamp\":\"1224773049\",\"copyright\":null,\"focal_length\":\"6\",\"iso\":null,\"shutter_speed\":\"0.016666666666667\",\"title\":\"\",\"orientation\":\"1\",\"keywords\":null},\"thumbnail\":\"https:\\\/\\\/forvalour.ca\\\/wp-content\\\/uploads\\\/2021\\\/09\\\/mcleod-044-150x100.jpg\",\"medium\":\"https:\\\/\\\/forvalour.ca\\\/wp-content\\\/uploads\\\/2021\\\/09\\\/mcleod-044-225x300.jpg\",\"medium_large\":\"https:\\\/\\\/forvalour.ca\\\/wp-content\\\/uploads\\\/2021\\\/09\\\/mcleod-044-768x1024.jpg\",\"large\":\"https:\\\/\\\/forvalour.ca\\\/wp-content\\\/uploads\\\/2021\\\/09\\\/mcleod-044-768x1024.jpg\",\"1536x1536\":\"https:\\\/\\\/forvalour.ca\\\/wp-content\\\/uploads\\\/2021\\\/09\\\/mcleod-044-1152x1536.jpg\",\"2048x2048\":\"https:\\\/\\\/forvalour.ca\\\/wp-content\\\/uploads\\\/2021\\\/09\\\/mcleod-044.jpg\",\"gform-image-choice-sm\":\"https:\\\/\\\/forvalour.ca\\\/wp-content\\\/uploads\\\/2021\\\/09\\\/mcleod-044.jpg\",\"gform-image-choice-md\":\"https:\\\/\\\/forvalour.ca\\\/wp-content\\\/uploads\\\/2021\\\/09\\\/mcleod-044.jpg\",\"gform-image-choice-lg\":\"https:\\\/\\\/forvalour.ca\\\/wp-content\\\/uploads\\\/2021\\\/09\\\/mcleod-044.jpg\",\"full\":\"https:\\\/\\\/forvalour.ca\\\/wp-content\\\/uploads\\\/2021\\\/09\\\/mcleod-044.jpg\",\"index\":4,\"id\":2514,\"video\":false,\"opts\":{\"caption\":\"Tenue de pilote de la Premi&egrave;re Guerre mondiale - Le Mus&eacute;e canadien de la guerre\",\"thumb\":\"https:\\\/\\\/forvalour.ca\\\/wp-content\\\/uploads\\\/2021\\\/09\\\/mcleod-044-75x50_c.jpg\",\"title\":\"Tenue de pilote de la Premi&egrave;re Guerre mondiale - Le Mus&eacute;e canadien de la guerre\"},\"gallery_id\":\"3322\"},{\"status\":\"active\",\"src\":\"https:\\\/\\\/forvalour.ca\\\/wp-content\\\/uploads\\\/2021\\\/09\\\/mcleod-054.jpg\",\"title\":\"Casque de pilote de la Premi&egrave;re Guerre mondiale - Le Mus&eacute;e canadien de la guerre\",\"link\":\"https:\\\/\\\/forvalour.ca\\\/wp-content\\\/uploads\\\/2021\\\/09\\\/mcleod-054.jpg\",\"alt\":\"Casque de pilote de la Premi&egrave;re Guerre mondiale\",\"caption\":\"Casque de pilote de la Premi&egrave;re Guerre mondiale - Le Mus&eacute;e canadien de la guerre\",\"thumb\":\"https:\\\/\\\/forvalour.ca\\\/wp-content\\\/uploads\\\/2021\\\/09\\\/mcleod-054-75x50_c.jpg\",\"meta\":{\"aperture\":\"3.2\",\"credit\":null,\"camera\":\"Canon PowerShot S3 IS\",\"caption\":\"\",\"created_timestamp\":\"1224773103\",\"copyright\":null,\"focal_length\":\"10.8\",\"iso\":null,\"shutter_speed\":\"0.016666666666667\",\"title\":\"\",\"orientation\":\"1\",\"keywords\":null},\"thumbnail\":\"https:\\\/\\\/forvalour.ca\\\/wp-content\\\/uploads\\\/2021\\\/09\\\/mcleod-054-150x100.jpg\",\"medium\":\"https:\\\/\\\/forvalour.ca\\\/wp-content\\\/uploads\\\/2021\\\/09\\\/mcleod-054-225x300.jpg\",\"medium_large\":\"https:\\\/\\\/forvalour.ca\\\/wp-content\\\/uploads\\\/2021\\\/09\\\/mcleod-054-768x1024.jpg\",\"large\":\"https:\\\/\\\/forvalour.ca\\\/wp-content\\\/uploads\\\/2021\\\/09\\\/mcleod-054-768x1024.jpg\",\"1536x1536\":\"https:\\\/\\\/forvalour.ca\\\/wp-content\\\/uploads\\\/2021\\\/09\\\/mcleod-054-1152x1536.jpg\",\"2048x2048\":\"https:\\\/\\\/forvalour.ca\\\/wp-content\\\/uploads\\\/2021\\\/09\\\/mcleod-054.jpg\",\"gform-image-choice-sm\":\"https:\\\/\\\/forvalour.ca\\\/wp-content\\\/uploads\\\/2021\\\/09\\\/mcleod-054.jpg\",\"gform-image-choice-md\":\"https:\\\/\\\/forvalour.ca\\\/wp-content\\\/uploads\\\/2021\\\/09\\\/mcleod-054.jpg\",\"gform-image-choice-lg\":\"https:\\\/\\\/forvalour.ca\\\/wp-content\\\/uploads\\\/2021\\\/09\\\/mcleod-054.jpg\",\"full\":\"https:\\\/\\\/forvalour.ca\\\/wp-content\\\/uploads\\\/2021\\\/09\\\/mcleod-054.jpg\",\"index\":5,\"id\":2517,\"video\":false,\"opts\":{\"caption\":\"Casque de pilote de la Premi&egrave;re Guerre mondiale - Le Mus&eacute;e canadien de la guerre\",\"thumb\":\"https:\\\/\\\/forvalour.ca\\\/wp-content\\\/uploads\\\/2021\\\/09\\\/mcleod-054-75x50_c.jpg\",\"title\":\"Casque de pilote de la Premi&egrave;re Guerre mondiale - Le Mus&eacute;e canadien de la guerre\"},\"gallery_id\":\"3322\"},{\"status\":\"active\",\"src\":\"https:\\\/\\\/forvalour.ca\\\/wp-content\\\/uploads\\\/2021\\\/09\\\/mcleod-055.jpg\",\"title\":\"Gants de pilote de la Premi&egrave;re Guerre mondiale - Le Mus&eacute;e canadien de la guerre\",\"link\":\"https:\\\/\\\/forvalour.ca\\\/wp-content\\\/uploads\\\/2021\\\/09\\\/mcleod-055.jpg\",\"alt\":\"Gants de pilote de la Premi&egrave;re Guerre mondiale\",\"caption\":\"Gants de pilote de la Premi&egrave;re Guerre mondiale - Le Mus&eacute;e canadien de la guerre\",\"thumb\":\"https:\\\/\\\/forvalour.ca\\\/wp-content\\\/uploads\\\/2021\\\/09\\\/mcleod-055-75x50_c.jpg\",\"meta\":{\"aperture\":\"3.2\",\"credit\":null,\"camera\":\"Canon PowerShot S3 IS\",\"caption\":\"\",\"created_timestamp\":\"1224773078\",\"copyright\":null,\"focal_length\":\"10.8\",\"iso\":null,\"shutter_speed\":\"0.016666666666667\",\"title\":\"\",\"orientation\":\"1\",\"keywords\":null},\"thumbnail\":\"https:\\\/\\\/forvalour.ca\\\/wp-content\\\/uploads\\\/2021\\\/09\\\/mcleod-055-150x100.jpg\",\"medium\":\"https:\\\/\\\/forvalour.ca\\\/wp-content\\\/uploads\\\/2021\\\/09\\\/mcleod-055-225x300.jpg\",\"medium_large\":\"https:\\\/\\\/forvalour.ca\\\/wp-content\\\/uploads\\\/2021\\\/09\\\/mcleod-055-768x1024.jpg\",\"large\":\"https:\\\/\\\/forvalour.ca\\\/wp-content\\\/uploads\\\/2021\\\/09\\\/mcleod-055-768x1024.jpg\",\"1536x1536\":\"https:\\\/\\\/forvalour.ca\\\/wp-content\\\/uploads\\\/2021\\\/09\\\/mcleod-055-1152x1536.jpg\",\"2048x2048\":\"https:\\\/\\\/forvalour.ca\\\/wp-content\\\/uploads\\\/2021\\\/09\\\/mcleod-055.jpg\",\"gform-image-choice-sm\":\"https:\\\/\\\/forvalour.ca\\\/wp-content\\\/uploads\\\/2021\\\/09\\\/mcleod-055.jpg\",\"gform-image-choice-md\":\"https:\\\/\\\/forvalour.ca\\\/wp-content\\\/uploads\\\/2021\\\/09\\\/mcleod-055.jpg\",\"gform-image-choice-lg\":\"https:\\\/\\\/forvalour.ca\\\/wp-content\\\/uploads\\\/2021\\\/09\\\/mcleod-055.jpg\",\"full\":\"https:\\\/\\\/forvalour.ca\\\/wp-content\\\/uploads\\\/2021\\\/09\\\/mcleod-055.jpg\",\"index\":6,\"id\":2519,\"video\":false,\"opts\":{\"caption\":\"Gants de pilote de la Premi&egrave;re Guerre mondiale - Le Mus&eacute;e canadien de la guerre\",\"thumb\":\"https:\\\/\\\/forvalour.ca\\\/wp-content\\\/uploads\\\/2021\\\/09\\\/mcleod-055-75x50_c.jpg\",\"title\":\"Gants de pilote de la Premi&egrave;re Guerre mondiale - Le Mus&eacute;e canadien de la guerre\"},\"gallery_id\":\"3322\"},{\"status\":\"active\",\"src\":\"https:\\\/\\\/forvalour.ca\\\/wp-content\\\/uploads\\\/2021\\\/09\\\/mcleod-056.jpg\",\"title\":\"Bottes de pilote de la Premi&egrave;re Guerre mondiale - Le Mus&eacute;e canadien de la guerre\",\"link\":\"https:\\\/\\\/forvalour.ca\\\/wp-content\\\/uploads\\\/2021\\\/09\\\/mcleod-056.jpg\",\"alt\":\"Bottes de pilote de la Premi&egrave;re Guerre mondiale\",\"caption\":\"Bottes de pilote de la Premi&egrave;re Guerre mondiale - Le Mus&eacute;e canadien de la guerre\",\"thumb\":\"https:\\\/\\\/forvalour.ca\\\/wp-content\\\/uploads\\\/2021\\\/09\\\/mcleod-056-75x50_c.jpg\",\"meta\":{\"aperture\":\"3.2\",\"credit\":null,\"camera\":\"Canon PowerShot S3 IS\",\"caption\":\"\",\"created_timestamp\":\"1224773116\",\"copyright\":null,\"focal_length\":\"10.8\",\"iso\":null,\"shutter_speed\":\"0.016666666666667\",\"title\":\"\",\"orientation\":\"1\",\"keywords\":null},\"thumbnail\":\"https:\\\/\\\/forvalour.ca\\\/wp-content\\\/uploads\\\/2021\\\/09\\\/mcleod-056-150x100.jpg\",\"medium\":\"https:\\\/\\\/forvalour.ca\\\/wp-content\\\/uploads\\\/2021\\\/09\\\/mcleod-056-225x300.jpg\",\"medium_large\":\"https:\\\/\\\/forvalour.ca\\\/wp-content\\\/uploads\\\/2021\\\/09\\\/mcleod-056-768x1024.jpg\",\"large\":\"https:\\\/\\\/forvalour.ca\\\/wp-content\\\/uploads\\\/2021\\\/09\\\/mcleod-056-768x1024.jpg\",\"1536x1536\":\"https:\\\/\\\/forvalour.ca\\\/wp-content\\\/uploads\\\/2021\\\/09\\\/mcleod-056-1152x1536.jpg\",\"2048x2048\":\"https:\\\/\\\/forvalour.ca\\\/wp-content\\\/uploads\\\/2021\\\/09\\\/mcleod-056.jpg\",\"gform-image-choice-sm\":\"https:\\\/\\\/forvalour.ca\\\/wp-content\\\/uploads\\\/2021\\\/09\\\/mcleod-056.jpg\",\"gform-image-choice-md\":\"https:\\\/\\\/forvalour.ca\\\/wp-content\\\/uploads\\\/2021\\\/09\\\/mcleod-056.jpg\",\"gform-image-choice-lg\":\"https:\\\/\\\/forvalour.ca\\\/wp-content\\\/uploads\\\/2021\\\/09\\\/mcleod-056.jpg\",\"full\":\"https:\\\/\\\/forvalour.ca\\\/wp-content\\\/uploads\\\/2021\\\/09\\\/mcleod-056.jpg\",\"index\":7,\"id\":2521,\"video\":false,\"opts\":{\"caption\":\"Bottes de pilote de la Premi&egrave;re Guerre mondiale - Le Mus&eacute;e canadien de la guerre\",\"thumb\":\"https:\\\/\\\/forvalour.ca\\\/wp-content\\\/uploads\\\/2021\\\/09\\\/mcleod-056-75x50_c.jpg\",\"title\":\"Bottes de pilote de la Premi&egrave;re Guerre mondiale - Le Mus&eacute;e canadien de la guerre\"},\"gallery_id\":\"3322\"},{\"status\":\"active\",\"src\":\"https:\\\/\\\/forvalour.ca\\\/wp-content\\\/uploads\\\/2021\\\/09\\\/mcleod-053.jpg\",\"title\":\"Illustration d&#039;un Armstrong Whitworth F.K.8 montrant le pilote et l&#039;observateur - Sgt. Patricia McNorgan\",\"link\":\"https:\\\/\\\/forvalour.ca\\\/wp-content\\\/uploads\\\/2021\\\/09\\\/mcleod-053.jpg\",\"alt\":\"Illustration d&#039;un Armstrong Whitworth F.K.8 montrant le pilote et l&#039;observateur\",\"caption\":\"Illustration d&#39;un Armstrong Whitworth F.K.8 montrant le pilote et l&#39;observateur - Sgt. Patricia McNorgan\",\"thumb\":\"https:\\\/\\\/forvalour.ca\\\/wp-content\\\/uploads\\\/2021\\\/09\\\/mcleod-053-75x50_c.jpg\",\"meta\":{\"aperture\":null,\"credit\":null,\"camera\":null,\"caption\":\"\",\"created_timestamp\":null,\"copyright\":null,\"focal_length\":null,\"iso\":null,\"shutter_speed\":null,\"title\":\"\",\"orientation\":null,\"keywords\":null},\"thumbnail\":\"https:\\\/\\\/forvalour.ca\\\/wp-content\\\/uploads\\\/2021\\\/09\\\/mcleod-053-150x100.jpg\",\"medium\":\"https:\\\/\\\/forvalour.ca\\\/wp-content\\\/uploads\\\/2021\\\/09\\\/mcleod-053-300x125.jpg\",\"medium_large\":\"https:\\\/\\\/forvalour.ca\\\/wp-content\\\/uploads\\\/2021\\\/09\\\/mcleod-053.jpg\",\"large\":\"https:\\\/\\\/forvalour.ca\\\/wp-content\\\/uploads\\\/2021\\\/09\\\/mcleod-053.jpg\",\"1536x1536\":\"https:\\\/\\\/forvalour.ca\\\/wp-content\\\/uploads\\\/2021\\\/09\\\/mcleod-053.jpg\",\"2048x2048\":\"https:\\\/\\\/forvalour.ca\\\/wp-content\\\/uploads\\\/2021\\\/09\\\/mcleod-053.jpg\",\"gform-image-choice-sm\":\"https:\\\/\\\/forvalour.ca\\\/wp-content\\\/uploads\\\/2021\\\/09\\\/mcleod-053.jpg\",\"gform-image-choice-md\":\"https:\\\/\\\/forvalour.ca\\\/wp-content\\\/uploads\\\/2021\\\/09\\\/mcleod-053.jpg\",\"gform-image-choice-lg\":\"https:\\\/\\\/forvalour.ca\\\/wp-content\\\/uploads\\\/2021\\\/09\\\/mcleod-053.jpg\",\"full\":\"https:\\\/\\\/forvalour.ca\\\/wp-content\\\/uploads\\\/2021\\\/09\\\/mcleod-053.jpg\",\"index\":8,\"id\":2523,\"video\":false,\"opts\":{\"caption\":\"Illustration d&#39;un Armstrong Whitworth F.K.8 montrant le pilote et l&#39;observateur - Sgt. Patricia McNorgan\",\"thumb\":\"https:\\\/\\\/forvalour.ca\\\/wp-content\\\/uploads\\\/2021\\\/09\\\/mcleod-053-75x50_c.jpg\",\"title\":\"Illustration d&#039;un Armstrong Whitworth F.K.8 montrant le pilote et l&#039;observateur - Sgt. Patricia McNorgan\"},\"gallery_id\":\"3322\"}]' data-lightbox-theme='{&quot;arrows&quot;:true,&quot;margins&quot;:[120,0],&quot;gutter&quot;:&quot;100&quot;,&quot;thumbs_position&quot;:&quot;bottom&quot;,&quot;base_template&quot;:&quot;&lt;div id=\\&quot;envirabox-3322\\&quot; data-envirabox-id=\\&quot;3322\\&quot; class=\\&quot;envirabox-container envirabox-theme-base_dark envirabox-wrap\\&quot; role=\\&quot;dialog\\&quot;&gt;&lt;div class=\\&quot;envirabox-bg\\&quot;&gt;&lt;\\\/div&gt;&lt;div class=\\&quot;envirabox-outer\\&quot;&gt;&lt;div class=\\&quot;envirabox-inner\\&quot;&gt;&lt;div class=\\&quot;envirabox-caption-wrap\\&quot;&gt;&lt;div class=\\&quot;envirabox-title\\&quot;&gt;&lt;\\\/div&gt;&lt;\\\/div&gt;&lt;div class=\\&quot;envirabox-toolbar\\&quot;&gt;&lt;div class=\\&quot;envira-close-button\\&quot;&gt;&lt;a data-envirabox-close class=\\&quot;envirabox-item envirabox-close envirabox-button--close\\&quot; title=\\&quot;Close\\&quot; href=\\&quot;#\\&quot;&gt;&lt;\\\/a&gt;&lt;\\\/div&gt;&lt;\\\/div&gt;&lt;div class=\\&quot;envirabox-navigation\\&quot;&gt;&lt;a data-envirabox-prev title=\\&quot;Prev\\&quot; class=\\&quot;envirabox-arrow envirabox-arrow--left envirabox-nav envirabox-prev\\&quot; href=\\&quot;#\\&quot;&gt;&lt;span&gt;&lt;\\\/span&gt;&lt;\\\/a&gt;&lt;a data-envirabox-next title=\\&quot;Next\\&quot; class=\\&quot;envirabox-arrow envirabox-arrow--right envirabox-nav envirabox-next\\&quot; href=\\&quot;#\\&quot;&gt;&lt;span&gt;&lt;\\\/span&gt;&lt;\\\/a&gt;&lt;\\\/div&gt;&lt;div class=\\&quot;envirabox-stage\\&quot;&gt;&lt;\\\/div&gt;&lt;\\\/div&gt;&lt;\\\/div&gt;&lt;\\\/div&gt;&quot;,&quot;load_all&quot;:false,&quot;error_template&quot;:&quot;&lt;div class=\\&quot;envirabox-error\\&quot;&gt;&lt;p&gt;{{ERROR}}&lt;p&gt;&lt;\\\/div&gt;&quot;,&quot;inner_caption&quot;:false,&quot;caption_position&quot;:false,&quot;arrow_position&quot;:false,&quot;toolbar&quot;:true,&quot;infobar&quot;:false,&quot;show_smallbtn&quot;:false,&quot;idle_time&quot;:false,&quot;click_content&quot;:false,&quot;click_slide&quot;:false,&quot;click_outside&quot;:false,&quot;animation_duration&quot;:false,&quot;transition_duration&quot;:false,&quot;small_btn_template&quot;:&quot;&lt;a data-envirabox-close class=\\&quot;envirabox-item envirabox-close envirabox-button--close\\&quot; title=\\&quot;Close\\&quot; href=\\&quot;#\\&quot;&gt;&lt;\\\/a&gt;&quot;}' data-parsed-attrs='{\"id\":\"3322\",\"cache\":true}'><div id=\"envira-gallery-item-2505\" class=\"envira-gallery-item envira-gallery-item-1 envira-lazy-load\" style=\"padding-left: 3px; padding-bottom: 5px; padding-right: 3px;\"  itemscope itemtype=\"https:\/\/schema.org\/ImageObject\"><div class=\"envira-gallery-item-inner\"><div class=\"envira-gallery-position-overlay envira-gallery-top-left\"><\/div><div class=\"envira-gallery-position-overlay envira-gallery-top-right\"><\/div><div class=\"envira-gallery-position-overlay envira-gallery-bottom-left\"><\/div><div class=\"envira-gallery-position-overlay envira-gallery-bottom-right\"><\/div><a class=\"envira-gallery-3322 envira-gallery-link-disabled\" href=\"https:\/\/forvalour.ca\/wp-content\/uploads\/2021\/09\/mcleod-024.jpg\" title=\"Illustration d'un Armstrong Whitworth F.K.8 - Sgt. Patricia McNorgan\" data-caption=\"Illustration d&#039;un Armstrong Whitworth F.K.8 - Sgt. Patricia McNorgan\" data-envira-item-id=\"2505\" data-envira-retina=\"https:\/\/forvalour.ca\/wp-content\/uploads\/2021\/09\/mcleod-024.jpg\" data-thumb=\"https:\/\/forvalour.ca\/wp-content\/uploads\/2021\/09\/mcleod-024-75x50_c.jpg\" data-title=\"Illustration d&#039;un Armstrong Whitworth F.K.8 - Sgt. Patricia McNorgan\" data-envirabox='3322' itemprop=\"contentUrl\"><img loading=\"lazy\" decoding=\"async\" src=\"https:\/\/forvalour.ca\/wp-content\/uploads\/2021\/09\/mcleod-024.jpg\" alt=\"Illustration d&amp;#039;un Armstrong Whitworth F.K.8\" class=\"envira-gallery-image envira-gallery-image-1    envira-lazy\" height=\"480\" id=\"envira-gallery-image-2505\" srcset=\"data:image\/gif;base64,R0lGODlhAQABAIAAAP\/\/\/\/\/\/\/yH5BAEKAAEALAAAAAABAAEAAAICTAEAOw==\" tabindex=\"-1\" title=\"Illustration d&#039;un Armstrong Whitworth F.K.8 - Sgt. Patricia McNorgan\" width=\"640\" data-caption=\"Illustration d&#039;un Armstrong Whitworth F.K.8 - Sgt. Patricia McNorgan\" data-envira-gallery-id=\"3322\" data-envira-index=\"0\" data-envira-item-id=\"2505\" data-envira-src=\"https:\/\/forvalour.ca\/wp-content\/uploads\/2021\/09\/mcleod-024.jpg\" data-envira-srcset=\"https:\/\/forvalour.ca\/wp-content\/uploads\/2021\/09\/mcleod-024.jpg 400w, https:\/\/forvalour.ca\/wp-content\/uploads\/2021\/09\/mcleod-024.jpg 2x\" data-title=\"Illustration d&#039;un Armstrong Whitworth F.K.8 - Sgt. Patricia McNorgan\" itemprop=\"thumbnailUrl\"  data-envirabox=\"3322\" data-automatic-caption=\"\" data-envira-height=\"134\" data-envira-width=\"300\" \/><\/a><\/div><\/div><div id=\"envira-gallery-item-2507\" class=\"envira-gallery-item envira-gallery-item-2 envira-lazy-load\" style=\"padding-left: 3px; padding-bottom: 5px; padding-right: 3px;\"  itemscope itemtype=\"https:\/\/schema.org\/ImageObject\"><div class=\"envira-gallery-item-inner\"><div class=\"envira-gallery-position-overlay envira-gallery-top-left\"><\/div><div class=\"envira-gallery-position-overlay envira-gallery-top-right\"><\/div><div class=\"envira-gallery-position-overlay envira-gallery-bottom-left\"><\/div><div class=\"envira-gallery-position-overlay envira-gallery-bottom-right\"><\/div><a class=\"envira-gallery-3322 envira-gallery-link-disabled\" href=\"https:\/\/forvalour.ca\/wp-content\/uploads\/2021\/09\/mcleod-025.jpg\" title=\"Mitrailleuse Lewis en montre - Le Mus\u00e9e canadien de la guerre\" data-caption=\"Mitrailleuse Lewis en montre - Le Mus&eacute;e canadien de la guerre\" data-envira-item-id=\"2507\" data-envira-retina=\"https:\/\/forvalour.ca\/wp-content\/uploads\/2021\/09\/mcleod-025.jpg\" data-thumb=\"https:\/\/forvalour.ca\/wp-content\/uploads\/2021\/09\/mcleod-025-75x50_c.jpg\" data-title=\"Mitrailleuse Lewis en montre - Le Mus&eacute;e canadien de la guerre\" data-envirabox='3322' itemprop=\"contentUrl\"><img loading=\"lazy\" decoding=\"async\" src=\"https:\/\/forvalour.ca\/wp-content\/uploads\/2021\/09\/mcleod-025.jpg\" alt=\"Mitrailleuse Lewis en montre\" class=\"envira-gallery-image envira-gallery-image-2    envira-lazy\" height=\"480\" id=\"envira-gallery-image-2507\" srcset=\"data:image\/gif;base64,R0lGODlhAQABAIAAAP\/\/\/\/\/\/\/yH5BAEKAAEALAAAAAABAAEAAAICTAEAOw==\" tabindex=\"-1\" title=\"Mitrailleuse Lewis en montre - Le Mus\u00e9e canadien de la guerre\" width=\"640\" data-caption=\"Mitrailleuse Lewis en montre - Le Mus&eacute;e canadien de la guerre\" data-envira-gallery-id=\"3322\" data-envira-index=\"1\" data-envira-item-id=\"2507\" data-envira-src=\"https:\/\/forvalour.ca\/wp-content\/uploads\/2021\/09\/mcleod-025.jpg\" data-envira-srcset=\"https:\/\/forvalour.ca\/wp-content\/uploads\/2021\/09\/mcleod-025.jpg 400w, https:\/\/forvalour.ca\/wp-content\/uploads\/2021\/09\/mcleod-025.jpg 2x\" data-title=\"Mitrailleuse Lewis en montre - Le Mus&eacute;e canadien de la guerre\" itemprop=\"thumbnailUrl\"  data-envirabox=\"3322\" data-automatic-caption=\"\" data-envira-height=\"201\" data-envira-width=\"300\" \/><\/a><\/div><\/div><div id=\"envira-gallery-item-2510\" class=\"envira-gallery-item envira-gallery-item-3 envira-lazy-load\" style=\"padding-left: 3px; padding-bottom: 5px; padding-right: 3px;\"  itemscope itemtype=\"https:\/\/schema.org\/ImageObject\"><div class=\"envira-gallery-item-inner\"><div class=\"envira-gallery-position-overlay envira-gallery-top-left\"><\/div><div class=\"envira-gallery-position-overlay envira-gallery-top-right\"><\/div><div class=\"envira-gallery-position-overlay envira-gallery-bottom-left\"><\/div><div class=\"envira-gallery-position-overlay envira-gallery-bottom-right\"><\/div><a class=\"envira-gallery-3322 envira-gallery-link-disabled\" href=\"https:\/\/forvalour.ca\/wp-content\/uploads\/2021\/09\/mcleod-026.jpg\" title=\"Armstrong Whitworth F.K.8 dans un hangar - Service historique et patrimoine de la force a\u00e9rienne\" data-caption=\"Armstrong Whitworth F.K.8 dans un hangar - Service historique et patrimoine de la force a&eacute;rienne\" data-envira-item-id=\"2510\" data-envira-retina=\"https:\/\/forvalour.ca\/wp-content\/uploads\/2021\/09\/mcleod-026.jpg\" data-thumb=\"https:\/\/forvalour.ca\/wp-content\/uploads\/2021\/09\/mcleod-026-75x50_c.jpg\" data-title=\"Armstrong Whitworth F.K.8 dans un hangar - Service historique et patrimoine de la force a&eacute;rienne\" data-envirabox='3322' itemprop=\"contentUrl\"><img loading=\"lazy\" decoding=\"async\" src=\"https:\/\/forvalour.ca\/wp-content\/uploads\/2021\/09\/mcleod-026.jpg\" alt=\"Armstrong Whitworth F.K.8 dans un hangar\" class=\"envira-gallery-image envira-gallery-image-3    envira-lazy\" height=\"480\" id=\"envira-gallery-image-2510\" srcset=\"data:image\/gif;base64,R0lGODlhAQABAIAAAP\/\/\/\/\/\/\/yH5BAEKAAEALAAAAAABAAEAAAICTAEAOw==\" tabindex=\"-1\" title=\"Armstrong Whitworth F.K.8 dans un hangar - Service historique et patrimoine de la force a\u00e9rienne\" width=\"640\" data-caption=\"Armstrong Whitworth F.K.8 dans un hangar - Service historique et patrimoine de la force a&eacute;rienne\" data-envira-gallery-id=\"3322\" data-envira-index=\"2\" data-envira-item-id=\"2510\" data-envira-src=\"https:\/\/forvalour.ca\/wp-content\/uploads\/2021\/09\/mcleod-026.jpg\" data-envira-srcset=\"https:\/\/forvalour.ca\/wp-content\/uploads\/2021\/09\/mcleod-026.jpg 400w, https:\/\/forvalour.ca\/wp-content\/uploads\/2021\/09\/mcleod-026.jpg 2x\" data-title=\"Armstrong Whitworth F.K.8 dans un hangar - Service historique et patrimoine de la force a&eacute;rienne\" itemprop=\"thumbnailUrl\"  data-envirabox=\"3322\" data-automatic-caption=\"\" data-envira-height=\"139\" data-envira-width=\"300\" \/><\/a><\/div><\/div><div id=\"envira-gallery-item-2512\" class=\"envira-gallery-item envira-gallery-item-4 envira-lazy-load\" style=\"padding-left: 3px; padding-bottom: 5px; padding-right: 3px;\"  itemscope itemtype=\"https:\/\/schema.org\/ImageObject\"><div class=\"envira-gallery-item-inner\"><div class=\"envira-gallery-position-overlay envira-gallery-top-left\"><\/div><div class=\"envira-gallery-position-overlay envira-gallery-top-right\"><\/div><div class=\"envira-gallery-position-overlay envira-gallery-bottom-left\"><\/div><div class=\"envira-gallery-position-overlay envira-gallery-bottom-right\"><\/div><a class=\"envira-gallery-3322 envira-gallery-link-disabled\" href=\"https:\/\/forvalour.ca\/wp-content\/uploads\/2021\/09\/mcleod-027.jpg\" title=\"Armstrong-Whitworth F.K.8 - Service historique et patrimoine de la force a\u00e9rienne\" data-caption=\"Armstrong-Whitworth F.K.8 - Service historique et patrimoine de la force a&eacute;rienne\" data-envira-item-id=\"2512\" data-envira-retina=\"https:\/\/forvalour.ca\/wp-content\/uploads\/2021\/09\/mcleod-027.jpg\" data-thumb=\"https:\/\/forvalour.ca\/wp-content\/uploads\/2021\/09\/mcleod-027-75x50_c.jpg\" data-title=\"Armstrong-Whitworth F.K.8 - Service historique et patrimoine de la force a&eacute;rienne\" data-envirabox='3322' itemprop=\"contentUrl\"><img loading=\"lazy\" decoding=\"async\" src=\"https:\/\/forvalour.ca\/wp-content\/uploads\/2021\/09\/mcleod-027.jpg\" alt=\"Armstrong-Whitworth F.K.8\" class=\"envira-gallery-image envira-gallery-image-4    envira-lazy\" height=\"480\" id=\"envira-gallery-image-2512\" srcset=\"data:image\/gif;base64,R0lGODlhAQABAIAAAP\/\/\/\/\/\/\/yH5BAEKAAEALAAAAAABAAEAAAICTAEAOw==\" tabindex=\"-1\" title=\"Armstrong-Whitworth F.K.8 - Service historique et patrimoine de la force a\u00e9rienne\" width=\"640\" data-caption=\"Armstrong-Whitworth F.K.8 - Service historique et patrimoine de la force a&eacute;rienne\" data-envira-gallery-id=\"3322\" data-envira-index=\"3\" data-envira-item-id=\"2512\" data-envira-src=\"https:\/\/forvalour.ca\/wp-content\/uploads\/2021\/09\/mcleod-027.jpg\" data-envira-srcset=\"https:\/\/forvalour.ca\/wp-content\/uploads\/2021\/09\/mcleod-027.jpg 400w, https:\/\/forvalour.ca\/wp-content\/uploads\/2021\/09\/mcleod-027.jpg 2x\" data-title=\"Armstrong-Whitworth F.K.8 - Service historique et patrimoine de la force a&eacute;rienne\" itemprop=\"thumbnailUrl\"  data-envirabox=\"3322\" data-automatic-caption=\"\" data-envira-height=\"195\" data-envira-width=\"300\" \/><\/a><\/div><\/div><div id=\"envira-gallery-item-2514\" class=\"envira-gallery-item envira-gallery-item-5 envira-lazy-load\" style=\"padding-left: 3px; padding-bottom: 5px; padding-right: 3px;\"  itemscope itemtype=\"https:\/\/schema.org\/ImageObject\"><div class=\"envira-gallery-item-inner\"><div class=\"envira-gallery-position-overlay envira-gallery-top-left\"><\/div><div class=\"envira-gallery-position-overlay envira-gallery-top-right\"><\/div><div class=\"envira-gallery-position-overlay envira-gallery-bottom-left\"><\/div><div class=\"envira-gallery-position-overlay envira-gallery-bottom-right\"><\/div><a class=\"envira-gallery-3322 envira-gallery-link-disabled\" href=\"https:\/\/forvalour.ca\/wp-content\/uploads\/2021\/09\/mcleod-044.jpg\" title=\"Tenue de pilote de la Premi\u00e8re Guerre mondiale - Le Mus\u00e9e canadien de la guerre\" data-caption=\"Tenue de pilote de la Premi&egrave;re Guerre mondiale - Le Mus&eacute;e canadien de la guerre\" data-envira-item-id=\"2514\" data-envira-retina=\"https:\/\/forvalour.ca\/wp-content\/uploads\/2021\/09\/mcleod-044.jpg\" data-thumb=\"https:\/\/forvalour.ca\/wp-content\/uploads\/2021\/09\/mcleod-044-75x50_c.jpg\" data-title=\"Tenue de pilote de la Premi&egrave;re Guerre mondiale - Le Mus&eacute;e canadien de la guerre\" data-envirabox='3322' itemprop=\"contentUrl\"><img loading=\"lazy\" decoding=\"async\" src=\"https:\/\/forvalour.ca\/wp-content\/uploads\/2021\/09\/mcleod-044-768x1024.jpg\" alt=\"Tenue de pilote de la Premi&egrave;re Guerre mondiale\" class=\"envira-gallery-image envira-gallery-image-5    envira-lazy\" height=\"480\" id=\"envira-gallery-image-2514\" srcset=\"data:image\/gif;base64,R0lGODlhAQABAIAAAP\/\/\/\/\/\/\/yH5BAEKAAEALAAAAAABAAEAAAICTAEAOw==\" tabindex=\"-1\" title=\"Tenue de pilote de la Premi\u00e8re Guerre mondiale - Le Mus\u00e9e canadien de la guerre\" width=\"640\" data-caption=\"Tenue de pilote de la Premi&egrave;re Guerre mondiale - Le Mus&eacute;e canadien de la guerre\" data-envira-gallery-id=\"3322\" data-envira-index=\"4\" data-envira-item-id=\"2514\" data-envira-src=\"https:\/\/forvalour.ca\/wp-content\/uploads\/2021\/09\/mcleod-044-768x1024.jpg\" data-envira-srcset=\"https:\/\/forvalour.ca\/wp-content\/uploads\/2021\/09\/mcleod-044-768x1024.jpg 400w, https:\/\/forvalour.ca\/wp-content\/uploads\/2021\/09\/mcleod-044-768x1024.jpg 2x\" data-title=\"Tenue de pilote de la Premi&egrave;re Guerre mondiale - Le Mus&eacute;e canadien de la guerre\" itemprop=\"thumbnailUrl\"  data-envirabox=\"3322\" data-automatic-caption=\"\" data-envira-height=\"300\" data-envira-width=\"225\" \/><\/a><\/div><\/div><div id=\"envira-gallery-item-2517\" class=\"envira-gallery-item envira-gallery-item-6 envira-lazy-load\" style=\"padding-left: 3px; padding-bottom: 5px; padding-right: 3px;\"  itemscope itemtype=\"https:\/\/schema.org\/ImageObject\"><div class=\"envira-gallery-item-inner\"><div class=\"envira-gallery-position-overlay envira-gallery-top-left\"><\/div><div class=\"envira-gallery-position-overlay envira-gallery-top-right\"><\/div><div class=\"envira-gallery-position-overlay envira-gallery-bottom-left\"><\/div><div class=\"envira-gallery-position-overlay envira-gallery-bottom-right\"><\/div><a class=\"envira-gallery-3322 envira-gallery-link-disabled\" href=\"https:\/\/forvalour.ca\/wp-content\/uploads\/2021\/09\/mcleod-054.jpg\" title=\"Casque de pilote de la Premi\u00e8re Guerre mondiale - Le Mus\u00e9e canadien de la guerre\" data-caption=\"Casque de pilote de la Premi&egrave;re Guerre mondiale - Le Mus&eacute;e canadien de la guerre\" data-envira-item-id=\"2517\" data-envira-retina=\"https:\/\/forvalour.ca\/wp-content\/uploads\/2021\/09\/mcleod-054.jpg\" data-thumb=\"https:\/\/forvalour.ca\/wp-content\/uploads\/2021\/09\/mcleod-054-75x50_c.jpg\" data-title=\"Casque de pilote de la Premi&egrave;re Guerre mondiale - Le Mus&eacute;e canadien de la guerre\" data-envirabox='3322' itemprop=\"contentUrl\"><img loading=\"lazy\" decoding=\"async\" src=\"https:\/\/forvalour.ca\/wp-content\/uploads\/2021\/09\/mcleod-054-768x1024.jpg\" alt=\"Casque de pilote de la Premi&egrave;re Guerre mondiale\" class=\"envira-gallery-image envira-gallery-image-6    envira-lazy\" height=\"480\" id=\"envira-gallery-image-2517\" srcset=\"data:image\/gif;base64,R0lGODlhAQABAIAAAP\/\/\/\/\/\/\/yH5BAEKAAEALAAAAAABAAEAAAICTAEAOw==\" tabindex=\"-1\" title=\"Casque de pilote de la Premi\u00e8re Guerre mondiale - Le Mus\u00e9e canadien de la guerre\" width=\"640\" data-caption=\"Casque de pilote de la Premi&egrave;re Guerre mondiale - Le Mus&eacute;e canadien de la guerre\" data-envira-gallery-id=\"3322\" data-envira-index=\"5\" data-envira-item-id=\"2517\" data-envira-src=\"https:\/\/forvalour.ca\/wp-content\/uploads\/2021\/09\/mcleod-054-768x1024.jpg\" data-envira-srcset=\"https:\/\/forvalour.ca\/wp-content\/uploads\/2021\/09\/mcleod-054-768x1024.jpg 400w, https:\/\/forvalour.ca\/wp-content\/uploads\/2021\/09\/mcleod-054-768x1024.jpg 2x\" data-title=\"Casque de pilote de la Premi&egrave;re Guerre mondiale - Le Mus&eacute;e canadien de la guerre\" itemprop=\"thumbnailUrl\"  data-envirabox=\"3322\" data-automatic-caption=\"\" data-envira-height=\"300\" data-envira-width=\"225\" \/><\/a><\/div><\/div><div id=\"envira-gallery-item-2519\" class=\"envira-gallery-item envira-gallery-item-7 envira-lazy-load\" style=\"padding-left: 3px; padding-bottom: 5px; padding-right: 3px;\"  itemscope itemtype=\"https:\/\/schema.org\/ImageObject\"><div class=\"envira-gallery-item-inner\"><div class=\"envira-gallery-position-overlay envira-gallery-top-left\"><\/div><div class=\"envira-gallery-position-overlay envira-gallery-top-right\"><\/div><div class=\"envira-gallery-position-overlay envira-gallery-bottom-left\"><\/div><div class=\"envira-gallery-position-overlay envira-gallery-bottom-right\"><\/div><a class=\"envira-gallery-3322 envira-gallery-link-disabled\" href=\"https:\/\/forvalour.ca\/wp-content\/uploads\/2021\/09\/mcleod-055.jpg\" title=\"Gants de pilote de la Premi\u00e8re Guerre mondiale - Le Mus\u00e9e canadien de la guerre\" data-caption=\"Gants de pilote de la Premi&egrave;re Guerre mondiale - Le Mus&eacute;e canadien de la guerre\" data-envira-item-id=\"2519\" data-envira-retina=\"https:\/\/forvalour.ca\/wp-content\/uploads\/2021\/09\/mcleod-055.jpg\" data-thumb=\"https:\/\/forvalour.ca\/wp-content\/uploads\/2021\/09\/mcleod-055-75x50_c.jpg\" data-title=\"Gants de pilote de la Premi&egrave;re Guerre mondiale - Le Mus&eacute;e canadien de la guerre\" data-envirabox='3322' itemprop=\"contentUrl\"><img loading=\"lazy\" decoding=\"async\" src=\"https:\/\/forvalour.ca\/wp-content\/uploads\/2021\/09\/mcleod-055-768x1024.jpg\" alt=\"Gants de pilote de la Premi&egrave;re Guerre mondiale\" class=\"envira-gallery-image envira-gallery-image-7    envira-lazy\" height=\"480\" id=\"envira-gallery-image-2519\" srcset=\"data:image\/gif;base64,R0lGODlhAQABAIAAAP\/\/\/\/\/\/\/yH5BAEKAAEALAAAAAABAAEAAAICTAEAOw==\" tabindex=\"-1\" title=\"Gants de pilote de la Premi\u00e8re Guerre mondiale - Le Mus\u00e9e canadien de la guerre\" width=\"640\" data-caption=\"Gants de pilote de la Premi&egrave;re Guerre mondiale - Le Mus&eacute;e canadien de la guerre\" data-envira-gallery-id=\"3322\" data-envira-index=\"6\" data-envira-item-id=\"2519\" data-envira-src=\"https:\/\/forvalour.ca\/wp-content\/uploads\/2021\/09\/mcleod-055-768x1024.jpg\" data-envira-srcset=\"https:\/\/forvalour.ca\/wp-content\/uploads\/2021\/09\/mcleod-055-768x1024.jpg 400w, https:\/\/forvalour.ca\/wp-content\/uploads\/2021\/09\/mcleod-055-768x1024.jpg 2x\" data-title=\"Gants de pilote de la Premi&egrave;re Guerre mondiale - Le Mus&eacute;e canadien de la guerre\" itemprop=\"thumbnailUrl\"  data-envirabox=\"3322\" data-automatic-caption=\"\" data-envira-height=\"300\" data-envira-width=\"225\" \/><\/a><\/div><\/div><div id=\"envira-gallery-item-2521\" class=\"envira-gallery-item envira-gallery-item-8 envira-lazy-load\" style=\"padding-left: 3px; padding-bottom: 5px; padding-right: 3px;\"  itemscope itemtype=\"https:\/\/schema.org\/ImageObject\"><div class=\"envira-gallery-item-inner\"><div class=\"envira-gallery-position-overlay envira-gallery-top-left\"><\/div><div class=\"envira-gallery-position-overlay envira-gallery-top-right\"><\/div><div class=\"envira-gallery-position-overlay envira-gallery-bottom-left\"><\/div><div class=\"envira-gallery-position-overlay envira-gallery-bottom-right\"><\/div><a class=\"envira-gallery-3322 envira-gallery-link-disabled\" href=\"https:\/\/forvalour.ca\/wp-content\/uploads\/2021\/09\/mcleod-056.jpg\" title=\"Bottes de pilote de la Premi\u00e8re Guerre mondiale - Le Mus\u00e9e canadien de la guerre\" data-caption=\"Bottes de pilote de la Premi&egrave;re Guerre mondiale - Le Mus&eacute;e canadien de la guerre\" data-envira-item-id=\"2521\" data-envira-retina=\"https:\/\/forvalour.ca\/wp-content\/uploads\/2021\/09\/mcleod-056.jpg\" data-thumb=\"https:\/\/forvalour.ca\/wp-content\/uploads\/2021\/09\/mcleod-056-75x50_c.jpg\" data-title=\"Bottes de pilote de la Premi&egrave;re Guerre mondiale - Le Mus&eacute;e canadien de la guerre\" data-envirabox='3322' itemprop=\"contentUrl\"><img loading=\"lazy\" decoding=\"async\" src=\"https:\/\/forvalour.ca\/wp-content\/uploads\/2021\/09\/mcleod-056-768x1024.jpg\" alt=\"Bottes de pilote de la Premi&egrave;re Guerre mondiale\" class=\"envira-gallery-image envira-gallery-image-8    envira-lazy\" height=\"480\" id=\"envira-gallery-image-2521\" srcset=\"data:image\/gif;base64,R0lGODlhAQABAIAAAP\/\/\/\/\/\/\/yH5BAEKAAEALAAAAAABAAEAAAICTAEAOw==\" tabindex=\"-1\" title=\"Bottes de pilote de la Premi\u00e8re Guerre mondiale - Le Mus\u00e9e canadien de la guerre\" width=\"640\" data-caption=\"Bottes de pilote de la Premi&egrave;re Guerre mondiale - Le Mus&eacute;e canadien de la guerre\" data-envira-gallery-id=\"3322\" data-envira-index=\"7\" data-envira-item-id=\"2521\" data-envira-src=\"https:\/\/forvalour.ca\/wp-content\/uploads\/2021\/09\/mcleod-056-768x1024.jpg\" data-envira-srcset=\"https:\/\/forvalour.ca\/wp-content\/uploads\/2021\/09\/mcleod-056-768x1024.jpg 400w, https:\/\/forvalour.ca\/wp-content\/uploads\/2021\/09\/mcleod-056-768x1024.jpg 2x\" data-title=\"Bottes de pilote de la Premi&egrave;re Guerre mondiale - Le Mus&eacute;e canadien de la guerre\" itemprop=\"thumbnailUrl\"  data-envirabox=\"3322\" data-automatic-caption=\"\" data-envira-height=\"300\" data-envira-width=\"225\" \/><\/a><\/div><\/div><div id=\"envira-gallery-item-2523\" class=\"envira-gallery-item envira-gallery-item-9 envira-lazy-load\" style=\"padding-left: 3px; padding-bottom: 5px; padding-right: 3px;\"  itemscope itemtype=\"https:\/\/schema.org\/ImageObject\"><div class=\"envira-gallery-item-inner\"><div class=\"envira-gallery-position-overlay envira-gallery-top-left\"><\/div><div class=\"envira-gallery-position-overlay envira-gallery-top-right\"><\/div><div class=\"envira-gallery-position-overlay envira-gallery-bottom-left\"><\/div><div class=\"envira-gallery-position-overlay envira-gallery-bottom-right\"><\/div><a class=\"envira-gallery-3322 envira-gallery-link-disabled\" href=\"https:\/\/forvalour.ca\/wp-content\/uploads\/2021\/09\/mcleod-053.jpg\" title=\"Illustration d'un Armstrong Whitworth F.K.8 montrant le pilote et l'observateur - Sgt. Patricia McNorgan\" data-caption=\"&lt;p&gt;Illustration d&#039;un Armstrong Whitworth F.K.8 montrant le pilote et l&#039;observateur - Sgt. Patricia McNorgan&lt;\/p&gt;\n\" data-envira-item-id=\"2523\" data-envira-retina=\"https:\/\/forvalour.ca\/wp-content\/uploads\/2021\/09\/mcleod-053.jpg\" data-thumb=\"https:\/\/forvalour.ca\/wp-content\/uploads\/2021\/09\/mcleod-053-75x50_c.jpg\" data-title=\"Illustration d&#039;un Armstrong Whitworth F.K.8 montrant le pilote et l&#039;observateur - Sgt. Patricia McNorgan\" data-envirabox='3322' itemprop=\"contentUrl\"><img loading=\"lazy\" decoding=\"async\" src=\"https:\/\/forvalour.ca\/wp-content\/uploads\/2021\/09\/mcleod-053.jpg\" alt=\"Illustration d&amp;#039;un Armstrong Whitworth F.K.8 montrant le pilote et l&amp;#039;observateur\" class=\"envira-gallery-image envira-gallery-image-9    envira-lazy\" height=\"480\" id=\"envira-gallery-image-2523\" srcset=\"data:image\/gif;base64,R0lGODlhAQABAIAAAP\/\/\/\/\/\/\/yH5BAEKAAEALAAAAAABAAEAAAICTAEAOw==\" tabindex=\"-1\" title=\"Illustration d&#039;un Armstrong Whitworth F.K.8 montrant le pilote et l&#039;observateur - Sgt. Patricia McNorgan\" width=\"640\" data-caption=\"&lt;p&gt;Illustration d&#039;un Armstrong Whitworth F.K.8 montrant le pilote et l&#039;observateur - Sgt. Patricia McNorgan&lt;\/p&gt;\n\" data-envira-gallery-id=\"3322\" data-envira-index=\"8\" data-envira-item-id=\"2523\" data-envira-src=\"https:\/\/forvalour.ca\/wp-content\/uploads\/2021\/09\/mcleod-053.jpg\" data-envira-srcset=\"https:\/\/forvalour.ca\/wp-content\/uploads\/2021\/09\/mcleod-053.jpg 400w, https:\/\/forvalour.ca\/wp-content\/uploads\/2021\/09\/mcleod-053.jpg 2x\" data-title=\"Illustration d&#039;un Armstrong Whitworth F.K.8 montrant le pilote et l&#039;observateur - Sgt. Patricia McNorgan\" itemprop=\"thumbnailUrl\"  data-envirabox=\"3322\" data-automatic-caption=\"\" data-envira-height=\"125\" data-envira-width=\"300\" \/><\/a><\/div><\/div><\/div><\/div><noscript><img src='https:\/\/forvalour.ca\/wp-content\/uploads\/2021\/09\/mcleod-024.jpg' alt='Illustration d&#039;un Armstrong Whitworth F.K.8' class='envira_noscript_images ' \/><img src='https:\/\/forvalour.ca\/wp-content\/uploads\/2021\/09\/mcleod-025.jpg' alt='Mitrailleuse Lewis en montre' class='envira_noscript_images ' \/><img src='https:\/\/forvalour.ca\/wp-content\/uploads\/2021\/09\/mcleod-026.jpg' alt='Armstrong Whitworth F.K.8 dans un hangar' class='envira_noscript_images ' \/><img src='https:\/\/forvalour.ca\/wp-content\/uploads\/2021\/09\/mcleod-027.jpg' alt='Armstrong-Whitworth F.K.8' class='envira_noscript_images ' \/><img src='https:\/\/forvalour.ca\/wp-content\/uploads\/2021\/09\/mcleod-044.jpg' alt='Tenue de pilote de la Premi\u00e8re Guerre mondiale' class='envira_noscript_images ' \/><img src='https:\/\/forvalour.ca\/wp-content\/uploads\/2021\/09\/mcleod-054.jpg' alt='Casque de pilote de la Premi\u00e8re Guerre mondiale' class='envira_noscript_images ' \/><img src='https:\/\/forvalour.ca\/wp-content\/uploads\/2021\/09\/mcleod-055.jpg' alt='Gants de pilote de la Premi\u00e8re Guerre mondiale' class='envira_noscript_images ' \/><img src='https:\/\/forvalour.ca\/wp-content\/uploads\/2021\/09\/mcleod-056.jpg' alt='Bottes de pilote de la Premi\u00e8re Guerre mondiale' class='envira_noscript_images ' \/><img src='https:\/\/forvalour.ca\/wp-content\/uploads\/2021\/09\/mcleod-053.jpg' alt='Illustration d&#039;un Armstrong Whitworth F.K.8 montrant le pilote et l&#039;observateur' class='envira_noscript_images ' \/><\/noscript><\/div>\n","protected":false},"excerpt":{"rendered":"<p>G\u00e9n\u00e9rales Outils de guerre<\/p>\n","protected":false},"author":1,"featured_media":0,"parent":615,"menu_order":6,"comment_status":"closed","ping_status":"closed","template":"","meta":{"_acf_changed":false,"footnotes":""},"class_list":["post-2917","page","type-page","status-publish","hentry"],"acf":[],"yoast_head":"<!-- This site is optimized with the Yoast SEO plugin v27.3 - https:\/\/yoast.com\/product\/yoast-seo-wordpress\/ -->\n<title>Phototh\u00e8que - Pour Bravoure - aviateurs canadiens et la Croix de Victoria<\/title>\n<meta name=\"robots\" content=\"index, follow, max-snippet:-1, max-image-preview:large, max-video-preview:-1\" \/>\n<link rel=\"canonical\" href=\"https:\/\/forvalour.ca\/fr\/mcleod\/phototheque\/\" \/>\n<meta property=\"og:locale\" content=\"fr_FR\" \/>\n<meta property=\"og:type\" content=\"article\" \/>\n<meta property=\"og:title\" content=\"Phototh\u00e8que - Pour Bravoure - aviateurs canadiens et la Croix de Victoria\" \/>\n<meta property=\"og:description\" content=\"G\u00e9n\u00e9rales Outils de guerre\" \/>\n<meta property=\"og:url\" content=\"https:\/\/forvalour.ca\/fr\/mcleod\/phototheque\/\" \/>\n<meta property=\"og:site_name\" content=\"Pour Bravoure - aviateurs canadiens et la Croix de Victoria\" \/>\n<meta property=\"article:modified_time\" content=\"2023-02-14T19:15:58+00:00\" \/>\n<meta name=\"twitter:card\" content=\"summary_large_image\" \/>\n<meta name=\"twitter:label1\" content=\"Dur\u00e9e de lecture estim\u00e9e\" \/>\n\t<meta name=\"twitter:data1\" content=\"1 minute\" \/>\n<script type=\"application\/ld+json\" class=\"yoast-schema-graph\">{\"@context\":\"https:\\\/\\\/schema.org\",\"@graph\":[{\"@type\":\"WebPage\",\"@id\":\"https:\\\/\\\/forvalour.ca\\\/fr\\\/mcleod\\\/phototheque\\\/\",\"url\":\"https:\\\/\\\/forvalour.ca\\\/fr\\\/mcleod\\\/phototheque\\\/\",\"name\":\"Phototh\u00e8que - Pour Bravoure - aviateurs canadiens et la Croix de Victoria\",\"isPartOf\":{\"@id\":\"https:\\\/\\\/forvalour.ca\\\/fr\\\/#website\"},\"datePublished\":\"2021-09-29T00:39:24+00:00\",\"dateModified\":\"2023-02-14T19:15:58+00:00\",\"breadcrumb\":{\"@id\":\"https:\\\/\\\/forvalour.ca\\\/fr\\\/mcleod\\\/phototheque\\\/#breadcrumb\"},\"inLanguage\":\"fr-FR\",\"potentialAction\":[{\"@type\":\"ReadAction\",\"target\":[\"https:\\\/\\\/forvalour.ca\\\/fr\\\/mcleod\\\/phototheque\\\/\"]}]},{\"@type\":\"BreadcrumbList\",\"@id\":\"https:\\\/\\\/forvalour.ca\\\/fr\\\/mcleod\\\/phototheque\\\/#breadcrumb\",\"itemListElement\":[{\"@type\":\"ListItem\",\"position\":1,\"name\":\"Home\",\"item\":\"https:\\\/\\\/www.forvalour.ca\\\/fr\\\/\"},{\"@type\":\"ListItem\",\"position\":2,\"name\":\"Alan Mcleod\",\"item\":\"https:\\\/\\\/www.forvalour.ca\\\/fr\\\/mcleod\\\/\"},{\"@type\":\"ListItem\",\"position\":3,\"name\":\"Phototh\u00e8que\"}]},{\"@type\":\"WebSite\",\"@id\":\"https:\\\/\\\/forvalour.ca\\\/fr\\\/#website\",\"url\":\"https:\\\/\\\/forvalour.ca\\\/fr\\\/\",\"name\":\"For Valour\",\"description\":\"Canadian Airmen and the Victoria Cross\",\"publisher\":{\"@id\":\"https:\\\/\\\/forvalour.ca\\\/fr\\\/#organization\"},\"potentialAction\":[{\"@type\":\"SearchAction\",\"target\":{\"@type\":\"EntryPoint\",\"urlTemplate\":\"https:\\\/\\\/forvalour.ca\\\/fr\\\/?s={search_term_string}\"},\"query-input\":{\"@type\":\"PropertyValueSpecification\",\"valueRequired\":true,\"valueName\":\"search_term_string\"}}],\"inLanguage\":\"fr-FR\"},{\"@type\":\"Organization\",\"@id\":\"https:\\\/\\\/forvalour.ca\\\/fr\\\/#organization\",\"name\":\"For Valour\",\"url\":\"https:\\\/\\\/forvalour.ca\\\/fr\\\/\",\"logo\":{\"@type\":\"ImageObject\",\"inLanguage\":\"fr-FR\",\"@id\":\"https:\\\/\\\/forvalour.ca\\\/fr\\\/#\\\/schema\\\/logo\\\/image\\\/\",\"url\":\"https:\\\/\\\/forvalour.ca\\\/wp-content\\\/uploads\\\/2021\\\/09\\\/cropped-for-valour-medal-new.png\",\"contentUrl\":\"https:\\\/\\\/forvalour.ca\\\/wp-content\\\/uploads\\\/2021\\\/09\\\/cropped-for-valour-medal-new.png\",\"width\":512,\"height\":512,\"caption\":\"For Valour\"},\"image\":{\"@id\":\"https:\\\/\\\/forvalour.ca\\\/fr\\\/#\\\/schema\\\/logo\\\/image\\\/\"},\"sameAs\":[\"https:\\\/\\\/www.youtube.com\\\/channel\\\/UCRYVbXOUahuy0lj2UCo1Cag\"]}]}<\/script>\n<!-- \/ Yoast SEO plugin. -->","yoast_head_json":{"title":"Phototh\u00e8que - Pour Bravoure - aviateurs canadiens et la Croix de Victoria","robots":{"index":"index","follow":"follow","max-snippet":"max-snippet:-1","max-image-preview":"max-image-preview:large","max-video-preview":"max-video-preview:-1"},"canonical":"https:\/\/forvalour.ca\/fr\/mcleod\/phototheque\/","og_locale":"fr_FR","og_type":"article","og_title":"Phototh\u00e8que - Pour Bravoure - aviateurs canadiens et la Croix de Victoria","og_description":"G\u00e9n\u00e9rales Outils de guerre","og_url":"https:\/\/forvalour.ca\/fr\/mcleod\/phototheque\/","og_site_name":"Pour Bravoure - aviateurs canadiens et la Croix de Victoria","article_modified_time":"2023-02-14T19:15:58+00:00","twitter_card":"summary_large_image","twitter_misc":{"Dur\u00e9e de lecture estim\u00e9e":"1 minute"},"schema":{"@context":"https:\/\/schema.org","@graph":[{"@type":"WebPage","@id":"https:\/\/forvalour.ca\/fr\/mcleod\/phototheque\/","url":"https:\/\/forvalour.ca\/fr\/mcleod\/phototheque\/","name":"Phototh\u00e8que - Pour Bravoure - aviateurs canadiens et la Croix de Victoria","isPartOf":{"@id":"https:\/\/forvalour.ca\/fr\/#website"},"datePublished":"2021-09-29T00:39:24+00:00","dateModified":"2023-02-14T19:15:58+00:00","breadcrumb":{"@id":"https:\/\/forvalour.ca\/fr\/mcleod\/phototheque\/#breadcrumb"},"inLanguage":"fr-FR","potentialAction":[{"@type":"ReadAction","target":["https:\/\/forvalour.ca\/fr\/mcleod\/phototheque\/"]}]},{"@type":"BreadcrumbList","@id":"https:\/\/forvalour.ca\/fr\/mcleod\/phototheque\/#breadcrumb","itemListElement":[{"@type":"ListItem","position":1,"name":"Home","item":"https:\/\/www.forvalour.ca\/fr\/"},{"@type":"ListItem","position":2,"name":"Alan Mcleod","item":"https:\/\/www.forvalour.ca\/fr\/mcleod\/"},{"@type":"ListItem","position":3,"name":"Phototh\u00e8que"}]},{"@type":"WebSite","@id":"https:\/\/forvalour.ca\/fr\/#website","url":"https:\/\/forvalour.ca\/fr\/","name":"For Valour","description":"Canadian Airmen and the Victoria Cross","publisher":{"@id":"https:\/\/forvalour.ca\/fr\/#organization"},"potentialAction":[{"@type":"SearchAction","target":{"@type":"EntryPoint","urlTemplate":"https:\/\/forvalour.ca\/fr\/?s={search_term_string}"},"query-input":{"@type":"PropertyValueSpecification","valueRequired":true,"valueName":"search_term_string"}}],"inLanguage":"fr-FR"},{"@type":"Organization","@id":"https:\/\/forvalour.ca\/fr\/#organization","name":"For Valour","url":"https:\/\/forvalour.ca\/fr\/","logo":{"@type":"ImageObject","inLanguage":"fr-FR","@id":"https:\/\/forvalour.ca\/fr\/#\/schema\/logo\/image\/","url":"https:\/\/forvalour.ca\/wp-content\/uploads\/2021\/09\/cropped-for-valour-medal-new.png","contentUrl":"https:\/\/forvalour.ca\/wp-content\/uploads\/2021\/09\/cropped-for-valour-medal-new.png","width":512,"height":512,"caption":"For Valour"},"image":{"@id":"https:\/\/forvalour.ca\/fr\/#\/schema\/logo\/image\/"},"sameAs":["https:\/\/www.youtube.com\/channel\/UCRYVbXOUahuy0lj2UCo1Cag"]}]}},"_links":{"self":[{"href":"https:\/\/forvalour.ca\/fr\/wp-json\/wp\/v2\/pages\/2917","targetHints":{"allow":["GET"]}}],"collection":[{"href":"https:\/\/forvalour.ca\/fr\/wp-json\/wp\/v2\/pages"}],"about":[{"href":"https:\/\/forvalour.ca\/fr\/wp-json\/wp\/v2\/types\/page"}],"author":[{"embeddable":true,"href":"https:\/\/forvalour.ca\/fr\/wp-json\/wp\/v2\/users\/1"}],"replies":[{"embeddable":true,"href":"https:\/\/forvalour.ca\/fr\/wp-json\/wp\/v2\/comments?post=2917"}],"version-history":[{"count":7,"href":"https:\/\/forvalour.ca\/fr\/wp-json\/wp\/v2\/pages\/2917\/revisions"}],"predecessor-version":[{"id":3869,"href":"https:\/\/forvalour.ca\/fr\/wp-json\/wp\/v2\/pages\/2917\/revisions\/3869"}],"up":[{"embeddable":true,"href":"https:\/\/forvalour.ca\/fr\/wp-json\/wp\/v2\/pages\/615"}],"wp:attachment":[{"href":"https:\/\/forvalour.ca\/fr\/wp-json\/wp\/v2\/media?parent=2917"}],"curies":[{"name":"wp","href":"https:\/\/api.w.org\/{rel}","templated":true}]}}